{"id":1578,"date":"2021-06-05T08:32:12","date_gmt":"2021-06-05T06:32:12","guid":{"rendered":"https:\/\/mobilet.eu\/de\/?page_id=1578"},"modified":"2026-01-14T15:09:55","modified_gmt":"2026-01-14T14:09:55","slug":"philosophy","status":"publish","type":"page","link":"https:\/\/mobilet.eu\/de\/philosophy\/","title":{"rendered":"Wir sind mobilet"},"content":{"rendered":"\n<h2 class=\"wp-block-heading h1\"><strong>Die ganzheitliche Betrachtung von Mobilit\u00e4t<\/strong><\/h2>\n\n\n\n<p class=\"wp-block-paragraph\">Die ganzheitliche Betrachtung der Verkehrsabl\u00e4ufe zur Entwicklung innovativer Konzepte der Digitalisierung kommunaler Verkehrsinfrastruktur steht im Fokus der Arbeit des Ingenieurb\u00fcros <strong>stadtraum&nbsp; &#8211; Gesellschaft f\u00fcr Raumplanung, St\u00e4dtebau &amp; Verkehrstechnik mbH<\/strong> mit Sitz in Berlin, Wickede (Ruhr) und Poznan.<\/p>\n\n\n\n<p class=\"wp-block-paragraph\">Mit der Nutzung digitaler Technologien als Teil einer <strong>Smart City<\/strong> befasst sich stadtraum seit den 1990er Jahren.<\/p>\n\n\n\n<p class=\"wp-block-paragraph\">Mobilit\u00e4t im urbanen Raum, die nicht nur auf eine Verkehrsart fokussiert ist, sondern intermodular zusammenwirkt, ist das Ziel kommunaler <strong>Mobilit\u00e4tshubs<\/strong>. Die von stadtraum entwickelte App mobilet setzt neue Ma\u00dfst\u00e4be einer digitalen <strong>Mobilit\u00e4tsplattform<\/strong>, indem das digitale Bezahlen von Verkehrsdienstleistungen wesentlich vereinfacht wird.&nbsp;<\/p>\n\n\n\n<p class=\"wp-block-paragraph\">Ingenieurinnen und Ingenieure aus den Fachbereichen Verkehrsplanung, Stadtentwicklung und Architektur sowie IT-Spezialisten arbeiten bei stadtraum Hand in Hand an Konzepten f\u00fcr <strong>die Stadt der Zukunft<\/strong>.<\/p>\n\n\n\n<p class=\"wp-block-paragraph\">Beim Parken im \u00f6ffentlichen Stra\u00dfenraum wird der Standort des geparkten Autos erkannt und das Ticket kann sofort per Smartphone gestartet werden. Das aktive Ticket kann jederzeit beendet oder verl\u00e4ngert werden. Hierdurch spart der Nutzende Geld, daweil im Gegensatz zum Ticket am Parkscheinautomaten die Parkzeit nicht \u00fcberzahlt wird. Aber auch die Kommune profitiert, weil durch eine h\u00f6here Nutzung mobiler Dienste die Betriebskosten der Parkscheinautomaten sinken.<\/p>\n\n\n\n<p class=\"wp-block-paragraph\">stadtraum befasst sich aber auch mit der weiteren <strong>Digitalisierung von Kommunen<\/strong>. Der papierlose <strong>Parkscheinautomat<\/strong> ist eine Entwicklung von stadtraum. Dabei wird am Touchbildschirm des Automaten das Kennzeichen eingegeben, wodurch kein Ticket mehr im Auto ausgelegt werden muss. Die kommunalen \u00dcberwachungskr\u00e4fte k\u00f6nnen die Bezahlung der <strong>Parkgeb\u00fchren<\/strong> online pr\u00fcfen, genauso wie beim <strong>Handyparken<\/strong>.<\/p>\n\n\n\n<p class=\"wp-block-paragraph\">stadtraum kennt die Prozesse beim Parken. Seit Anfang der 1980er Jahre, als die ersten Parkscheinautomaten in deutschen St\u00e4dten montiert wurden, sind die Verantwortlichen von stadtraum mit dem Thema befasst. Die lange Erfahrung bei der konzeptionellen Planung von Parkzonen und der Programmierung von Ticketautomaten hat einen anderen Blick auf die Digitalisierung er\u00f6ffnet als bei Unternehmen, die nur aus der IT Branche kommen.<\/p>\n\n\n\n<p class=\"wp-block-paragraph\">Weitere Infos findest du auf <a href=\"https:\/\/stadtraum.com\" data-type=\"URL\" data-id=\"https:\/\/stadtraum.com\" target=\"_blank\" rel=\"noreferrer noopener\">stadtraum.com<\/a>.<\/p>\n\n\n\n<h2 class=\"wp-block-heading\">Wie alles begann<\/h2>\n\n\n\n<p class=\"wp-block-paragraph\">Das erste Projekt zum <strong><a data-type=\"module\" data-id=\"37\" href=\"https:\/\/mobilet.eu\/de\/module\/parking\/\">Handyparken<\/a><\/strong> hat stadtraum im Jahr <strong>2007<\/strong> in der schlesischen Stadt Opole eingef\u00fchrt. Seitdem wurde das Modul Parken in \u00fcber 400 St\u00e4dten umgesetzt.<\/p>\n\n\n\n<p class=\"wp-block-paragraph\">Die Erweiterung um das <strong><a href=\"https:\/\/mobilet.eu\/de\/module\/public-transport\/\" data-type=\"module\" data-id=\"33\">Modul \u00d6PNV<\/a><\/strong> war dann nur konsequent, weil stadtraum seit nahezu 30 Jahren Konzepte zur Beschleunigung des \u00f6ffentlichen Personennahverkehrs bearbeitet. Die Reduzierung der Reisezeit im \u00d6PNV ist genauso wichtig wie die Vereinfachung der Bezahlprozesse. Mit der App mobilet kann der <strong>elektronische Fahrschein <\/strong>schnell und einfach unterwegs gekauft werden. Damit entf\u00e4llt die Suche nach passendem Kleingeld und das Schlangestehen am Ticketautomaten.<\/p>\n\n\n\n<p class=\"wp-block-paragraph\">Seit \u00fcber 10 Jahren befassen sich die Fachplanerinnen und Fachplaner bei stadtraum mit dem Thema <strong>Elektromobilit\u00e4t<\/strong>. Elektroautos werden die <strong>Stadtentwicklung<\/strong> ver\u00e4ndern, weil der <strong>motorisierte Individualverkehr<\/strong> <strong>leise<\/strong> und <strong>emissionsfrei<\/strong> wird. Die Verkehrsbelastungen an Hauptverkehrsstra\u00dfen werden dadurch ein wenig ertr\u00e4glicher. F\u00fcr eine breite Akzeptanz der Elektromobilit\u00e4t muss das Netz der Ladeinfrastruktur fl\u00e4chenhaft ausgebaut werden. Die Verantwortung hierf\u00fcr liegt nicht nur bei den Stadtwerken, sondern auch bei der kommunalen Verwaltung. <\/p>\n\n\n\n<p class=\"wp-block-paragraph\">Umweltfreundliche und nachhaltige Mobilit\u00e4t ist das Ziel moderner Verkehrsentwicklungspl\u00e4ne. Das Radfahren nimmt darin eine zentrale Rolle ein. Die B\u00fcroarbeit wird sich in der postpandemischen Zeit weiter ver\u00e4ndern und Homeoffice bleibt ein Modell f\u00fcr viele Unternehmen. Hierdurch wird die Fahrt zum B\u00fcro gelegentlicher und beispielsweise der Bedarf einer Fahrradbox in Dauermiete ist nicht mehr gefragt. Die spontane und gelegentliche Nutzung des Fahrrades zum n\u00e4chsten Haltepunkt des \u00d6PNV ist dann verbunden mit dem Anspruch an einen sicheren Abstellplatz des teuren Fahrrades. Das <strong><a href=\"https:\/\/mobilet.eu\/de\/module\/fahrradbox\/\">Modul Fahrradbox<\/a><\/strong> erm\u00f6glicht die individuelle zeitlich begrenzte Buchung, Nutzung und Bezahlung von diebstahlsicheren Fahrradboxen. Eine Nachr\u00fcstung vorhandener Boxen ist leicht realisierbar. Der Bedarf zur Nutzung von Fahrradboxen besteht aber auch an touristischen Zielen, Krankenh\u00e4usern, Universit\u00e4ten, Schulen, u.v.m.<\/p>\n\n\n\n<h2 class=\"wp-block-heading\">Die neuesten Entwicklungen<\/h2>\n\n\n\n<p class=\"wp-block-paragraph\">Ein weiteres Modul im touristischen Bereich, n\u00e4mlich das <strong><a href=\"https:\/\/mobilet.eu\/de\/module\/kurtaxe\/\" data-type=\"module\" data-id=\"36\">Modul Kurtaxe<\/a><\/strong>, greift die Digitalisierung zur Bezahlung von <strong>Strandnutzungsgeb\u00fchren<\/strong> und <strong>Kurabgabe<\/strong> von Tagesg\u00e4sten auf. Touristische Orte entlang der Nord- und Ostsee und Kurorte in allen Bundesl\u00e4ndern erheben die Kurabgabe f\u00fcr Tagesg\u00e4ste zumeist an Ticketautomaten. Eine Alternative zum Automaten stellt hierbei das Smartphone dar. G\u00e4ste erhalten eine einfache M\u00f6glichkeit zur Bezahlung des papierlosen Tickets.<\/p>\n\n\n\n<p class=\"wp-block-paragraph\">Aktuell befindet sich bei uns das <strong>Modul Yachthafen<\/strong> \/ Marina in der Konzeptionsphase. Die Erfahrungen mit der Reservierung von Fahrradboxen und das Abwickeln von Bezahlvorg\u00e4ngen im Bereich Handyparken, Kurtaxe, Strombox und vielem mehr haben uns inspiriert in Zukunft auch an der Belegung von Liegepl\u00e4tzen in Yachh\u00e4fen zu arbeiten. Dazu suchen wir aktuell nach Projektpartner um erste Test-Phasen zu starten. Bei Interesse, melden Sie gerne unter <a href=\"mailto:info@mobilet.de\">info@mobilet.de<\/a>. Wir freuen uns auf einen Austausch.<\/p>\n","protected":false},"excerpt":{"rendered":"<p>Die ganzheitliche Betrachtung von Mobilit\u00e4t Die ganzheitliche Betrachtung der Verkehrsabl\u00e4ufe zur Entwicklung innovativer Konzepte der Digitalisierung kommunaler Verkehrsinfrastruktur steht im &#8230; <a href=\"https:\/\/mobilet.eu\/de\/philosophy\/\" aria-label=\"Weiterlesen \u00fcber Wir sind mobilet\">Weiterlesen \u00fcber Wir sind mobilet<\/a><\/p>\n","protected":false},"author":1,"featured_media":2195,"parent":0,"menu_order":0,"comment_status":"closed","ping_status":"closed","template":"","meta":{"_crdt_document":"","content-type":"","footnotes":""},"class_list":["post-1578","page","type-page","status-publish","has-post-thumbnail","hentry"],"yoast_head":"<!-- This site is optimized with the Yoast SEO plugin v27.4 - https:\/\/yoast.com\/product\/yoast-seo-wordpress\/ -->\n<title>Philosophy | mobilet.de<\/title>\n<meta name=\"description\" content=\"Stadtraum kennt die Prozesse beim Parken. Seit Anfang der 1980er jahren haben wir eine philosophy f\u00fcr eine zuk\u00fcnftige Stadt.\" \/>\n<meta name=\"robots\" content=\"index, follow, max-snippet:-1, max-image-preview:large, max-video-preview:-1\" \/>\n<link rel=\"canonical\" href=\"https:\/\/mobilet.eu\/de\/philosophy\/\" \/>\n<meta property=\"og:locale\" content=\"de_DE\" \/>\n<meta property=\"og:type\" content=\"article\" \/>\n<meta property=\"og:title\" content=\"Philosophy | mobilet.de\" \/>\n<meta property=\"og:description\" content=\"Stadtraum kennt die Prozesse beim Parken. Seit Anfang der 1980er jahren haben wir eine philosophy f\u00fcr eine zuk\u00fcnftige Stadt.\" \/>\n<meta property=\"og:url\" content=\"https:\/\/mobilet.eu\/de\/philosophy\/\" \/>\n<meta property=\"og:site_name\" content=\"mobilet.de\" \/>\n<meta property=\"article:publisher\" content=\"https:\/\/www.facebook.com\/mobilet.de\" \/>\n<meta property=\"article:modified_time\" content=\"2026-01-14T14:09:55+00:00\" \/>\n<meta property=\"og:image\" content=\"https:\/\/mobilet.eu\/de\/wp-content\/uploads\/sites\/2\/2021\/06\/mobilet-Hub-Hero.jpg\" \/>\n\t<meta property=\"og:image:width\" content=\"1920\" \/>\n\t<meta property=\"og:image:height\" content=\"960\" \/>\n\t<meta property=\"og:image:type\" content=\"image\/jpeg\" \/>\n<meta name=\"twitter:card\" content=\"summary_large_image\" \/>\n<meta name=\"twitter:label1\" content=\"Gesch\u00e4tzte Lesezeit\" \/>\n\t<meta name=\"twitter:data1\" content=\"5\u00a0Minuten\" \/>\n<script type=\"application\/ld+json\" class=\"yoast-schema-graph\">{\"@context\":\"https:\\\/\\\/schema.org\",\"@graph\":[{\"@type\":\"Article\",\"@id\":\"https:\\\/\\\/mobilet.eu\\\/de\\\/philosophy\\\/#article\",\"isPartOf\":{\"@id\":\"https:\\\/\\\/mobilet.eu\\\/de\\\/philosophy\\\/\"},\"author\":{\"name\":\"mobilet\",\"@id\":\"https:\\\/\\\/mobilet.eu\\\/de\\\/#\\\/schema\\\/person\\\/f072f532366811d5c5c467acf7647d59\"},\"headline\":\"Wir sind mobilet\",\"datePublished\":\"2021-06-05T06:32:12+00:00\",\"dateModified\":\"2026-01-14T14:09:55+00:00\",\"mainEntityOfPage\":{\"@id\":\"https:\\\/\\\/mobilet.eu\\\/de\\\/philosophy\\\/\"},\"wordCount\":777,\"publisher\":{\"@id\":\"https:\\\/\\\/mobilet.eu\\\/de\\\/#organization\"},\"image\":{\"@id\":\"https:\\\/\\\/mobilet.eu\\\/de\\\/philosophy\\\/#primaryimage\"},\"thumbnailUrl\":\"https:\\\/\\\/mobilet.eu\\\/de\\\/wp-content\\\/uploads\\\/sites\\\/2\\\/2021\\\/06\\\/mobilet-Hub-Hero.jpg\",\"inLanguage\":\"de\"},{\"@type\":\"WebPage\",\"@id\":\"https:\\\/\\\/mobilet.eu\\\/de\\\/philosophy\\\/\",\"url\":\"https:\\\/\\\/mobilet.eu\\\/de\\\/philosophy\\\/\",\"name\":\"Philosophy | mobilet.de\",\"isPartOf\":{\"@id\":\"https:\\\/\\\/mobilet.eu\\\/de\\\/#website\"},\"primaryImageOfPage\":{\"@id\":\"https:\\\/\\\/mobilet.eu\\\/de\\\/philosophy\\\/#primaryimage\"},\"image\":{\"@id\":\"https:\\\/\\\/mobilet.eu\\\/de\\\/philosophy\\\/#primaryimage\"},\"thumbnailUrl\":\"https:\\\/\\\/mobilet.eu\\\/de\\\/wp-content\\\/uploads\\\/sites\\\/2\\\/2021\\\/06\\\/mobilet-Hub-Hero.jpg\",\"datePublished\":\"2021-06-05T06:32:12+00:00\",\"dateModified\":\"2026-01-14T14:09:55+00:00\",\"description\":\"Stadtraum kennt die Prozesse beim Parken. Seit Anfang der 1980er jahren haben wir eine philosophy f\u00fcr eine zuk\u00fcnftige Stadt.\",\"breadcrumb\":{\"@id\":\"https:\\\/\\\/mobilet.eu\\\/de\\\/philosophy\\\/#breadcrumb\"},\"inLanguage\":\"de\",\"potentialAction\":[{\"@type\":\"ReadAction\",\"target\":[\"https:\\\/\\\/mobilet.eu\\\/de\\\/philosophy\\\/\"]}]},{\"@type\":\"ImageObject\",\"inLanguage\":\"de\",\"@id\":\"https:\\\/\\\/mobilet.eu\\\/de\\\/philosophy\\\/#primaryimage\",\"url\":\"https:\\\/\\\/mobilet.eu\\\/de\\\/wp-content\\\/uploads\\\/sites\\\/2\\\/2021\\\/06\\\/mobilet-Hub-Hero.jpg\",\"contentUrl\":\"https:\\\/\\\/mobilet.eu\\\/de\\\/wp-content\\\/uploads\\\/sites\\\/2\\\/2021\\\/06\\\/mobilet-Hub-Hero.jpg\",\"width\":1920,\"height\":960,\"caption\":\"Stadtraum kennt die Prozesse beim Parken. Seit Anfang der 1980er jahren haben wir eine philosophy f\u00fcr eine zuk\u00fcnftige Stadt.\"},{\"@type\":\"BreadcrumbList\",\"@id\":\"https:\\\/\\\/mobilet.eu\\\/de\\\/philosophy\\\/#breadcrumb\",\"itemListElement\":[{\"@type\":\"ListItem\",\"position\":1,\"name\":\"Home\",\"item\":\"https:\\\/\\\/mobilet.eu\\\/de\\\/\"},{\"@type\":\"ListItem\",\"position\":2,\"name\":\"Wir sind mobilet\"}]},{\"@type\":\"WebSite\",\"@id\":\"https:\\\/\\\/mobilet.eu\\\/de\\\/#website\",\"url\":\"https:\\\/\\\/mobilet.eu\\\/de\\\/\",\"name\":\"mobilet.de\",\"description\":\"Handyparken und mehr \u2026\",\"publisher\":{\"@id\":\"https:\\\/\\\/mobilet.eu\\\/de\\\/#organization\"},\"potentialAction\":[{\"@type\":\"SearchAction\",\"target\":{\"@type\":\"EntryPoint\",\"urlTemplate\":\"https:\\\/\\\/mobilet.eu\\\/de\\\/?s={search_term_string}\"},\"query-input\":{\"@type\":\"PropertyValueSpecification\",\"valueRequired\":true,\"valueName\":\"search_term_string\"}}],\"inLanguage\":\"de\"},{\"@type\":\"Organization\",\"@id\":\"https:\\\/\\\/mobilet.eu\\\/de\\\/#organization\",\"name\":\"stadtraum GmbH\",\"url\":\"https:\\\/\\\/mobilet.eu\\\/de\\\/\",\"logo\":{\"@type\":\"ImageObject\",\"inLanguage\":\"de\",\"@id\":\"https:\\\/\\\/mobilet.eu\\\/de\\\/#\\\/schema\\\/logo\\\/image\\\/\",\"url\":\"https:\\\/\\\/mobilet.eu\\\/de\\\/wp-content\\\/uploads\\\/sites\\\/2\\\/2022\\\/11\\\/mobilet-handyparken-01.jpg\",\"contentUrl\":\"https:\\\/\\\/mobilet.eu\\\/de\\\/wp-content\\\/uploads\\\/sites\\\/2\\\/2022\\\/11\\\/mobilet-handyparken-01.jpg\",\"width\":1920,\"height\":1280,\"caption\":\"stadtraum GmbH\"},\"image\":{\"@id\":\"https:\\\/\\\/mobilet.eu\\\/de\\\/#\\\/schema\\\/logo\\\/image\\\/\"},\"sameAs\":[\"https:\\\/\\\/www.facebook.com\\\/mobilet.de\",\"https:\\\/\\\/www.instagram.com\\\/mobilet.de\\\/\"]},{\"@type\":\"Person\",\"@id\":\"https:\\\/\\\/mobilet.eu\\\/de\\\/#\\\/schema\\\/person\\\/f072f532366811d5c5c467acf7647d59\",\"name\":\"mobilet\",\"image\":{\"@type\":\"ImageObject\",\"inLanguage\":\"de\",\"@id\":\"https:\\\/\\\/secure.gravatar.com\\\/avatar\\\/90c7185b319bf503d1d9ea791eea593db7441ccd2ba5402f2c30ab85a70bb223?s=96&d=mm&r=g\",\"url\":\"https:\\\/\\\/secure.gravatar.com\\\/avatar\\\/90c7185b319bf503d1d9ea791eea593db7441ccd2ba5402f2c30ab85a70bb223?s=96&d=mm&r=g\",\"contentUrl\":\"https:\\\/\\\/secure.gravatar.com\\\/avatar\\\/90c7185b319bf503d1d9ea791eea593db7441ccd2ba5402f2c30ab85a70bb223?s=96&d=mm&r=g\",\"caption\":\"mobilet\"},\"sameAs\":[\"https:\\\/\\\/mobilet.eu\"],\"url\":\"https:\\\/\\\/mobilet.eu\\\/de\\\/author\\\/admin\\\/\"}]}<\/script>\n<!-- \/ Yoast SEO plugin. -->","yoast_head_json":{"title":"Philosophy | mobilet.de","description":"Stadtraum kennt die Prozesse beim Parken. Seit Anfang der 1980er jahren haben wir eine philosophy f\u00fcr eine zuk\u00fcnftige Stadt.","robots":{"index":"index","follow":"follow","max-snippet":"max-snippet:-1","max-image-preview":"max-image-preview:large","max-video-preview":"max-video-preview:-1"},"canonical":"https:\/\/mobilet.eu\/de\/philosophy\/","og_locale":"de_DE","og_type":"article","og_title":"Philosophy | mobilet.de","og_description":"Stadtraum kennt die Prozesse beim Parken. Seit Anfang der 1980er jahren haben wir eine philosophy f\u00fcr eine zuk\u00fcnftige Stadt.","og_url":"https:\/\/mobilet.eu\/de\/philosophy\/","og_site_name":"mobilet.de","article_publisher":"https:\/\/www.facebook.com\/mobilet.de","article_modified_time":"2026-01-14T14:09:55+00:00","og_image":[{"width":1920,"height":960,"url":"https:\/\/mobilet.eu\/de\/wp-content\/uploads\/sites\/2\/2021\/06\/mobilet-Hub-Hero.jpg","type":"image\/jpeg"}],"twitter_card":"summary_large_image","twitter_misc":{"Gesch\u00e4tzte Lesezeit":"5\u00a0Minuten"},"schema":{"@context":"https:\/\/schema.org","@graph":[{"@type":"Article","@id":"https:\/\/mobilet.eu\/de\/philosophy\/#article","isPartOf":{"@id":"https:\/\/mobilet.eu\/de\/philosophy\/"},"author":{"name":"mobilet","@id":"https:\/\/mobilet.eu\/de\/#\/schema\/person\/f072f532366811d5c5c467acf7647d59"},"headline":"Wir sind mobilet","datePublished":"2021-06-05T06:32:12+00:00","dateModified":"2026-01-14T14:09:55+00:00","mainEntityOfPage":{"@id":"https:\/\/mobilet.eu\/de\/philosophy\/"},"wordCount":777,"publisher":{"@id":"https:\/\/mobilet.eu\/de\/#organization"},"image":{"@id":"https:\/\/mobilet.eu\/de\/philosophy\/#primaryimage"},"thumbnailUrl":"https:\/\/mobilet.eu\/de\/wp-content\/uploads\/sites\/2\/2021\/06\/mobilet-Hub-Hero.jpg","inLanguage":"de"},{"@type":"WebPage","@id":"https:\/\/mobilet.eu\/de\/philosophy\/","url":"https:\/\/mobilet.eu\/de\/philosophy\/","name":"Philosophy | mobilet.de","isPartOf":{"@id":"https:\/\/mobilet.eu\/de\/#website"},"primaryImageOfPage":{"@id":"https:\/\/mobilet.eu\/de\/philosophy\/#primaryimage"},"image":{"@id":"https:\/\/mobilet.eu\/de\/philosophy\/#primaryimage"},"thumbnailUrl":"https:\/\/mobilet.eu\/de\/wp-content\/uploads\/sites\/2\/2021\/06\/mobilet-Hub-Hero.jpg","datePublished":"2021-06-05T06:32:12+00:00","dateModified":"2026-01-14T14:09:55+00:00","description":"Stadtraum kennt die Prozesse beim Parken. Seit Anfang der 1980er jahren haben wir eine philosophy f\u00fcr eine zuk\u00fcnftige Stadt.","breadcrumb":{"@id":"https:\/\/mobilet.eu\/de\/philosophy\/#breadcrumb"},"inLanguage":"de","potentialAction":[{"@type":"ReadAction","target":["https:\/\/mobilet.eu\/de\/philosophy\/"]}]},{"@type":"ImageObject","inLanguage":"de","@id":"https:\/\/mobilet.eu\/de\/philosophy\/#primaryimage","url":"https:\/\/mobilet.eu\/de\/wp-content\/uploads\/sites\/2\/2021\/06\/mobilet-Hub-Hero.jpg","contentUrl":"https:\/\/mobilet.eu\/de\/wp-content\/uploads\/sites\/2\/2021\/06\/mobilet-Hub-Hero.jpg","width":1920,"height":960,"caption":"Stadtraum kennt die Prozesse beim Parken. Seit Anfang der 1980er jahren haben wir eine philosophy f\u00fcr eine zuk\u00fcnftige Stadt."},{"@type":"BreadcrumbList","@id":"https:\/\/mobilet.eu\/de\/philosophy\/#breadcrumb","itemListElement":[{"@type":"ListItem","position":1,"name":"Home","item":"https:\/\/mobilet.eu\/de\/"},{"@type":"ListItem","position":2,"name":"Wir sind mobilet"}]},{"@type":"WebSite","@id":"https:\/\/mobilet.eu\/de\/#website","url":"https:\/\/mobilet.eu\/de\/","name":"mobilet.de","description":"Handyparken und mehr \u2026","publisher":{"@id":"https:\/\/mobilet.eu\/de\/#organization"},"potentialAction":[{"@type":"SearchAction","target":{"@type":"EntryPoint","urlTemplate":"https:\/\/mobilet.eu\/de\/?s={search_term_string}"},"query-input":{"@type":"PropertyValueSpecification","valueRequired":true,"valueName":"search_term_string"}}],"inLanguage":"de"},{"@type":"Organization","@id":"https:\/\/mobilet.eu\/de\/#organization","name":"stadtraum GmbH","url":"https:\/\/mobilet.eu\/de\/","logo":{"@type":"ImageObject","inLanguage":"de","@id":"https:\/\/mobilet.eu\/de\/#\/schema\/logo\/image\/","url":"https:\/\/mobilet.eu\/de\/wp-content\/uploads\/sites\/2\/2022\/11\/mobilet-handyparken-01.jpg","contentUrl":"https:\/\/mobilet.eu\/de\/wp-content\/uploads\/sites\/2\/2022\/11\/mobilet-handyparken-01.jpg","width":1920,"height":1280,"caption":"stadtraum GmbH"},"image":{"@id":"https:\/\/mobilet.eu\/de\/#\/schema\/logo\/image\/"},"sameAs":["https:\/\/www.facebook.com\/mobilet.de","https:\/\/www.instagram.com\/mobilet.de\/"]},{"@type":"Person","@id":"https:\/\/mobilet.eu\/de\/#\/schema\/person\/f072f532366811d5c5c467acf7647d59","name":"mobilet","image":{"@type":"ImageObject","inLanguage":"de","@id":"https:\/\/secure.gravatar.com\/avatar\/90c7185b319bf503d1d9ea791eea593db7441ccd2ba5402f2c30ab85a70bb223?s=96&d=mm&r=g","url":"https:\/\/secure.gravatar.com\/avatar\/90c7185b319bf503d1d9ea791eea593db7441ccd2ba5402f2c30ab85a70bb223?s=96&d=mm&r=g","contentUrl":"https:\/\/secure.gravatar.com\/avatar\/90c7185b319bf503d1d9ea791eea593db7441ccd2ba5402f2c30ab85a70bb223?s=96&d=mm&r=g","caption":"mobilet"},"sameAs":["https:\/\/mobilet.eu"],"url":"https:\/\/mobilet.eu\/de\/author\/admin\/"}]}},"_links":{"self":[{"href":"https:\/\/mobilet.eu\/de\/wp-json\/wp\/v2\/pages\/1578","targetHints":{"allow":["GET"]}}],"collection":[{"href":"https:\/\/mobilet.eu\/de\/wp-json\/wp\/v2\/pages"}],"about":[{"href":"https:\/\/mobilet.eu\/de\/wp-json\/wp\/v2\/types\/page"}],"author":[{"embeddable":true,"href":"https:\/\/mobilet.eu\/de\/wp-json\/wp\/v2\/users\/1"}],"replies":[{"embeddable":true,"href":"https:\/\/mobilet.eu\/de\/wp-json\/wp\/v2\/comments?post=1578"}],"version-history":[{"count":14,"href":"https:\/\/mobilet.eu\/de\/wp-json\/wp\/v2\/pages\/1578\/revisions"}],"predecessor-version":[{"id":41410,"href":"https:\/\/mobilet.eu\/de\/wp-json\/wp\/v2\/pages\/1578\/revisions\/41410"}],"wp:featuredmedia":[{"embeddable":true,"href":"https:\/\/mobilet.eu\/de\/wp-json\/wp\/v2\/media\/2195"}],"wp:attachment":[{"href":"https:\/\/mobilet.eu\/de\/wp-json\/wp\/v2\/media?parent=1578"}],"curies":[{"name":"wp","href":"https:\/\/api.w.org\/{rel}","templated":true}]}}