{"id":10838,"date":"2023-10-31T13:48:59","date_gmt":"2023-10-31T12:48:59","guid":{"rendered":"https:\/\/mobilet.eu\/de\/?post_type=staedte&#038;p=10838"},"modified":"2023-10-31T13:49:00","modified_gmt":"2023-10-31T12:49:00","slug":"regensburg","status":"publish","type":"staedte","link":"https:\/\/mobilet.eu\/de\/staedte\/regensburg\/","title":{"rendered":"Regensburg"},"content":{"rendered":"\n<p class=\"wp-block-paragraph\">Zahle deine <a href=\"https:\/\/mobilet.eu\/de\/module\/handyparken\/\">Parktickets <\/a>in Regensburg nun bargeldlos und flexibel mit mobilet.<\/p>\n\n\n\n<p class=\"wp-block-paragraph\">Regensburg liegt in Bayern am n\u00f6rdlichsten Punkt der Donau und dient als Wirtschaftsstandort, sowie als beliebte Universit\u00e4ts- und Hochschulstadt. Aufgrund der ehemaligen mittelalterlichen Handelsstadt ist die Altstadt seit 2006 eine der UNESCO-Welterbest\u00e4dte. Im Jahr 2021 erhielt Regensburg dann den zweiten Titel der UNESCO aufgrund ihrer r\u00f6mischen Geschichte und des R\u00f6mischen Legionslagers. Heute verzaubert die Altstadt mit ihren mittelalterlichen Gassen und Denkm\u00e4lern. Der Dom St. Peter, auch bekannt als die Kathedrale des Lichts, ist ein Muss bei einer Tour durch die Stadt. Schon von weitem kann man seine T\u00fcrme \u00fcber die Stadt ragen sehen und im Inneren erstrecken sich die farbenfrohen hohen Glasfenster. Der Dom ist zudem die einzige gotische Kathedrale Bayerns.<\/p>\n\n\n\n<p class=\"wp-block-paragraph\">Das wohl bekannteste Bauwerk der Stadt ist die Steinerne Br\u00fccke mit ihren 310 Metern L\u00e4nge und den 16 B\u00f6gen. Sie verbindet die Altstadt mit dem Stadtteil Stadtamhof und ist die \u00e4lteste erhaltene Br\u00fccke Deutschlands. Fast genauso beeindruckend ist das Schloss St. Emmeram mit \u00fcber 500 R\u00e4umen und dem gr\u00f6\u00dften Benediktinerkloster des Landes. Obwohl das Schloss nun als privater Wohnsitz gilt, k\u00f6nnen Besucher Teile des Geb\u00e4udes besichtigen. <\/p>\n\n\n\n<p class=\"wp-block-paragraph\">Das Auto kann w\u00e4hrend den Ausfl\u00fcgen stehen bleiben und die Parktickets \u00fcber die <a href=\"https:\/\/apps.apple.com\/de\/app\/mobilet-de\/id1562843813\">mobilet App<\/a> bargeldlos bezahlt werden. Mehr \u00fcber die Stadt erf\u00e4hrst du <a href=\"https:\/\/www.regensburg.de\/\">hier<\/a>.<\/p>\n","protected":false},"excerpt":{"rendered":"<p>Zahle deine Parktickets in Regensburg nun bargeldlos und flexibel mit mobilet. Regensburg liegt in Bayern am n\u00f6rdlichsten Punkt der Donau &#8230; <a href=\"https:\/\/mobilet.eu\/de\/staedte\/regensburg\/\" aria-label=\"Weiterlesen \u00fcber Regensburg\">Weiterlesen \u00fcber Regensburg<\/a><\/p>\n","protected":false},"author":16,"featured_media":10868,"template":"","meta":{"_crdt_document":"","content-type":"","footnotes":""},"modules":[2],"class_list":["post-10838","staedte","type-staedte","status-publish","has-post-thumbnail","hentry","modules-parken"],"yoast_head":"<!-- This site is optimized with the Yoast SEO plugin v27.4 - https:\/\/yoast.com\/product\/yoast-seo-wordpress\/ -->\n<title>Regensburg | mobilet.de<\/title>\n<meta name=\"description\" content=\"Jetzt mobilet in Regensburg nutzen und deine Parktickets bargeldlos und flexibel kaufen. Lade dir jetzt die App herunter.\" \/>\n<meta name=\"robots\" content=\"index, follow, max-snippet:-1, max-image-preview:large, max-video-preview:-1\" \/>\n<link rel=\"canonical\" href=\"https:\/\/mobilet.eu\/de\/staedte\/regensburg\/\" \/>\n<meta property=\"og:locale\" content=\"de_DE\" \/>\n<meta property=\"og:type\" content=\"article\" \/>\n<meta property=\"og:title\" content=\"Regensburg | mobilet.de\" \/>\n<meta property=\"og:description\" content=\"Jetzt mobilet in Regensburg nutzen und deine Parktickets bargeldlos und flexibel kaufen. Lade dir jetzt die App herunter.\" \/>\n<meta property=\"og:url\" content=\"https:\/\/mobilet.eu\/de\/staedte\/regensburg\/\" \/>\n<meta property=\"og:site_name\" content=\"mobilet.de\" \/>\n<meta property=\"article:publisher\" content=\"https:\/\/www.facebook.com\/mobilet.de\" \/>\n<meta property=\"article:modified_time\" content=\"2023-10-31T12:49:00+00:00\" \/>\n<meta property=\"og:image\" content=\"https:\/\/mobilet.eu\/de\/wp-content\/uploads\/sites\/2\/2023\/09\/Regensburg-scaled.jpeg\" \/>\n\t<meta property=\"og:image:width\" content=\"2560\" \/>\n\t<meta property=\"og:image:height\" content=\"1708\" \/>\n\t<meta property=\"og:image:type\" content=\"image\/jpeg\" \/>\n<meta name=\"twitter:card\" content=\"summary_large_image\" \/>\n<meta name=\"twitter:label1\" content=\"Gesch\u00e4tzte Lesezeit\" \/>\n\t<meta name=\"twitter:data1\" content=\"2\u00a0Minuten\" \/>\n<script type=\"application\/ld+json\" class=\"yoast-schema-graph\">{\"@context\":\"https:\\\/\\\/schema.org\",\"@graph\":[{\"@type\":\"WebPage\",\"@id\":\"https:\\\/\\\/mobilet.eu\\\/de\\\/staedte\\\/regensburg\\\/\",\"url\":\"https:\\\/\\\/mobilet.eu\\\/de\\\/staedte\\\/regensburg\\\/\",\"name\":\"Regensburg | mobilet.de\",\"isPartOf\":{\"@id\":\"https:\\\/\\\/mobilet.eu\\\/de\\\/#website\"},\"primaryImageOfPage\":{\"@id\":\"https:\\\/\\\/mobilet.eu\\\/de\\\/staedte\\\/regensburg\\\/#primaryimage\"},\"image\":{\"@id\":\"https:\\\/\\\/mobilet.eu\\\/de\\\/staedte\\\/regensburg\\\/#primaryimage\"},\"thumbnailUrl\":\"https:\\\/\\\/mobilet.eu\\\/de\\\/wp-content\\\/uploads\\\/sites\\\/2\\\/2023\\\/09\\\/Regensburg-scaled.jpeg\",\"datePublished\":\"2023-10-31T12:48:59+00:00\",\"dateModified\":\"2023-10-31T12:49:00+00:00\",\"description\":\"Jetzt mobilet in Regensburg nutzen und deine Parktickets bargeldlos und flexibel kaufen. Lade dir jetzt die App herunter.\",\"breadcrumb\":{\"@id\":\"https:\\\/\\\/mobilet.eu\\\/de\\\/staedte\\\/regensburg\\\/#breadcrumb\"},\"inLanguage\":\"de\",\"potentialAction\":[{\"@type\":\"ReadAction\",\"target\":[\"https:\\\/\\\/mobilet.eu\\\/de\\\/staedte\\\/regensburg\\\/\"]}]},{\"@type\":\"ImageObject\",\"inLanguage\":\"de\",\"@id\":\"https:\\\/\\\/mobilet.eu\\\/de\\\/staedte\\\/regensburg\\\/#primaryimage\",\"url\":\"https:\\\/\\\/mobilet.eu\\\/de\\\/wp-content\\\/uploads\\\/sites\\\/2\\\/2023\\\/09\\\/Regensburg-scaled.jpeg\",\"contentUrl\":\"https:\\\/\\\/mobilet.eu\\\/de\\\/wp-content\\\/uploads\\\/sites\\\/2\\\/2023\\\/09\\\/Regensburg-scaled.jpeg\",\"width\":2560,\"height\":1708,\"caption\":\"Hier sehen sie die Altstadt von Regensburg. Entspannen sie bei einem gem\u00fctlichen Spaziergang \u00fcber die Steinerne Br\u00fccke \u00fcber die Donau.\"},{\"@type\":\"BreadcrumbList\",\"@id\":\"https:\\\/\\\/mobilet.eu\\\/de\\\/staedte\\\/regensburg\\\/#breadcrumb\",\"itemListElement\":[{\"@type\":\"ListItem\",\"position\":1,\"name\":\"Home\",\"item\":\"https:\\\/\\\/mobilet.eu\\\/de\\\/\"},{\"@type\":\"ListItem\",\"position\":2,\"name\":\"Regensburg\"}]},{\"@type\":\"WebSite\",\"@id\":\"https:\\\/\\\/mobilet.eu\\\/de\\\/#website\",\"url\":\"https:\\\/\\\/mobilet.eu\\\/de\\\/\",\"name\":\"mobilet.de\",\"description\":\"Handyparken und mehr \u2026\",\"publisher\":{\"@id\":\"https:\\\/\\\/mobilet.eu\\\/de\\\/#organization\"},\"potentialAction\":[{\"@type\":\"SearchAction\",\"target\":{\"@type\":\"EntryPoint\",\"urlTemplate\":\"https:\\\/\\\/mobilet.eu\\\/de\\\/?s={search_term_string}\"},\"query-input\":{\"@type\":\"PropertyValueSpecification\",\"valueRequired\":true,\"valueName\":\"search_term_string\"}}],\"inLanguage\":\"de\"},{\"@type\":\"Organization\",\"@id\":\"https:\\\/\\\/mobilet.eu\\\/de\\\/#organization\",\"name\":\"stadtraum GmbH\",\"url\":\"https:\\\/\\\/mobilet.eu\\\/de\\\/\",\"logo\":{\"@type\":\"ImageObject\",\"inLanguage\":\"de\",\"@id\":\"https:\\\/\\\/mobilet.eu\\\/de\\\/#\\\/schema\\\/logo\\\/image\\\/\",\"url\":\"https:\\\/\\\/mobilet.eu\\\/de\\\/wp-content\\\/uploads\\\/sites\\\/2\\\/2022\\\/11\\\/mobilet-handyparken-01.jpg\",\"contentUrl\":\"https:\\\/\\\/mobilet.eu\\\/de\\\/wp-content\\\/uploads\\\/sites\\\/2\\\/2022\\\/11\\\/mobilet-handyparken-01.jpg\",\"width\":1920,\"height\":1280,\"caption\":\"stadtraum GmbH\"},\"image\":{\"@id\":\"https:\\\/\\\/mobilet.eu\\\/de\\\/#\\\/schema\\\/logo\\\/image\\\/\"},\"sameAs\":[\"https:\\\/\\\/www.facebook.com\\\/mobilet.de\",\"https:\\\/\\\/www.instagram.com\\\/mobilet.de\\\/\"]}]}<\/script>\n<!-- \/ Yoast SEO plugin. -->","yoast_head_json":{"title":"Regensburg | mobilet.de","description":"Jetzt mobilet in Regensburg nutzen und deine Parktickets bargeldlos und flexibel kaufen. Lade dir jetzt die App herunter.","robots":{"index":"index","follow":"follow","max-snippet":"max-snippet:-1","max-image-preview":"max-image-preview:large","max-video-preview":"max-video-preview:-1"},"canonical":"https:\/\/mobilet.eu\/de\/staedte\/regensburg\/","og_locale":"de_DE","og_type":"article","og_title":"Regensburg | mobilet.de","og_description":"Jetzt mobilet in Regensburg nutzen und deine Parktickets bargeldlos und flexibel kaufen. Lade dir jetzt die App herunter.","og_url":"https:\/\/mobilet.eu\/de\/staedte\/regensburg\/","og_site_name":"mobilet.de","article_publisher":"https:\/\/www.facebook.com\/mobilet.de","article_modified_time":"2023-10-31T12:49:00+00:00","og_image":[{"width":2560,"height":1708,"url":"https:\/\/mobilet.eu\/de\/wp-content\/uploads\/sites\/2\/2023\/09\/Regensburg-scaled.jpeg","type":"image\/jpeg"}],"twitter_card":"summary_large_image","twitter_misc":{"Gesch\u00e4tzte Lesezeit":"2\u00a0Minuten"},"schema":{"@context":"https:\/\/schema.org","@graph":[{"@type":"WebPage","@id":"https:\/\/mobilet.eu\/de\/staedte\/regensburg\/","url":"https:\/\/mobilet.eu\/de\/staedte\/regensburg\/","name":"Regensburg | mobilet.de","isPartOf":{"@id":"https:\/\/mobilet.eu\/de\/#website"},"primaryImageOfPage":{"@id":"https:\/\/mobilet.eu\/de\/staedte\/regensburg\/#primaryimage"},"image":{"@id":"https:\/\/mobilet.eu\/de\/staedte\/regensburg\/#primaryimage"},"thumbnailUrl":"https:\/\/mobilet.eu\/de\/wp-content\/uploads\/sites\/2\/2023\/09\/Regensburg-scaled.jpeg","datePublished":"2023-10-31T12:48:59+00:00","dateModified":"2023-10-31T12:49:00+00:00","description":"Jetzt mobilet in Regensburg nutzen und deine Parktickets bargeldlos und flexibel kaufen. Lade dir jetzt die App herunter.","breadcrumb":{"@id":"https:\/\/mobilet.eu\/de\/staedte\/regensburg\/#breadcrumb"},"inLanguage":"de","potentialAction":[{"@type":"ReadAction","target":["https:\/\/mobilet.eu\/de\/staedte\/regensburg\/"]}]},{"@type":"ImageObject","inLanguage":"de","@id":"https:\/\/mobilet.eu\/de\/staedte\/regensburg\/#primaryimage","url":"https:\/\/mobilet.eu\/de\/wp-content\/uploads\/sites\/2\/2023\/09\/Regensburg-scaled.jpeg","contentUrl":"https:\/\/mobilet.eu\/de\/wp-content\/uploads\/sites\/2\/2023\/09\/Regensburg-scaled.jpeg","width":2560,"height":1708,"caption":"Hier sehen sie die Altstadt von Regensburg. Entspannen sie bei einem gem\u00fctlichen Spaziergang \u00fcber die Steinerne Br\u00fccke \u00fcber die Donau."},{"@type":"BreadcrumbList","@id":"https:\/\/mobilet.eu\/de\/staedte\/regensburg\/#breadcrumb","itemListElement":[{"@type":"ListItem","position":1,"name":"Home","item":"https:\/\/mobilet.eu\/de\/"},{"@type":"ListItem","position":2,"name":"Regensburg"}]},{"@type":"WebSite","@id":"https:\/\/mobilet.eu\/de\/#website","url":"https:\/\/mobilet.eu\/de\/","name":"mobilet.de","description":"Handyparken und mehr \u2026","publisher":{"@id":"https:\/\/mobilet.eu\/de\/#organization"},"potentialAction":[{"@type":"SearchAction","target":{"@type":"EntryPoint","urlTemplate":"https:\/\/mobilet.eu\/de\/?s={search_term_string}"},"query-input":{"@type":"PropertyValueSpecification","valueRequired":true,"valueName":"search_term_string"}}],"inLanguage":"de"},{"@type":"Organization","@id":"https:\/\/mobilet.eu\/de\/#organization","name":"stadtraum GmbH","url":"https:\/\/mobilet.eu\/de\/","logo":{"@type":"ImageObject","inLanguage":"de","@id":"https:\/\/mobilet.eu\/de\/#\/schema\/logo\/image\/","url":"https:\/\/mobilet.eu\/de\/wp-content\/uploads\/sites\/2\/2022\/11\/mobilet-handyparken-01.jpg","contentUrl":"https:\/\/mobilet.eu\/de\/wp-content\/uploads\/sites\/2\/2022\/11\/mobilet-handyparken-01.jpg","width":1920,"height":1280,"caption":"stadtraum GmbH"},"image":{"@id":"https:\/\/mobilet.eu\/de\/#\/schema\/logo\/image\/"},"sameAs":["https:\/\/www.facebook.com\/mobilet.de","https:\/\/www.instagram.com\/mobilet.de\/"]}]}},"_links":{"self":[{"href":"https:\/\/mobilet.eu\/de\/wp-json\/wp\/v2\/staedte\/10838","targetHints":{"allow":["GET"]}}],"collection":[{"href":"https:\/\/mobilet.eu\/de\/wp-json\/wp\/v2\/staedte"}],"about":[{"href":"https:\/\/mobilet.eu\/de\/wp-json\/wp\/v2\/types\/staedte"}],"author":[{"embeddable":true,"href":"https:\/\/mobilet.eu\/de\/wp-json\/wp\/v2\/users\/16"}],"version-history":[{"count":2,"href":"https:\/\/mobilet.eu\/de\/wp-json\/wp\/v2\/staedte\/10838\/revisions"}],"predecessor-version":[{"id":11107,"href":"https:\/\/mobilet.eu\/de\/wp-json\/wp\/v2\/staedte\/10838\/revisions\/11107"}],"wp:featuredmedia":[{"embeddable":true,"href":"https:\/\/mobilet.eu\/de\/wp-json\/wp\/v2\/media\/10868"}],"wp:attachment":[{"href":"https:\/\/mobilet.eu\/de\/wp-json\/wp\/v2\/media?parent=10838"}],"wp:term":[{"taxonomy":"modules","embeddable":true,"href":"https:\/\/mobilet.eu\/de\/wp-json\/wp\/v2\/modules?post=10838"}],"curies":[{"name":"wp","href":"https:\/\/api.w.org\/{rel}","templated":true}]}}