{"id":15488,"date":"2024-09-06T11:14:10","date_gmt":"2024-09-06T09:14:10","guid":{"rendered":"https:\/\/mobilet.eu\/de\/?post_type=staedte&#038;p=15488"},"modified":"2024-09-13T13:47:52","modified_gmt":"2024-09-13T11:47:52","slug":"bamberg-2","status":"publish","type":"staedte","link":"https:\/\/mobilet.eu\/de\/staedte\/bamberg-2\/","title":{"rendered":"Bamberg"},"content":{"rendered":"\n<p class=\"wp-block-paragraph\">Die Altstadt von Bamberg wurde 1993 von der UNESCO zum Weltkulturerbe erkl\u00e4rt und begeistert mit ihrer gut erhaltenen mittelalterlichen Architektur, sowie dem einzigartigen Charme einer historischen Bischofsstadt. Die Stadt erstreckt sich \u00fcber sieben H\u00fcgel, was ihr oft den Beinamen \u201eFr\u00e4nkisches Rom\u201c einbrachte.<\/p>\n\n\n\n<p class=\"wp-block-paragraph\">Einer der bekanntesten Orte in Bamberg ist der Bamberger Dom, der im 13. Jahrhundert erbaut wurde und das ber\u00fchmte Reiterstandbild, den \u201eBamberger Reiter\u201c, beherbergt. Dieses Symbol der Stadt ist eines der wenigen Reiterstandbilder des Mittelalters. Direkt neben dem Dom befindet sich au\u00dferdem die Alte Hofhaltung, ein weiteres bedeutendes Bauwerk, das im Renaissance-Stil erbaut wurde und einen Einblick in das fr\u00fchere Leben der Bamberger F\u00fcrstbisch\u00f6fe bietet.<\/p>\n\n\n\n<h4 class=\"wp-block-heading\"><strong>Die Inselstadt und Klein Venedig<\/strong><\/h4>\n\n\n\n<p class=\"wp-block-paragraph\">Ein besonderes Highlight in Bamberg ist die sogenannte Inselstadt. Sie liegt zwischen zwei Armen der Regnitz und bildet damit das Herz der Stadt. Hier findest du das Alte Rathaus, ein beeindruckendes Geb\u00e4ude, das auf einer Insel im Fluss steht. Das Rathaus, das urspr\u00fcnglich im gotischen Stil erbaut wurde, vereint verschiedene Baustile und ist eines der bekanntesten Wahrzeichen der Stadt.<\/p>\n\n\n\n<p class=\"wp-block-paragraph\">Ein weiteres Kleinod Bambergs ist das Viertel \u201eKlein Venedig\u201c, das seinen Namen den bunten, dicht aneinandergebauten Fischerh\u00e4usern verdankt, die direkt am Ufer der Regnitz liegen. Mit den Fachwerkh\u00e4usern und den kleinen G\u00e4rten direkt am Wasser erinnert es an die ber\u00fchmte Lagunenstadt Venedig und vermittelt einen einzigartigen Charme.<\/p>\n\n\n\n<p class=\"wp-block-paragraph\">Bamberg ist nicht nur wegen seiner Architektur und Geschichte bekannt, sondern auch f\u00fcr seine traditionsreiche Bierkultur. Die Stadt hat eine der h\u00f6chsten Brauereidichten in ganz Deutschland und ist vor allem f\u00fcr das Rauchbier ber\u00fchmt. Diese besondere Biersorte, deren Malz \u00fcber offenem Buchenholzfeuer getrocknet wird, hat einen rauchigen Geschmack.<\/p>\n\n\n\n<p class=\"wp-block-paragraph\">Deine Parktickets kannst du in Bamberg ganz einfach \u00fcber die mobilet App bezahlen. Einfach App <a href=\"https:\/\/mobilet.eu\/de\/download\/\">herunterladen <\/a>und die passende Parkzone ausw\u00e4hlen.<\/p>\n\n\n\n<p class=\"wp-block-paragraph\">Mehr \u00fcber die Stadt erf\u00e4hrst du <a href=\"https:\/\/www.bamberg.info\/\">hier<\/a>.<\/p>\n","protected":false},"excerpt":{"rendered":"<p>Die Altstadt von Bamberg wurde 1993 von der UNESCO zum Weltkulturerbe erkl\u00e4rt und begeistert mit ihrer gut erhaltenen mittelalterlichen Architektur, &#8230; <a href=\"https:\/\/mobilet.eu\/de\/staedte\/bamberg-2\/\" aria-label=\"Weiterlesen \u00fcber Bamberg\">Weiterlesen \u00fcber Bamberg<\/a><\/p>\n","protected":false},"author":16,"featured_media":15509,"template":"","meta":{"_crdt_document":"","content-type":"","footnotes":""},"modules":[7,2],"class_list":["post-15488","staedte","type-staedte","status-publish","has-post-thumbnail","hentry","modules-featured","modules-parken"],"yoast_head":"<!-- This site is optimized with the Yoast SEO plugin v27.4 - https:\/\/yoast.com\/product\/yoast-seo-wordpress\/ -->\n<title>Bamberg | mobilet.de<\/title>\n<meta name=\"description\" content=\"Bargeldlose Parktickets in Bamberg - lade dir jetzt die mobilet App herunter f\u00fcr einen flexiblen Aufenthalt\" \/>\n<meta name=\"robots\" content=\"index, follow, max-snippet:-1, max-image-preview:large, max-video-preview:-1\" \/>\n<link rel=\"canonical\" href=\"https:\/\/mobilet.eu\/de\/staedte\/bamberg-2\/\" \/>\n<meta property=\"og:locale\" content=\"de_DE\" \/>\n<meta property=\"og:type\" content=\"article\" \/>\n<meta property=\"og:title\" content=\"Bamberg | mobilet.de\" \/>\n<meta property=\"og:description\" content=\"Bargeldlose Parktickets in Bamberg - lade dir jetzt die mobilet App herunter f\u00fcr einen flexiblen Aufenthalt\" \/>\n<meta property=\"og:url\" content=\"https:\/\/mobilet.eu\/de\/staedte\/bamberg-2\/\" \/>\n<meta property=\"og:site_name\" content=\"mobilet.de\" \/>\n<meta property=\"article:publisher\" content=\"https:\/\/www.facebook.com\/mobilet.de\" \/>\n<meta property=\"article:modified_time\" content=\"2024-09-13T11:47:52+00:00\" \/>\n<meta property=\"og:image\" content=\"https:\/\/mobilet.eu\/de\/wp-content\/uploads\/sites\/2\/2024\/09\/Bamberg_Unsplash-1024x506.jpg\" \/>\n\t<meta property=\"og:image:width\" content=\"1024\" \/>\n\t<meta property=\"og:image:height\" content=\"506\" \/>\n\t<meta property=\"og:image:type\" content=\"image\/jpeg\" \/>\n<meta name=\"twitter:card\" content=\"summary_large_image\" \/>\n<meta name=\"twitter:label1\" content=\"Gesch\u00e4tzte Lesezeit\" \/>\n\t<meta name=\"twitter:data1\" content=\"2\u00a0Minuten\" \/>\n<script type=\"application\/ld+json\" class=\"yoast-schema-graph\">{\"@context\":\"https:\\\/\\\/schema.org\",\"@graph\":[{\"@type\":\"WebPage\",\"@id\":\"https:\\\/\\\/mobilet.eu\\\/de\\\/staedte\\\/bamberg-2\\\/\",\"url\":\"https:\\\/\\\/mobilet.eu\\\/de\\\/staedte\\\/bamberg-2\\\/\",\"name\":\"Bamberg | mobilet.de\",\"isPartOf\":{\"@id\":\"https:\\\/\\\/mobilet.eu\\\/de\\\/#website\"},\"primaryImageOfPage\":{\"@id\":\"https:\\\/\\\/mobilet.eu\\\/de\\\/staedte\\\/bamberg-2\\\/#primaryimage\"},\"image\":{\"@id\":\"https:\\\/\\\/mobilet.eu\\\/de\\\/staedte\\\/bamberg-2\\\/#primaryimage\"},\"thumbnailUrl\":\"https:\\\/\\\/mobilet.eu\\\/de\\\/wp-content\\\/uploads\\\/sites\\\/2\\\/2024\\\/09\\\/Bamberg_Unsplash.jpg\",\"datePublished\":\"2024-09-06T09:14:10+00:00\",\"dateModified\":\"2024-09-13T11:47:52+00:00\",\"description\":\"Bargeldlose Parktickets in Bamberg - lade dir jetzt die mobilet App herunter f\u00fcr einen flexiblen Aufenthalt\",\"breadcrumb\":{\"@id\":\"https:\\\/\\\/mobilet.eu\\\/de\\\/staedte\\\/bamberg-2\\\/#breadcrumb\"},\"inLanguage\":\"de\",\"potentialAction\":[{\"@type\":\"ReadAction\",\"target\":[\"https:\\\/\\\/mobilet.eu\\\/de\\\/staedte\\\/bamberg-2\\\/\"]}]},{\"@type\":\"ImageObject\",\"inLanguage\":\"de\",\"@id\":\"https:\\\/\\\/mobilet.eu\\\/de\\\/staedte\\\/bamberg-2\\\/#primaryimage\",\"url\":\"https:\\\/\\\/mobilet.eu\\\/de\\\/wp-content\\\/uploads\\\/sites\\\/2\\\/2024\\\/09\\\/Bamberg_Unsplash.jpg\",\"contentUrl\":\"https:\\\/\\\/mobilet.eu\\\/de\\\/wp-content\\\/uploads\\\/sites\\\/2\\\/2024\\\/09\\\/Bamberg_Unsplash.jpg\",\"width\":2560,\"height\":1264,\"caption\":\"Bamberg - Rathaus\"},{\"@type\":\"BreadcrumbList\",\"@id\":\"https:\\\/\\\/mobilet.eu\\\/de\\\/staedte\\\/bamberg-2\\\/#breadcrumb\",\"itemListElement\":[{\"@type\":\"ListItem\",\"position\":1,\"name\":\"Home\",\"item\":\"https:\\\/\\\/mobilet.eu\\\/de\\\/\"},{\"@type\":\"ListItem\",\"position\":2,\"name\":\"Bamberg\"}]},{\"@type\":\"WebSite\",\"@id\":\"https:\\\/\\\/mobilet.eu\\\/de\\\/#website\",\"url\":\"https:\\\/\\\/mobilet.eu\\\/de\\\/\",\"name\":\"mobilet.de\",\"description\":\"Handyparken und mehr \u2026\",\"publisher\":{\"@id\":\"https:\\\/\\\/mobilet.eu\\\/de\\\/#organization\"},\"potentialAction\":[{\"@type\":\"SearchAction\",\"target\":{\"@type\":\"EntryPoint\",\"urlTemplate\":\"https:\\\/\\\/mobilet.eu\\\/de\\\/?s={search_term_string}\"},\"query-input\":{\"@type\":\"PropertyValueSpecification\",\"valueRequired\":true,\"valueName\":\"search_term_string\"}}],\"inLanguage\":\"de\"},{\"@type\":\"Organization\",\"@id\":\"https:\\\/\\\/mobilet.eu\\\/de\\\/#organization\",\"name\":\"stadtraum GmbH\",\"url\":\"https:\\\/\\\/mobilet.eu\\\/de\\\/\",\"logo\":{\"@type\":\"ImageObject\",\"inLanguage\":\"de\",\"@id\":\"https:\\\/\\\/mobilet.eu\\\/de\\\/#\\\/schema\\\/logo\\\/image\\\/\",\"url\":\"https:\\\/\\\/mobilet.eu\\\/de\\\/wp-content\\\/uploads\\\/sites\\\/2\\\/2022\\\/11\\\/mobilet-handyparken-01.jpg\",\"contentUrl\":\"https:\\\/\\\/mobilet.eu\\\/de\\\/wp-content\\\/uploads\\\/sites\\\/2\\\/2022\\\/11\\\/mobilet-handyparken-01.jpg\",\"width\":1920,\"height\":1280,\"caption\":\"stadtraum GmbH\"},\"image\":{\"@id\":\"https:\\\/\\\/mobilet.eu\\\/de\\\/#\\\/schema\\\/logo\\\/image\\\/\"},\"sameAs\":[\"https:\\\/\\\/www.facebook.com\\\/mobilet.de\",\"https:\\\/\\\/www.instagram.com\\\/mobilet.de\\\/\"]}]}<\/script>\n<!-- \/ Yoast SEO plugin. -->","yoast_head_json":{"title":"Bamberg | mobilet.de","description":"Bargeldlose Parktickets in Bamberg - lade dir jetzt die mobilet App herunter f\u00fcr einen flexiblen Aufenthalt","robots":{"index":"index","follow":"follow","max-snippet":"max-snippet:-1","max-image-preview":"max-image-preview:large","max-video-preview":"max-video-preview:-1"},"canonical":"https:\/\/mobilet.eu\/de\/staedte\/bamberg-2\/","og_locale":"de_DE","og_type":"article","og_title":"Bamberg | mobilet.de","og_description":"Bargeldlose Parktickets in Bamberg - lade dir jetzt die mobilet App herunter f\u00fcr einen flexiblen Aufenthalt","og_url":"https:\/\/mobilet.eu\/de\/staedte\/bamberg-2\/","og_site_name":"mobilet.de","article_publisher":"https:\/\/www.facebook.com\/mobilet.de","article_modified_time":"2024-09-13T11:47:52+00:00","og_image":[{"width":1024,"height":506,"url":"https:\/\/mobilet.eu\/de\/wp-content\/uploads\/sites\/2\/2024\/09\/Bamberg_Unsplash-1024x506.jpg","type":"image\/jpeg"}],"twitter_card":"summary_large_image","twitter_misc":{"Gesch\u00e4tzte Lesezeit":"2\u00a0Minuten"},"schema":{"@context":"https:\/\/schema.org","@graph":[{"@type":"WebPage","@id":"https:\/\/mobilet.eu\/de\/staedte\/bamberg-2\/","url":"https:\/\/mobilet.eu\/de\/staedte\/bamberg-2\/","name":"Bamberg | mobilet.de","isPartOf":{"@id":"https:\/\/mobilet.eu\/de\/#website"},"primaryImageOfPage":{"@id":"https:\/\/mobilet.eu\/de\/staedte\/bamberg-2\/#primaryimage"},"image":{"@id":"https:\/\/mobilet.eu\/de\/staedte\/bamberg-2\/#primaryimage"},"thumbnailUrl":"https:\/\/mobilet.eu\/de\/wp-content\/uploads\/sites\/2\/2024\/09\/Bamberg_Unsplash.jpg","datePublished":"2024-09-06T09:14:10+00:00","dateModified":"2024-09-13T11:47:52+00:00","description":"Bargeldlose Parktickets in Bamberg - lade dir jetzt die mobilet App herunter f\u00fcr einen flexiblen Aufenthalt","breadcrumb":{"@id":"https:\/\/mobilet.eu\/de\/staedte\/bamberg-2\/#breadcrumb"},"inLanguage":"de","potentialAction":[{"@type":"ReadAction","target":["https:\/\/mobilet.eu\/de\/staedte\/bamberg-2\/"]}]},{"@type":"ImageObject","inLanguage":"de","@id":"https:\/\/mobilet.eu\/de\/staedte\/bamberg-2\/#primaryimage","url":"https:\/\/mobilet.eu\/de\/wp-content\/uploads\/sites\/2\/2024\/09\/Bamberg_Unsplash.jpg","contentUrl":"https:\/\/mobilet.eu\/de\/wp-content\/uploads\/sites\/2\/2024\/09\/Bamberg_Unsplash.jpg","width":2560,"height":1264,"caption":"Bamberg - Rathaus"},{"@type":"BreadcrumbList","@id":"https:\/\/mobilet.eu\/de\/staedte\/bamberg-2\/#breadcrumb","itemListElement":[{"@type":"ListItem","position":1,"name":"Home","item":"https:\/\/mobilet.eu\/de\/"},{"@type":"ListItem","position":2,"name":"Bamberg"}]},{"@type":"WebSite","@id":"https:\/\/mobilet.eu\/de\/#website","url":"https:\/\/mobilet.eu\/de\/","name":"mobilet.de","description":"Handyparken und mehr \u2026","publisher":{"@id":"https:\/\/mobilet.eu\/de\/#organization"},"potentialAction":[{"@type":"SearchAction","target":{"@type":"EntryPoint","urlTemplate":"https:\/\/mobilet.eu\/de\/?s={search_term_string}"},"query-input":{"@type":"PropertyValueSpecification","valueRequired":true,"valueName":"search_term_string"}}],"inLanguage":"de"},{"@type":"Organization","@id":"https:\/\/mobilet.eu\/de\/#organization","name":"stadtraum GmbH","url":"https:\/\/mobilet.eu\/de\/","logo":{"@type":"ImageObject","inLanguage":"de","@id":"https:\/\/mobilet.eu\/de\/#\/schema\/logo\/image\/","url":"https:\/\/mobilet.eu\/de\/wp-content\/uploads\/sites\/2\/2022\/11\/mobilet-handyparken-01.jpg","contentUrl":"https:\/\/mobilet.eu\/de\/wp-content\/uploads\/sites\/2\/2022\/11\/mobilet-handyparken-01.jpg","width":1920,"height":1280,"caption":"stadtraum GmbH"},"image":{"@id":"https:\/\/mobilet.eu\/de\/#\/schema\/logo\/image\/"},"sameAs":["https:\/\/www.facebook.com\/mobilet.de","https:\/\/www.instagram.com\/mobilet.de\/"]}]}},"_links":{"self":[{"href":"https:\/\/mobilet.eu\/de\/wp-json\/wp\/v2\/staedte\/15488","targetHints":{"allow":["GET"]}}],"collection":[{"href":"https:\/\/mobilet.eu\/de\/wp-json\/wp\/v2\/staedte"}],"about":[{"href":"https:\/\/mobilet.eu\/de\/wp-json\/wp\/v2\/types\/staedte"}],"author":[{"embeddable":true,"href":"https:\/\/mobilet.eu\/de\/wp-json\/wp\/v2\/users\/16"}],"version-history":[{"count":3,"href":"https:\/\/mobilet.eu\/de\/wp-json\/wp\/v2\/staedte\/15488\/revisions"}],"predecessor-version":[{"id":15510,"href":"https:\/\/mobilet.eu\/de\/wp-json\/wp\/v2\/staedte\/15488\/revisions\/15510"}],"wp:featuredmedia":[{"embeddable":true,"href":"https:\/\/mobilet.eu\/de\/wp-json\/wp\/v2\/media\/15509"}],"wp:attachment":[{"href":"https:\/\/mobilet.eu\/de\/wp-json\/wp\/v2\/media?parent=15488"}],"wp:term":[{"taxonomy":"modules","embeddable":true,"href":"https:\/\/mobilet.eu\/de\/wp-json\/wp\/v2\/modules?post=15488"}],"curies":[{"name":"wp","href":"https:\/\/api.w.org\/{rel}","templated":true}]}}