{"id":17895,"date":"2024-12-17T15:59:43","date_gmt":"2024-12-17T14:59:43","guid":{"rendered":"https:\/\/mobilet.eu\/de\/?post_type=staedte&#038;p=17895"},"modified":"2024-12-17T16:00:38","modified_gmt":"2024-12-17T15:00:38","slug":"muehlacker","status":"publish","type":"staedte","link":"https:\/\/mobilet.eu\/de\/staedte\/muehlacker\/","title":{"rendered":"M\u00fchlacker"},"content":{"rendered":"\n<p class=\"wp-block-paragraph\">M\u00fchlacker ist eine charmante Stadt im Enzkreis Baden-W\u00fcrttembergs. Sie liegt malerisch eingebettet zwischen sanften H\u00fcgeln und der idyllischen Flusslandschaft der Enz. Mit etwa 26.000 Einwohnern ist sie die gr\u00f6\u00dfte Stadt im Enzkreis und ein bedeutendes Mittelzentrum der Region.<\/p>\n\n\n\n<p class=\"wp-block-paragraph\">Die Geschichte M\u00fchlackers reicht weit zur\u00fcck. Erstmals urkundlich erw\u00e4hnt wurde die Stadt im Jahr 1291. Ihr Wachstum und ihre Entwicklung wurden ma\u00dfgeblich durch die Industrialisierung gepr\u00e4gt, insbesondere durch den Bau der Bahnlinie im 19. Jahrhundert, die M\u00fchlacker zum Knotenpunkt machte. Der <strong>M\u00fchlacker Sender<\/strong>, ein markantes Wahrzeichen der Stadt, zeugt von dieser Bedeutung. Er war einst der erste Rundfunksender in S\u00fcdwestdeutschland.<\/p>\n\n\n\n<p class=\"wp-block-paragraph\">M\u00fchlacker bietet eine Vielzahl kultureller und historischer Highlights. Sehenswert sind unter anderem die <strong>Ruine L\u00f6ffelstelz<\/strong>, eine mittelalterliche Burg, die auf einem H\u00fcgel \u00fcber der Stadt thront, sowie die <strong>Frauenkirche in Lienzingen<\/strong>, ein beeindruckendes Beispiel sp\u00e4tgotischer Baukunst. Der historische Ortskern von Lienzingen mit seinen Fachwerkh\u00e4usern und der romantischen Atmosph\u00e4re zieht Besucher aus nah und fern an.<\/p>\n\n\n\n<p class=\"wp-block-paragraph\">Zahlreiche Bildungs- und Freizeiteinrichtungen, moderne Infrastruktur sowie ein breites Angebot an Einkaufsm\u00f6glichkeiten machen M\u00fchlacker zu einem attraktiven Wohnort. Dar\u00fcber hinaus spielt die N\u00e4he zur Natur eine gro\u00dfe Rolle: Wander- und Radwege entlang der Enz laden zu Erholung und aktiver Freizeitgestaltung ein.<\/p>\n\n\n\n<p class=\"wp-block-paragraph\">In M\u00fchlacker kannst du deine Parktickets ganz einfach und digital \u00fcber die mobilet App bezahlen. Daf\u00fcr einfach die <a href=\"https:\/\/mobilet.eu\/de\/\">App herunterladen<\/a> und eine passende Parkzone ausw\u00e4hlen.<\/p>\n\n\n\n<p class=\"wp-block-paragraph\">Mehr \u00fcber die Stadt erf\u00e4hrst du <a href=\"https:\/\/www.muehlacker.de\/stadt\/\">hier<\/a>.<\/p>\n","protected":false},"excerpt":{"rendered":"<p>M\u00fchlacker ist eine charmante Stadt im Enzkreis Baden-W\u00fcrttembergs. Sie liegt malerisch eingebettet zwischen sanften H\u00fcgeln und der idyllischen Flusslandschaft der &#8230; <a href=\"https:\/\/mobilet.eu\/de\/staedte\/muehlacker\/\" aria-label=\"Weiterlesen \u00fcber M\u00fchlacker\">Weiterlesen \u00fcber M\u00fchlacker<\/a><\/p>\n","protected":false},"author":16,"featured_media":18029,"template":"","meta":{"_crdt_document":"","content-type":"","footnotes":""},"modules":[2],"class_list":["post-17895","staedte","type-staedte","status-publish","has-post-thumbnail","hentry","modules-parken"],"yoast_head":"<!-- This site is optimized with the Yoast SEO plugin v27.4 - https:\/\/yoast.com\/product\/yoast-seo-wordpress\/ -->\n<title>M\u00fchlacker | mobilet.de<\/title>\n<meta name=\"description\" content=\"Bargeldlose Parktickets in M\u00fchlacker - lade dir jetzt die mobilet App herunter f\u00fcr einen flexiblen Aufenthalt!\" \/>\n<meta name=\"robots\" content=\"index, follow, max-snippet:-1, max-image-preview:large, max-video-preview:-1\" \/>\n<link rel=\"canonical\" href=\"https:\/\/mobilet.eu\/de\/staedte\/muehlacker\/\" \/>\n<meta property=\"og:locale\" content=\"de_DE\" \/>\n<meta property=\"og:type\" content=\"article\" \/>\n<meta property=\"og:title\" content=\"M\u00fchlacker | mobilet.de\" \/>\n<meta property=\"og:description\" content=\"Bargeldlose Parktickets in M\u00fchlacker - lade dir jetzt die mobilet App herunter f\u00fcr einen flexiblen Aufenthalt!\" \/>\n<meta property=\"og:url\" content=\"https:\/\/mobilet.eu\/de\/staedte\/muehlacker\/\" \/>\n<meta property=\"og:site_name\" content=\"mobilet.de\" \/>\n<meta property=\"article:publisher\" content=\"https:\/\/www.facebook.com\/mobilet.de\" \/>\n<meta property=\"article:modified_time\" content=\"2024-12-17T15:00:38+00:00\" \/>\n<meta property=\"og:image\" content=\"https:\/\/mobilet.eu\/de\/wp-content\/uploads\/sites\/2\/2024\/12\/Muehlacker_Stadt_web-scaled.jpeg\" \/>\n\t<meta property=\"og:image:width\" content=\"2560\" \/>\n\t<meta property=\"og:image:height\" content=\"1026\" \/>\n\t<meta property=\"og:image:type\" content=\"image\/jpeg\" \/>\n<meta name=\"twitter:card\" content=\"summary_large_image\" \/>\n<meta name=\"twitter:label1\" content=\"Gesch\u00e4tzte Lesezeit\" \/>\n\t<meta name=\"twitter:data1\" content=\"2\u00a0Minuten\" \/>\n<script type=\"application\/ld+json\" class=\"yoast-schema-graph\">{\"@context\":\"https:\\\/\\\/schema.org\",\"@graph\":[{\"@type\":\"WebPage\",\"@id\":\"https:\\\/\\\/mobilet.eu\\\/de\\\/staedte\\\/muehlacker\\\/\",\"url\":\"https:\\\/\\\/mobilet.eu\\\/de\\\/staedte\\\/muehlacker\\\/\",\"name\":\"M\u00fchlacker | mobilet.de\",\"isPartOf\":{\"@id\":\"https:\\\/\\\/mobilet.eu\\\/de\\\/#website\"},\"primaryImageOfPage\":{\"@id\":\"https:\\\/\\\/mobilet.eu\\\/de\\\/staedte\\\/muehlacker\\\/#primaryimage\"},\"image\":{\"@id\":\"https:\\\/\\\/mobilet.eu\\\/de\\\/staedte\\\/muehlacker\\\/#primaryimage\"},\"thumbnailUrl\":\"https:\\\/\\\/mobilet.eu\\\/de\\\/wp-content\\\/uploads\\\/sites\\\/2\\\/2024\\\/12\\\/Muehlacker_Stadt_web-scaled.jpeg\",\"datePublished\":\"2024-12-17T14:59:43+00:00\",\"dateModified\":\"2024-12-17T15:00:38+00:00\",\"description\":\"Bargeldlose Parktickets in M\u00fchlacker - lade dir jetzt die mobilet App herunter f\u00fcr einen flexiblen Aufenthalt!\",\"breadcrumb\":{\"@id\":\"https:\\\/\\\/mobilet.eu\\\/de\\\/staedte\\\/muehlacker\\\/#breadcrumb\"},\"inLanguage\":\"de\",\"potentialAction\":[{\"@type\":\"ReadAction\",\"target\":[\"https:\\\/\\\/mobilet.eu\\\/de\\\/staedte\\\/muehlacker\\\/\"]}]},{\"@type\":\"ImageObject\",\"inLanguage\":\"de\",\"@id\":\"https:\\\/\\\/mobilet.eu\\\/de\\\/staedte\\\/muehlacker\\\/#primaryimage\",\"url\":\"https:\\\/\\\/mobilet.eu\\\/de\\\/wp-content\\\/uploads\\\/sites\\\/2\\\/2024\\\/12\\\/Muehlacker_Stadt_web-scaled.jpeg\",\"contentUrl\":\"https:\\\/\\\/mobilet.eu\\\/de\\\/wp-content\\\/uploads\\\/sites\\\/2\\\/2024\\\/12\\\/Muehlacker_Stadt_web-scaled.jpeg\",\"width\":2560,\"height\":1026},{\"@type\":\"BreadcrumbList\",\"@id\":\"https:\\\/\\\/mobilet.eu\\\/de\\\/staedte\\\/muehlacker\\\/#breadcrumb\",\"itemListElement\":[{\"@type\":\"ListItem\",\"position\":1,\"name\":\"Home\",\"item\":\"https:\\\/\\\/mobilet.eu\\\/de\\\/\"},{\"@type\":\"ListItem\",\"position\":2,\"name\":\"M\u00fchlacker\"}]},{\"@type\":\"WebSite\",\"@id\":\"https:\\\/\\\/mobilet.eu\\\/de\\\/#website\",\"url\":\"https:\\\/\\\/mobilet.eu\\\/de\\\/\",\"name\":\"mobilet.de\",\"description\":\"Handyparken und mehr \u2026\",\"publisher\":{\"@id\":\"https:\\\/\\\/mobilet.eu\\\/de\\\/#organization\"},\"potentialAction\":[{\"@type\":\"SearchAction\",\"target\":{\"@type\":\"EntryPoint\",\"urlTemplate\":\"https:\\\/\\\/mobilet.eu\\\/de\\\/?s={search_term_string}\"},\"query-input\":{\"@type\":\"PropertyValueSpecification\",\"valueRequired\":true,\"valueName\":\"search_term_string\"}}],\"inLanguage\":\"de\"},{\"@type\":\"Organization\",\"@id\":\"https:\\\/\\\/mobilet.eu\\\/de\\\/#organization\",\"name\":\"stadtraum GmbH\",\"url\":\"https:\\\/\\\/mobilet.eu\\\/de\\\/\",\"logo\":{\"@type\":\"ImageObject\",\"inLanguage\":\"de\",\"@id\":\"https:\\\/\\\/mobilet.eu\\\/de\\\/#\\\/schema\\\/logo\\\/image\\\/\",\"url\":\"https:\\\/\\\/mobilet.eu\\\/de\\\/wp-content\\\/uploads\\\/sites\\\/2\\\/2022\\\/11\\\/mobilet-handyparken-01.jpg\",\"contentUrl\":\"https:\\\/\\\/mobilet.eu\\\/de\\\/wp-content\\\/uploads\\\/sites\\\/2\\\/2022\\\/11\\\/mobilet-handyparken-01.jpg\",\"width\":1920,\"height\":1280,\"caption\":\"stadtraum GmbH\"},\"image\":{\"@id\":\"https:\\\/\\\/mobilet.eu\\\/de\\\/#\\\/schema\\\/logo\\\/image\\\/\"},\"sameAs\":[\"https:\\\/\\\/www.facebook.com\\\/mobilet.de\",\"https:\\\/\\\/www.instagram.com\\\/mobilet.de\\\/\"]}]}<\/script>\n<!-- \/ Yoast SEO plugin. -->","yoast_head_json":{"title":"M\u00fchlacker | mobilet.de","description":"Bargeldlose Parktickets in M\u00fchlacker - lade dir jetzt die mobilet App herunter f\u00fcr einen flexiblen Aufenthalt!","robots":{"index":"index","follow":"follow","max-snippet":"max-snippet:-1","max-image-preview":"max-image-preview:large","max-video-preview":"max-video-preview:-1"},"canonical":"https:\/\/mobilet.eu\/de\/staedte\/muehlacker\/","og_locale":"de_DE","og_type":"article","og_title":"M\u00fchlacker | mobilet.de","og_description":"Bargeldlose Parktickets in M\u00fchlacker - lade dir jetzt die mobilet App herunter f\u00fcr einen flexiblen Aufenthalt!","og_url":"https:\/\/mobilet.eu\/de\/staedte\/muehlacker\/","og_site_name":"mobilet.de","article_publisher":"https:\/\/www.facebook.com\/mobilet.de","article_modified_time":"2024-12-17T15:00:38+00:00","og_image":[{"width":2560,"height":1026,"url":"https:\/\/mobilet.eu\/de\/wp-content\/uploads\/sites\/2\/2024\/12\/Muehlacker_Stadt_web-scaled.jpeg","type":"image\/jpeg"}],"twitter_card":"summary_large_image","twitter_misc":{"Gesch\u00e4tzte Lesezeit":"2\u00a0Minuten"},"schema":{"@context":"https:\/\/schema.org","@graph":[{"@type":"WebPage","@id":"https:\/\/mobilet.eu\/de\/staedte\/muehlacker\/","url":"https:\/\/mobilet.eu\/de\/staedte\/muehlacker\/","name":"M\u00fchlacker | mobilet.de","isPartOf":{"@id":"https:\/\/mobilet.eu\/de\/#website"},"primaryImageOfPage":{"@id":"https:\/\/mobilet.eu\/de\/staedte\/muehlacker\/#primaryimage"},"image":{"@id":"https:\/\/mobilet.eu\/de\/staedte\/muehlacker\/#primaryimage"},"thumbnailUrl":"https:\/\/mobilet.eu\/de\/wp-content\/uploads\/sites\/2\/2024\/12\/Muehlacker_Stadt_web-scaled.jpeg","datePublished":"2024-12-17T14:59:43+00:00","dateModified":"2024-12-17T15:00:38+00:00","description":"Bargeldlose Parktickets in M\u00fchlacker - lade dir jetzt die mobilet App herunter f\u00fcr einen flexiblen Aufenthalt!","breadcrumb":{"@id":"https:\/\/mobilet.eu\/de\/staedte\/muehlacker\/#breadcrumb"},"inLanguage":"de","potentialAction":[{"@type":"ReadAction","target":["https:\/\/mobilet.eu\/de\/staedte\/muehlacker\/"]}]},{"@type":"ImageObject","inLanguage":"de","@id":"https:\/\/mobilet.eu\/de\/staedte\/muehlacker\/#primaryimage","url":"https:\/\/mobilet.eu\/de\/wp-content\/uploads\/sites\/2\/2024\/12\/Muehlacker_Stadt_web-scaled.jpeg","contentUrl":"https:\/\/mobilet.eu\/de\/wp-content\/uploads\/sites\/2\/2024\/12\/Muehlacker_Stadt_web-scaled.jpeg","width":2560,"height":1026},{"@type":"BreadcrumbList","@id":"https:\/\/mobilet.eu\/de\/staedte\/muehlacker\/#breadcrumb","itemListElement":[{"@type":"ListItem","position":1,"name":"Home","item":"https:\/\/mobilet.eu\/de\/"},{"@type":"ListItem","position":2,"name":"M\u00fchlacker"}]},{"@type":"WebSite","@id":"https:\/\/mobilet.eu\/de\/#website","url":"https:\/\/mobilet.eu\/de\/","name":"mobilet.de","description":"Handyparken und mehr \u2026","publisher":{"@id":"https:\/\/mobilet.eu\/de\/#organization"},"potentialAction":[{"@type":"SearchAction","target":{"@type":"EntryPoint","urlTemplate":"https:\/\/mobilet.eu\/de\/?s={search_term_string}"},"query-input":{"@type":"PropertyValueSpecification","valueRequired":true,"valueName":"search_term_string"}}],"inLanguage":"de"},{"@type":"Organization","@id":"https:\/\/mobilet.eu\/de\/#organization","name":"stadtraum GmbH","url":"https:\/\/mobilet.eu\/de\/","logo":{"@type":"ImageObject","inLanguage":"de","@id":"https:\/\/mobilet.eu\/de\/#\/schema\/logo\/image\/","url":"https:\/\/mobilet.eu\/de\/wp-content\/uploads\/sites\/2\/2022\/11\/mobilet-handyparken-01.jpg","contentUrl":"https:\/\/mobilet.eu\/de\/wp-content\/uploads\/sites\/2\/2022\/11\/mobilet-handyparken-01.jpg","width":1920,"height":1280,"caption":"stadtraum GmbH"},"image":{"@id":"https:\/\/mobilet.eu\/de\/#\/schema\/logo\/image\/"},"sameAs":["https:\/\/www.facebook.com\/mobilet.de","https:\/\/www.instagram.com\/mobilet.de\/"]}]}},"_links":{"self":[{"href":"https:\/\/mobilet.eu\/de\/wp-json\/wp\/v2\/staedte\/17895","targetHints":{"allow":["GET"]}}],"collection":[{"href":"https:\/\/mobilet.eu\/de\/wp-json\/wp\/v2\/staedte"}],"about":[{"href":"https:\/\/mobilet.eu\/de\/wp-json\/wp\/v2\/types\/staedte"}],"author":[{"embeddable":true,"href":"https:\/\/mobilet.eu\/de\/wp-json\/wp\/v2\/users\/16"}],"version-history":[{"count":2,"href":"https:\/\/mobilet.eu\/de\/wp-json\/wp\/v2\/staedte\/17895\/revisions"}],"predecessor-version":[{"id":17965,"href":"https:\/\/mobilet.eu\/de\/wp-json\/wp\/v2\/staedte\/17895\/revisions\/17965"}],"wp:featuredmedia":[{"embeddable":true,"href":"https:\/\/mobilet.eu\/de\/wp-json\/wp\/v2\/media\/18029"}],"wp:attachment":[{"href":"https:\/\/mobilet.eu\/de\/wp-json\/wp\/v2\/media?parent=17895"}],"wp:term":[{"taxonomy":"modules","embeddable":true,"href":"https:\/\/mobilet.eu\/de\/wp-json\/wp\/v2\/modules?post=17895"}],"curies":[{"name":"wp","href":"https:\/\/api.w.org\/{rel}","templated":true}]}}