{"id":2286,"date":"2021-06-23T15:27:29","date_gmt":"2021-06-23T13:27:29","guid":{"rendered":"https:\/\/mobilet.eu\/de\/?post_type=cities&#038;p=2286"},"modified":"2023-12-04T11:59:25","modified_gmt":"2023-12-04T10:59:25","slug":"moehnesee","status":"publish","type":"staedte","link":"https:\/\/mobilet.eu\/de\/staedte\/moehnesee\/","title":{"rendered":"M\u00f6hnesee"},"content":{"rendered":"\n<p class=\"wp-block-paragraph\">Der M\u00f6hnesee ist der n\u00f6rdlichste der f\u00fcnf Sauerland-Seen und liegt im \u00dcbergang zur Soester B\u00f6rde. Hier erleben die Besucher aus dem Ruhrgebiet oder den Niederlanden Natur pur. Genie\u00dfe das Naturerlebnis Wasser und Wald und die einmalige Aussicht vom M\u00f6hneturm in den Naturpark Arnsberger Wald.<\/p>\n\n\n\n<p class=\"wp-block-paragraph\">Auch im Herbst und Winter bietet der M\u00f6hnesee attraktive Freizeiterlebnisse und Entspannung pur. Im Wettbewerb mit \u00fcber 2.000 anderen Seen in Deutschland hat es der M\u00f6hnesee im Jahr 2022 unter die TOP TEN geschafft. Herzlichen Gl\u00fcckwunsch.<\/p>\n\n\n\n<p class=\"wp-block-paragraph\">Uns verbindet eine regionale N\u00e4he und eine langj\u00e4hrige Zusammenarbeit mit der Gemeinde M\u00f6hnesee, daher sind wir besonders stolz hier mit gleich drei Modulen von mobilet am Start zu sein.<\/p>\n\n\n\n<p class=\"wp-block-paragraph\"><a href=\"https:\/\/mobilet.eu\/beta\/modules\/handyparken\/\">Handyparken<\/a> am M\u00f6hnesee mit mobilet ist einfach, bequem und preiswert. Wie in \u00fcber 350 weiteren St\u00e4dte deutschlandweit kannst du auch hier deinen Parkschein mit dem Handy statt am Automaten l\u00f6sen.<\/p>\n\n\n\n<p class=\"wp-block-paragraph\">Au\u00dferdem stehen <a href=\"https:\/\/mobilet.eu\/beta\/modules\/fahrradbox\/\">Fahrradboxen<\/a> zum sicheren Abstellen von Fahrr\u00e4dern bereit. Somit kannst du als Fahrradtourist ganz entspannt eine Schifffahrt \u00fcber den M\u00f6hnesee genie\u00dfen, w\u00e4hrend das Gep\u00e4ck sicher verwahrt ist. Die Mietdauer wird nach einer Festzeit von 1 Stunde minutengenau zum Mietpreis von 1 Cent pro Min. berechnet.<\/p>\n\n\n\n<p class=\"wp-block-paragraph\">Schlie\u00dflich steht am Parkplatz Sperrmauer eine <a href=\"https:\/\/mobilet.eu\/beta\/modules\/strombox\/\">Lades\u00e4ule f\u00fcr Elektroautos<\/a> zur Verf\u00fcgung. Den Ladevorgang kannst Du hier ebenfalls ganz einfach mit mobilet starten und die Abrechnung erfolgt \u00fcber deine in der App hinterlegte Kreditkarte.<\/p>\n","protected":false},"excerpt":{"rendered":"<p>Der M\u00f6hnesee ist der n\u00f6rdlichste der f\u00fcnf Sauerland-Seen und liegt im \u00dcbergang zur Soester B\u00f6rde. Hier erleben die Besucher aus &#8230; <a href=\"https:\/\/mobilet.eu\/de\/staedte\/moehnesee\/\" aria-label=\"Weiterlesen \u00fcber M\u00f6hnesee\">Weiterlesen \u00fcber M\u00f6hnesee<\/a><\/p>\n","protected":false},"author":16,"featured_media":7167,"template":"","meta":{"_crdt_document":"","content-type":"","footnotes":""},"modules":[6,2,5],"class_list":["post-2286","staedte","type-staedte","status-publish","has-post-thumbnail","hentry","modules-fahrradbox","modules-parken","modules-strombox"],"yoast_head":"<!-- This site is optimized with the Yoast SEO plugin v27.4 - https:\/\/yoast.com\/product\/yoast-seo-wordpress\/ -->\n<title>M\u00f6hnesee | mobilet.de<\/title>\n<meta name=\"description\" content=\"mobilet - eine App f\u00fcr einen flexibleren Alltag! Handyparken, Fahrrad sicher verstauen und Auto laden am M\u00f6hnesee mit mobilet\" \/>\n<meta name=\"robots\" content=\"index, follow, max-snippet:-1, max-image-preview:large, max-video-preview:-1\" \/>\n<link rel=\"canonical\" href=\"https:\/\/mobilet.eu\/de\/staedte\/moehnesee\/\" \/>\n<meta property=\"og:locale\" content=\"de_DE\" \/>\n<meta property=\"og:type\" content=\"article\" \/>\n<meta property=\"og:title\" content=\"M\u00f6hnesee | mobilet.de\" \/>\n<meta property=\"og:description\" content=\"mobilet - eine App f\u00fcr einen flexibleren Alltag! Handyparken, Fahrrad sicher verstauen und Auto laden am M\u00f6hnesee mit mobilet\" \/>\n<meta property=\"og:url\" content=\"https:\/\/mobilet.eu\/de\/staedte\/moehnesee\/\" \/>\n<meta property=\"og:site_name\" content=\"mobilet.de\" \/>\n<meta property=\"article:publisher\" content=\"https:\/\/www.facebook.com\/mobilet.de\" \/>\n<meta property=\"article:modified_time\" content=\"2023-12-04T10:59:25+00:00\" \/>\n<meta property=\"og:image\" content=\"https:\/\/mobilet.eu\/de\/wp-content\/uploads\/sites\/2\/2021\/06\/Moehnesee_002.jpg\" \/>\n\t<meta property=\"og:image:width\" content=\"1920\" \/>\n\t<meta property=\"og:image:height\" content=\"878\" \/>\n\t<meta property=\"og:image:type\" content=\"image\/jpeg\" \/>\n<meta name=\"twitter:card\" content=\"summary_large_image\" \/>\n<meta name=\"twitter:label1\" content=\"Gesch\u00e4tzte Lesezeit\" \/>\n\t<meta name=\"twitter:data1\" content=\"2\u00a0Minuten\" \/>\n<script type=\"application\/ld+json\" class=\"yoast-schema-graph\">{\"@context\":\"https:\\\/\\\/schema.org\",\"@graph\":[{\"@type\":\"WebPage\",\"@id\":\"https:\\\/\\\/mobilet.eu\\\/de\\\/staedte\\\/moehnesee\\\/\",\"url\":\"https:\\\/\\\/mobilet.eu\\\/de\\\/staedte\\\/moehnesee\\\/\",\"name\":\"M\u00f6hnesee | mobilet.de\",\"isPartOf\":{\"@id\":\"https:\\\/\\\/mobilet.eu\\\/de\\\/#website\"},\"primaryImageOfPage\":{\"@id\":\"https:\\\/\\\/mobilet.eu\\\/de\\\/staedte\\\/moehnesee\\\/#primaryimage\"},\"image\":{\"@id\":\"https:\\\/\\\/mobilet.eu\\\/de\\\/staedte\\\/moehnesee\\\/#primaryimage\"},\"thumbnailUrl\":\"https:\\\/\\\/mobilet.eu\\\/de\\\/wp-content\\\/uploads\\\/sites\\\/2\\\/2021\\\/06\\\/Moehnesee_002.jpg\",\"datePublished\":\"2021-06-23T13:27:29+00:00\",\"dateModified\":\"2023-12-04T10:59:25+00:00\",\"description\":\"mobilet - eine App f\u00fcr einen flexibleren Alltag! Handyparken, Fahrrad sicher verstauen und Auto laden am M\u00f6hnesee mit mobilet\",\"breadcrumb\":{\"@id\":\"https:\\\/\\\/mobilet.eu\\\/de\\\/staedte\\\/moehnesee\\\/#breadcrumb\"},\"inLanguage\":\"de\",\"potentialAction\":[{\"@type\":\"ReadAction\",\"target\":[\"https:\\\/\\\/mobilet.eu\\\/de\\\/staedte\\\/moehnesee\\\/\"]}]},{\"@type\":\"ImageObject\",\"inLanguage\":\"de\",\"@id\":\"https:\\\/\\\/mobilet.eu\\\/de\\\/staedte\\\/moehnesee\\\/#primaryimage\",\"url\":\"https:\\\/\\\/mobilet.eu\\\/de\\\/wp-content\\\/uploads\\\/sites\\\/2\\\/2021\\\/06\\\/Moehnesee_002.jpg\",\"contentUrl\":\"https:\\\/\\\/mobilet.eu\\\/de\\\/wp-content\\\/uploads\\\/sites\\\/2\\\/2021\\\/06\\\/Moehnesee_002.jpg\",\"width\":1920,\"height\":878},{\"@type\":\"BreadcrumbList\",\"@id\":\"https:\\\/\\\/mobilet.eu\\\/de\\\/staedte\\\/moehnesee\\\/#breadcrumb\",\"itemListElement\":[{\"@type\":\"ListItem\",\"position\":1,\"name\":\"Home\",\"item\":\"https:\\\/\\\/mobilet.eu\\\/de\\\/\"},{\"@type\":\"ListItem\",\"position\":2,\"name\":\"M\u00f6hnesee\"}]},{\"@type\":\"WebSite\",\"@id\":\"https:\\\/\\\/mobilet.eu\\\/de\\\/#website\",\"url\":\"https:\\\/\\\/mobilet.eu\\\/de\\\/\",\"name\":\"mobilet.de\",\"description\":\"Handyparken und mehr \u2026\",\"publisher\":{\"@id\":\"https:\\\/\\\/mobilet.eu\\\/de\\\/#organization\"},\"potentialAction\":[{\"@type\":\"SearchAction\",\"target\":{\"@type\":\"EntryPoint\",\"urlTemplate\":\"https:\\\/\\\/mobilet.eu\\\/de\\\/?s={search_term_string}\"},\"query-input\":{\"@type\":\"PropertyValueSpecification\",\"valueRequired\":true,\"valueName\":\"search_term_string\"}}],\"inLanguage\":\"de\"},{\"@type\":\"Organization\",\"@id\":\"https:\\\/\\\/mobilet.eu\\\/de\\\/#organization\",\"name\":\"stadtraum GmbH\",\"url\":\"https:\\\/\\\/mobilet.eu\\\/de\\\/\",\"logo\":{\"@type\":\"ImageObject\",\"inLanguage\":\"de\",\"@id\":\"https:\\\/\\\/mobilet.eu\\\/de\\\/#\\\/schema\\\/logo\\\/image\\\/\",\"url\":\"https:\\\/\\\/mobilet.eu\\\/de\\\/wp-content\\\/uploads\\\/sites\\\/2\\\/2022\\\/11\\\/mobilet-handyparken-01.jpg\",\"contentUrl\":\"https:\\\/\\\/mobilet.eu\\\/de\\\/wp-content\\\/uploads\\\/sites\\\/2\\\/2022\\\/11\\\/mobilet-handyparken-01.jpg\",\"width\":1920,\"height\":1280,\"caption\":\"stadtraum GmbH\"},\"image\":{\"@id\":\"https:\\\/\\\/mobilet.eu\\\/de\\\/#\\\/schema\\\/logo\\\/image\\\/\"},\"sameAs\":[\"https:\\\/\\\/www.facebook.com\\\/mobilet.de\",\"https:\\\/\\\/www.instagram.com\\\/mobilet.de\\\/\"]}]}<\/script>\n<!-- \/ Yoast SEO plugin. -->","yoast_head_json":{"title":"M\u00f6hnesee | mobilet.de","description":"mobilet - eine App f\u00fcr einen flexibleren Alltag! Handyparken, Fahrrad sicher verstauen und Auto laden am M\u00f6hnesee mit mobilet","robots":{"index":"index","follow":"follow","max-snippet":"max-snippet:-1","max-image-preview":"max-image-preview:large","max-video-preview":"max-video-preview:-1"},"canonical":"https:\/\/mobilet.eu\/de\/staedte\/moehnesee\/","og_locale":"de_DE","og_type":"article","og_title":"M\u00f6hnesee | mobilet.de","og_description":"mobilet - eine App f\u00fcr einen flexibleren Alltag! Handyparken, Fahrrad sicher verstauen und Auto laden am M\u00f6hnesee mit mobilet","og_url":"https:\/\/mobilet.eu\/de\/staedte\/moehnesee\/","og_site_name":"mobilet.de","article_publisher":"https:\/\/www.facebook.com\/mobilet.de","article_modified_time":"2023-12-04T10:59:25+00:00","og_image":[{"width":1920,"height":878,"url":"https:\/\/mobilet.eu\/de\/wp-content\/uploads\/sites\/2\/2021\/06\/Moehnesee_002.jpg","type":"image\/jpeg"}],"twitter_card":"summary_large_image","twitter_misc":{"Gesch\u00e4tzte Lesezeit":"2\u00a0Minuten"},"schema":{"@context":"https:\/\/schema.org","@graph":[{"@type":"WebPage","@id":"https:\/\/mobilet.eu\/de\/staedte\/moehnesee\/","url":"https:\/\/mobilet.eu\/de\/staedte\/moehnesee\/","name":"M\u00f6hnesee | mobilet.de","isPartOf":{"@id":"https:\/\/mobilet.eu\/de\/#website"},"primaryImageOfPage":{"@id":"https:\/\/mobilet.eu\/de\/staedte\/moehnesee\/#primaryimage"},"image":{"@id":"https:\/\/mobilet.eu\/de\/staedte\/moehnesee\/#primaryimage"},"thumbnailUrl":"https:\/\/mobilet.eu\/de\/wp-content\/uploads\/sites\/2\/2021\/06\/Moehnesee_002.jpg","datePublished":"2021-06-23T13:27:29+00:00","dateModified":"2023-12-04T10:59:25+00:00","description":"mobilet - eine App f\u00fcr einen flexibleren Alltag! Handyparken, Fahrrad sicher verstauen und Auto laden am M\u00f6hnesee mit mobilet","breadcrumb":{"@id":"https:\/\/mobilet.eu\/de\/staedte\/moehnesee\/#breadcrumb"},"inLanguage":"de","potentialAction":[{"@type":"ReadAction","target":["https:\/\/mobilet.eu\/de\/staedte\/moehnesee\/"]}]},{"@type":"ImageObject","inLanguage":"de","@id":"https:\/\/mobilet.eu\/de\/staedte\/moehnesee\/#primaryimage","url":"https:\/\/mobilet.eu\/de\/wp-content\/uploads\/sites\/2\/2021\/06\/Moehnesee_002.jpg","contentUrl":"https:\/\/mobilet.eu\/de\/wp-content\/uploads\/sites\/2\/2021\/06\/Moehnesee_002.jpg","width":1920,"height":878},{"@type":"BreadcrumbList","@id":"https:\/\/mobilet.eu\/de\/staedte\/moehnesee\/#breadcrumb","itemListElement":[{"@type":"ListItem","position":1,"name":"Home","item":"https:\/\/mobilet.eu\/de\/"},{"@type":"ListItem","position":2,"name":"M\u00f6hnesee"}]},{"@type":"WebSite","@id":"https:\/\/mobilet.eu\/de\/#website","url":"https:\/\/mobilet.eu\/de\/","name":"mobilet.de","description":"Handyparken und mehr \u2026","publisher":{"@id":"https:\/\/mobilet.eu\/de\/#organization"},"potentialAction":[{"@type":"SearchAction","target":{"@type":"EntryPoint","urlTemplate":"https:\/\/mobilet.eu\/de\/?s={search_term_string}"},"query-input":{"@type":"PropertyValueSpecification","valueRequired":true,"valueName":"search_term_string"}}],"inLanguage":"de"},{"@type":"Organization","@id":"https:\/\/mobilet.eu\/de\/#organization","name":"stadtraum GmbH","url":"https:\/\/mobilet.eu\/de\/","logo":{"@type":"ImageObject","inLanguage":"de","@id":"https:\/\/mobilet.eu\/de\/#\/schema\/logo\/image\/","url":"https:\/\/mobilet.eu\/de\/wp-content\/uploads\/sites\/2\/2022\/11\/mobilet-handyparken-01.jpg","contentUrl":"https:\/\/mobilet.eu\/de\/wp-content\/uploads\/sites\/2\/2022\/11\/mobilet-handyparken-01.jpg","width":1920,"height":1280,"caption":"stadtraum GmbH"},"image":{"@id":"https:\/\/mobilet.eu\/de\/#\/schema\/logo\/image\/"},"sameAs":["https:\/\/www.facebook.com\/mobilet.de","https:\/\/www.instagram.com\/mobilet.de\/"]}]}},"_links":{"self":[{"href":"https:\/\/mobilet.eu\/de\/wp-json\/wp\/v2\/staedte\/2286","targetHints":{"allow":["GET"]}}],"collection":[{"href":"https:\/\/mobilet.eu\/de\/wp-json\/wp\/v2\/staedte"}],"about":[{"href":"https:\/\/mobilet.eu\/de\/wp-json\/wp\/v2\/types\/staedte"}],"author":[{"embeddable":true,"href":"https:\/\/mobilet.eu\/de\/wp-json\/wp\/v2\/users\/16"}],"version-history":[{"count":6,"href":"https:\/\/mobilet.eu\/de\/wp-json\/wp\/v2\/staedte\/2286\/revisions"}],"predecessor-version":[{"id":7160,"href":"https:\/\/mobilet.eu\/de\/wp-json\/wp\/v2\/staedte\/2286\/revisions\/7160"}],"wp:featuredmedia":[{"embeddable":true,"href":"https:\/\/mobilet.eu\/de\/wp-json\/wp\/v2\/media\/7167"}],"wp:attachment":[{"href":"https:\/\/mobilet.eu\/de\/wp-json\/wp\/v2\/media?parent=2286"}],"wp:term":[{"taxonomy":"modules","embeddable":true,"href":"https:\/\/mobilet.eu\/de\/wp-json\/wp\/v2\/modules?post=2286"}],"curies":[{"name":"wp","href":"https:\/\/api.w.org\/{rel}","templated":true}]}}