{"id":3666,"date":"2021-09-27T16:07:36","date_gmt":"2021-09-27T14:07:36","guid":{"rendered":"https:\/\/mobilet.eu\/de\/?post_type=cities&#038;p=3666"},"modified":"2024-01-12T10:32:36","modified_gmt":"2024-01-12T09:32:36","slug":"bad-staffelstein","status":"publish","type":"staedte","link":"https:\/\/mobilet.eu\/de\/staedte\/bad-staffelstein\/","title":{"rendered":"Bad Staffelstein"},"content":{"rendered":"\n<p class=\"wp-block-paragraph\">Bad Staffelstein, idyllisch eingebettet in die fr\u00e4nkische Landschaft, vereint Gesundheitsoasen, historische Sch\u00e4tze und kulinarische Gen\u00fcsse. Diese charmante Stadt in Oberfranken bietet Besuchern eine perfekte Mischung aus Erholung, Kultur und Natur.<\/p>\n\n\n\n<h2 class=\"wp-block-heading\"><strong>Gesundheitsparadies Obermaintherme: Entspannung f\u00fcr K\u00f6rper und Geist<\/strong> <\/h2>\n\n\n\n<p class=\"wp-block-paragraph\">Ein Highlight ist zweifelsohne die Obermaintherme. Hier k\u00f6nnen Besucher in den heilenden Quellen und Thermalbecken entspannen und die wohltuende Wirkung des Mineralwassers genie\u00dfen. Die moderne Therme ist nicht nur ein Ort der Gesundheit, sondern auch der Erholung. Saunen, Wellnessangebote und Ruhebereiche bieten eine Vielfalt an M\u00f6glichkeiten, um K\u00f6rper und Geist in Einklang zu bringen.<\/p>\n\n\n\n<p class=\"wp-block-paragraph\">Der Kurpark von Bad Staffelstein, umgeben von bl\u00fchenden Beeten und altem Baumbestand, l\u00e4dt zu gem\u00fctlichen Spazierg\u00e4ngen ein. Die frische Luft und die gr\u00fcne Umgebung tragen dazu bei, die entspannte Atmosph\u00e4re der Stadt zu erleben.<\/p>\n\n\n\n<h2 class=\"wp-block-heading\"><strong>Historische Sch\u00e4tze: Vom Kloster Banz bis zur Basilika Vierzehnheiligen<\/strong> <\/h2>\n\n\n\n<p class=\"wp-block-paragraph\">Die Stadt beeindruckt nicht nur durch seine Gesundheitsangebote, sondern auch durch seine geschichtstr\u00e4chtigen Sehensw\u00fcrdigkeiten. Das Kloster Banz, hoch \u00fcber dem Maintal gelegen, bietet nicht nur einen imposanten Anblick, sondern auch einen Einblick in die Geschichte der Region. Die Basilika Vierzehnheiligen, ein barockes Meisterwerk, zieht nicht nur Gl\u00e4ubige an, sondern auch Kunstliebhaber aus aller Welt.<\/p>\n\n\n\n<p class=\"wp-block-paragraph\">Das historische Stadtbild mit liebevoll restaurierten Fachwerkh\u00e4usern und der Marktplatz als zentraler Treffpunkt verleihen Bad Staffelstein einen authentischen und einladenden Charakter.<\/p>\n\n\n\n<h2 class=\"wp-block-heading\"><strong>Bad Staffelstein mit mobilet entdecken: Bequemes Parken ohne Bargeld<\/strong> <\/h2>\n\n\n\n<p class=\"wp-block-paragraph\">F\u00fcr Besucher und Einheimische bietet die <a href=\"https:\/\/mobilet.eu\/de\/download\/\">mobilet-App<\/a> eine clevere L\u00f6sung. Mit mobilet kannst du Parktickets bequem und bargeldlos \u00fcber das Smartphone bezahlen. Diese innovative App erleichtert nicht nur das Parken, sondern macht deinen Aufenthalt in Bad Staffelstein zu einem noch komfortableren Erlebnis. <\/p>\n\n\n\n<p class=\"wp-block-paragraph\">Mehr \u00fcber die Stadt erf\u00e4hrst du <a href=\"https:\/\/www.bad-staffelstein.de\/\" target=\"_blank\" rel=\"noreferrer noopener\">hier<\/a>.<\/p>\n\n\n\n<p class=\"wp-block-paragraph\">Hier ist also f\u00fcr jeden etwas dabei und mit uns hast du die M\u00f6glichkeit, deine\u00a0<strong>Mobilit\u00e4t\u00a0<\/strong>so einfach wie m\u00f6glich zu gestalten, um mehr Zeit f\u00fcr die verschiedenen Aktivit\u00e4ten zu haben. Das Auto kannst du deswegen einfach mal abstellen und loslegen. Mit unserer mobilet-App musst du also nicht mal mehr am Automaten warten.<br><br>mobilet ist\u00a0<strong>deutschlandweit verf\u00fcgbar<\/strong>\u00a0und Teil unserer\u00a0<strong>Mobilit\u00e4tsplattform<\/strong>\u00a0mit\u00a0<a href=\"https:\/\/mobilet.eu\/de\/modules\/\">weiteren Modulen<\/a>. Eine Standortliste findest du\u00a0<a href=\"https:\/\/mobilet.eu\/de\/staedte\/\">hier<\/a>.<\/p>\n\n\n\n<p class=\"wp-block-paragraph\">Parken in Bad Staffelstein war nie einfacher!<\/p>\n","protected":false},"excerpt":{"rendered":"<p>Bad Staffelstein, idyllisch eingebettet in die fr\u00e4nkische Landschaft, vereint Gesundheitsoasen, historische Sch\u00e4tze und kulinarische Gen\u00fcsse. Diese charmante Stadt in Oberfranken &#8230; <a href=\"https:\/\/mobilet.eu\/de\/staedte\/bad-staffelstein\/\" aria-label=\"Weiterlesen \u00fcber Bad Staffelstein\">Weiterlesen \u00fcber Bad Staffelstein<\/a><\/p>\n","protected":false},"author":1,"featured_media":3669,"template":"","meta":{"_crdt_document":"","content-type":"","footnotes":""},"modules":[2],"class_list":["post-3666","staedte","type-staedte","status-publish","has-post-thumbnail","hentry","modules-parken"],"yoast_head":"<!-- This site is optimized with the Yoast SEO plugin v27.4 - https:\/\/yoast.com\/product\/yoast-seo-wordpress\/ -->\n<title>Bad Staffelstein | mobilet.de<\/title>\n<meta name=\"description\" content=\"mobilet ist\u00a0deutschlandweit verf\u00fcgbar\u00a0und Teil unserer\u00a0Mobilit\u00e4tsplattform\u00a0mit\u00a0weiteren Modulen. Parken in Bad Staffelstein war nie einfacher!\" \/>\n<meta name=\"robots\" content=\"index, follow, max-snippet:-1, max-image-preview:large, max-video-preview:-1\" \/>\n<link rel=\"canonical\" href=\"https:\/\/mobilet.eu\/de\/staedte\/bad-staffelstein\/\" \/>\n<meta property=\"og:locale\" content=\"de_DE\" \/>\n<meta property=\"og:type\" content=\"article\" \/>\n<meta property=\"og:title\" content=\"Bad Staffelstein | mobilet.de\" \/>\n<meta property=\"og:description\" content=\"mobilet ist\u00a0deutschlandweit verf\u00fcgbar\u00a0und Teil unserer\u00a0Mobilit\u00e4tsplattform\u00a0mit\u00a0weiteren Modulen. Parken in Bad Staffelstein war nie einfacher!\" \/>\n<meta property=\"og:url\" content=\"https:\/\/mobilet.eu\/de\/staedte\/bad-staffelstein\/\" \/>\n<meta property=\"og:site_name\" content=\"mobilet.de\" \/>\n<meta property=\"article:publisher\" content=\"https:\/\/www.facebook.com\/mobilet.de\" \/>\n<meta property=\"article:modified_time\" content=\"2024-01-12T09:32:36+00:00\" \/>\n<meta property=\"og:image\" content=\"https:\/\/mobilet.eu\/de\/wp-content\/uploads\/sites\/2\/2021\/09\/Bad-Staffelstein-scaled-e1632751573317.jpeg\" \/>\n\t<meta property=\"og:image:width\" content=\"1200\" \/>\n\t<meta property=\"og:image:height\" content=\"833\" \/>\n\t<meta property=\"og:image:type\" content=\"image\/jpeg\" \/>\n<meta name=\"twitter:card\" content=\"summary_large_image\" \/>\n<meta name=\"twitter:label1\" content=\"Gesch\u00e4tzte Lesezeit\" \/>\n\t<meta name=\"twitter:data1\" content=\"3\u00a0Minuten\" \/>\n<script type=\"application\/ld+json\" class=\"yoast-schema-graph\">{\"@context\":\"https:\\\/\\\/schema.org\",\"@graph\":[{\"@type\":\"WebPage\",\"@id\":\"https:\\\/\\\/mobilet.eu\\\/de\\\/staedte\\\/bad-staffelstein\\\/\",\"url\":\"https:\\\/\\\/mobilet.eu\\\/de\\\/staedte\\\/bad-staffelstein\\\/\",\"name\":\"Bad Staffelstein | mobilet.de\",\"isPartOf\":{\"@id\":\"https:\\\/\\\/mobilet.eu\\\/de\\\/#website\"},\"primaryImageOfPage\":{\"@id\":\"https:\\\/\\\/mobilet.eu\\\/de\\\/staedte\\\/bad-staffelstein\\\/#primaryimage\"},\"image\":{\"@id\":\"https:\\\/\\\/mobilet.eu\\\/de\\\/staedte\\\/bad-staffelstein\\\/#primaryimage\"},\"thumbnailUrl\":\"https:\\\/\\\/mobilet.eu\\\/de\\\/wp-content\\\/uploads\\\/sites\\\/2\\\/2021\\\/09\\\/Bad-Staffelstein-scaled-e1632751573317.jpeg\",\"datePublished\":\"2021-09-27T14:07:36+00:00\",\"dateModified\":\"2024-01-12T09:32:36+00:00\",\"description\":\"mobilet ist\u00a0deutschlandweit verf\u00fcgbar\u00a0und Teil unserer\u00a0Mobilit\u00e4tsplattform\u00a0mit\u00a0weiteren Modulen. Parken in Bad Staffelstein war nie einfacher!\",\"breadcrumb\":{\"@id\":\"https:\\\/\\\/mobilet.eu\\\/de\\\/staedte\\\/bad-staffelstein\\\/#breadcrumb\"},\"inLanguage\":\"de\",\"potentialAction\":[{\"@type\":\"ReadAction\",\"target\":[\"https:\\\/\\\/mobilet.eu\\\/de\\\/staedte\\\/bad-staffelstein\\\/\"]}]},{\"@type\":\"ImageObject\",\"inLanguage\":\"de\",\"@id\":\"https:\\\/\\\/mobilet.eu\\\/de\\\/staedte\\\/bad-staffelstein\\\/#primaryimage\",\"url\":\"https:\\\/\\\/mobilet.eu\\\/de\\\/wp-content\\\/uploads\\\/sites\\\/2\\\/2021\\\/09\\\/Bad-Staffelstein-scaled-e1632751573317.jpeg\",\"contentUrl\":\"https:\\\/\\\/mobilet.eu\\\/de\\\/wp-content\\\/uploads\\\/sites\\\/2\\\/2021\\\/09\\\/Bad-Staffelstein-scaled-e1632751573317.jpeg\",\"width\":1200,\"height\":833,\"caption\":\"mobilet in Bad Staffelstein\"},{\"@type\":\"BreadcrumbList\",\"@id\":\"https:\\\/\\\/mobilet.eu\\\/de\\\/staedte\\\/bad-staffelstein\\\/#breadcrumb\",\"itemListElement\":[{\"@type\":\"ListItem\",\"position\":1,\"name\":\"Home\",\"item\":\"https:\\\/\\\/mobilet.eu\\\/de\\\/\"},{\"@type\":\"ListItem\",\"position\":2,\"name\":\"Bad Staffelstein\"}]},{\"@type\":\"WebSite\",\"@id\":\"https:\\\/\\\/mobilet.eu\\\/de\\\/#website\",\"url\":\"https:\\\/\\\/mobilet.eu\\\/de\\\/\",\"name\":\"mobilet.de\",\"description\":\"Handyparken und mehr \u2026\",\"publisher\":{\"@id\":\"https:\\\/\\\/mobilet.eu\\\/de\\\/#organization\"},\"potentialAction\":[{\"@type\":\"SearchAction\",\"target\":{\"@type\":\"EntryPoint\",\"urlTemplate\":\"https:\\\/\\\/mobilet.eu\\\/de\\\/?s={search_term_string}\"},\"query-input\":{\"@type\":\"PropertyValueSpecification\",\"valueRequired\":true,\"valueName\":\"search_term_string\"}}],\"inLanguage\":\"de\"},{\"@type\":\"Organization\",\"@id\":\"https:\\\/\\\/mobilet.eu\\\/de\\\/#organization\",\"name\":\"stadtraum GmbH\",\"url\":\"https:\\\/\\\/mobilet.eu\\\/de\\\/\",\"logo\":{\"@type\":\"ImageObject\",\"inLanguage\":\"de\",\"@id\":\"https:\\\/\\\/mobilet.eu\\\/de\\\/#\\\/schema\\\/logo\\\/image\\\/\",\"url\":\"https:\\\/\\\/mobilet.eu\\\/de\\\/wp-content\\\/uploads\\\/sites\\\/2\\\/2022\\\/11\\\/mobilet-handyparken-01.jpg\",\"contentUrl\":\"https:\\\/\\\/mobilet.eu\\\/de\\\/wp-content\\\/uploads\\\/sites\\\/2\\\/2022\\\/11\\\/mobilet-handyparken-01.jpg\",\"width\":1920,\"height\":1280,\"caption\":\"stadtraum GmbH\"},\"image\":{\"@id\":\"https:\\\/\\\/mobilet.eu\\\/de\\\/#\\\/schema\\\/logo\\\/image\\\/\"},\"sameAs\":[\"https:\\\/\\\/www.facebook.com\\\/mobilet.de\",\"https:\\\/\\\/www.instagram.com\\\/mobilet.de\\\/\"]}]}<\/script>\n<!-- \/ Yoast SEO plugin. -->","yoast_head_json":{"title":"Bad Staffelstein | mobilet.de","description":"mobilet ist\u00a0deutschlandweit verf\u00fcgbar\u00a0und Teil unserer\u00a0Mobilit\u00e4tsplattform\u00a0mit\u00a0weiteren Modulen. Parken in Bad Staffelstein war nie einfacher!","robots":{"index":"index","follow":"follow","max-snippet":"max-snippet:-1","max-image-preview":"max-image-preview:large","max-video-preview":"max-video-preview:-1"},"canonical":"https:\/\/mobilet.eu\/de\/staedte\/bad-staffelstein\/","og_locale":"de_DE","og_type":"article","og_title":"Bad Staffelstein | mobilet.de","og_description":"mobilet ist\u00a0deutschlandweit verf\u00fcgbar\u00a0und Teil unserer\u00a0Mobilit\u00e4tsplattform\u00a0mit\u00a0weiteren Modulen. Parken in Bad Staffelstein war nie einfacher!","og_url":"https:\/\/mobilet.eu\/de\/staedte\/bad-staffelstein\/","og_site_name":"mobilet.de","article_publisher":"https:\/\/www.facebook.com\/mobilet.de","article_modified_time":"2024-01-12T09:32:36+00:00","og_image":[{"width":1200,"height":833,"url":"https:\/\/mobilet.eu\/de\/wp-content\/uploads\/sites\/2\/2021\/09\/Bad-Staffelstein-scaled-e1632751573317.jpeg","type":"image\/jpeg"}],"twitter_card":"summary_large_image","twitter_misc":{"Gesch\u00e4tzte Lesezeit":"3\u00a0Minuten"},"schema":{"@context":"https:\/\/schema.org","@graph":[{"@type":"WebPage","@id":"https:\/\/mobilet.eu\/de\/staedte\/bad-staffelstein\/","url":"https:\/\/mobilet.eu\/de\/staedte\/bad-staffelstein\/","name":"Bad Staffelstein | mobilet.de","isPartOf":{"@id":"https:\/\/mobilet.eu\/de\/#website"},"primaryImageOfPage":{"@id":"https:\/\/mobilet.eu\/de\/staedte\/bad-staffelstein\/#primaryimage"},"image":{"@id":"https:\/\/mobilet.eu\/de\/staedte\/bad-staffelstein\/#primaryimage"},"thumbnailUrl":"https:\/\/mobilet.eu\/de\/wp-content\/uploads\/sites\/2\/2021\/09\/Bad-Staffelstein-scaled-e1632751573317.jpeg","datePublished":"2021-09-27T14:07:36+00:00","dateModified":"2024-01-12T09:32:36+00:00","description":"mobilet ist\u00a0deutschlandweit verf\u00fcgbar\u00a0und Teil unserer\u00a0Mobilit\u00e4tsplattform\u00a0mit\u00a0weiteren Modulen. Parken in Bad Staffelstein war nie einfacher!","breadcrumb":{"@id":"https:\/\/mobilet.eu\/de\/staedte\/bad-staffelstein\/#breadcrumb"},"inLanguage":"de","potentialAction":[{"@type":"ReadAction","target":["https:\/\/mobilet.eu\/de\/staedte\/bad-staffelstein\/"]}]},{"@type":"ImageObject","inLanguage":"de","@id":"https:\/\/mobilet.eu\/de\/staedte\/bad-staffelstein\/#primaryimage","url":"https:\/\/mobilet.eu\/de\/wp-content\/uploads\/sites\/2\/2021\/09\/Bad-Staffelstein-scaled-e1632751573317.jpeg","contentUrl":"https:\/\/mobilet.eu\/de\/wp-content\/uploads\/sites\/2\/2021\/09\/Bad-Staffelstein-scaled-e1632751573317.jpeg","width":1200,"height":833,"caption":"mobilet in Bad Staffelstein"},{"@type":"BreadcrumbList","@id":"https:\/\/mobilet.eu\/de\/staedte\/bad-staffelstein\/#breadcrumb","itemListElement":[{"@type":"ListItem","position":1,"name":"Home","item":"https:\/\/mobilet.eu\/de\/"},{"@type":"ListItem","position":2,"name":"Bad Staffelstein"}]},{"@type":"WebSite","@id":"https:\/\/mobilet.eu\/de\/#website","url":"https:\/\/mobilet.eu\/de\/","name":"mobilet.de","description":"Handyparken und mehr \u2026","publisher":{"@id":"https:\/\/mobilet.eu\/de\/#organization"},"potentialAction":[{"@type":"SearchAction","target":{"@type":"EntryPoint","urlTemplate":"https:\/\/mobilet.eu\/de\/?s={search_term_string}"},"query-input":{"@type":"PropertyValueSpecification","valueRequired":true,"valueName":"search_term_string"}}],"inLanguage":"de"},{"@type":"Organization","@id":"https:\/\/mobilet.eu\/de\/#organization","name":"stadtraum GmbH","url":"https:\/\/mobilet.eu\/de\/","logo":{"@type":"ImageObject","inLanguage":"de","@id":"https:\/\/mobilet.eu\/de\/#\/schema\/logo\/image\/","url":"https:\/\/mobilet.eu\/de\/wp-content\/uploads\/sites\/2\/2022\/11\/mobilet-handyparken-01.jpg","contentUrl":"https:\/\/mobilet.eu\/de\/wp-content\/uploads\/sites\/2\/2022\/11\/mobilet-handyparken-01.jpg","width":1920,"height":1280,"caption":"stadtraum GmbH"},"image":{"@id":"https:\/\/mobilet.eu\/de\/#\/schema\/logo\/image\/"},"sameAs":["https:\/\/www.facebook.com\/mobilet.de","https:\/\/www.instagram.com\/mobilet.de\/"]}]}},"_links":{"self":[{"href":"https:\/\/mobilet.eu\/de\/wp-json\/wp\/v2\/staedte\/3666","targetHints":{"allow":["GET"]}}],"collection":[{"href":"https:\/\/mobilet.eu\/de\/wp-json\/wp\/v2\/staedte"}],"about":[{"href":"https:\/\/mobilet.eu\/de\/wp-json\/wp\/v2\/types\/staedte"}],"author":[{"embeddable":true,"href":"https:\/\/mobilet.eu\/de\/wp-json\/wp\/v2\/users\/1"}],"version-history":[{"count":4,"href":"https:\/\/mobilet.eu\/de\/wp-json\/wp\/v2\/staedte\/3666\/revisions"}],"predecessor-version":[{"id":12795,"href":"https:\/\/mobilet.eu\/de\/wp-json\/wp\/v2\/staedte\/3666\/revisions\/12795"}],"wp:featuredmedia":[{"embeddable":true,"href":"https:\/\/mobilet.eu\/de\/wp-json\/wp\/v2\/media\/3669"}],"wp:attachment":[{"href":"https:\/\/mobilet.eu\/de\/wp-json\/wp\/v2\/media?parent=3666"}],"wp:term":[{"taxonomy":"modules","embeddable":true,"href":"https:\/\/mobilet.eu\/de\/wp-json\/wp\/v2\/modules?post=3666"}],"curies":[{"name":"wp","href":"https:\/\/api.w.org\/{rel}","templated":true}]}}