{"id":3672,"date":"2021-09-28T15:34:52","date_gmt":"2021-09-28T13:34:52","guid":{"rendered":"https:\/\/mobilet.eu\/de\/?post_type=cities&#038;p=3672"},"modified":"2023-12-08T16:01:31","modified_gmt":"2023-12-08T15:01:31","slug":"wesel","status":"publish","type":"staedte","link":"https:\/\/mobilet.eu\/de\/staedte\/wesel\/","title":{"rendered":"Wesel"},"content":{"rendered":"\n<p class=\"wp-block-paragraph\">Die Hansestadt Wesel liegt am Niederrhein und ist Kreisstadt des Kreises Wesel. Sie geh\u00f6rt zum Regierungsbezirk D\u00fcsseldorf in Nordrhein-Westfalen und hat den Status einer Metropole mit rund 60.000 Einwohnern. Wesel liegt an Rhein und Lipe, in der weiteren Umgebung gibt es mehrere Gro\u00dfst\u00e4dte. Bei Wesel m\u00fcndet die Lippe in den Rhein. Seit 1842 ist Wesel ein Kreis. <\/p>\n\n\n\n<p class=\"wp-block-paragraph\">Mit den Regionalreformen 1969 und 1975 erweiterte sich das Stadtgebiet erheblich. Seitdem umfasst es gr\u00f6\u00dfere l\u00e4ndliche Gebiete, gepr\u00e4gt von Rhein, Lippe, dem ausgebaggerten Oe-See und gr\u00f6\u00dferen Waldgebieten wie dem Dilsforder Forst. Die Stadt gilt als eine der besten Radst\u00e4dte Deutschlands, die nahe A 3 und mehrere Bundesstra\u00dfen sind wichtige Anbindungen f\u00fcr den Autoverkehr.<\/p>\n\n\n\n<p class=\"wp-block-paragraph\">In&nbsp;<strong>Wesel <\/strong>ist also f\u00fcr jeden etwas dabei und mit uns hast du die M\u00f6glichkeit, deine&nbsp;<strong>Mobilit\u00e4t&nbsp;<\/strong>so einfach wie m\u00f6glich zu gestalten, um mehr Zeit f\u00fcr die verschiedenen Aktivit\u00e4ten zu haben. Das Auto kannst du deswegen einfach mal abstellen und loslegen. Mit unserer mobilet-App musst du also nicht mal mehr am Automaten warten.<\/p>\n\n\n\n<p class=\"wp-block-paragraph\">mobilet ersetzt den klassischen Parkschein vom Automaten durch ein\u00a0<strong>digitales Parkticket<\/strong>. Lade dir dazu die mobilet App kostenlos im\u00a0<a href=\"http:\/\/get.mobilet.eu\/de\/\">App Store \/ Play Store<\/a>\u00a0herunter. Nach der erfolgreichen Registrierung kannst du danach deine\u00a0<strong>Kreditkarte<\/strong>\u00a0in deinem Wallet hinterlegen. Von dieser wird jeder Parkschein beim Kauf abgebucht. Alternativ kannst du auch dein\u00a0<strong>Prepaid Konto<\/strong>\u00a0\u00fcber den Men\u00fcpunkt \u201eKonto aufladen\u201c mit allen g\u00e4ngigen Zahlungsmethoden aufladen.<br><br>mobilet ist\u00a0<strong>deutschlandweit verf\u00fcgbar<\/strong>\u00a0und Teil unserer\u00a0<strong>Mobilit\u00e4tsplattform<\/strong>\u00a0mit\u00a0<a href=\"https:\/\/mobilet.eu\/de\/modules\/\">weiteren Modulen<\/a>. Eine Standortliste findest du\u00a0<a href=\"https:\/\/mobilet.eu\/de\/staedte\/\">hier<\/a>.<\/p>\n\n\n\n<p class=\"wp-block-paragraph\">Parken in Wesel war nie einfacher!<\/p>\n","protected":false},"excerpt":{"rendered":"<p>Die Hansestadt Wesel liegt am Niederrhein und ist Kreisstadt des Kreises Wesel. Sie geh\u00f6rt zum Regierungsbezirk D\u00fcsseldorf in Nordrhein-Westfalen und &#8230; <a href=\"https:\/\/mobilet.eu\/de\/staedte\/wesel\/\" aria-label=\"Weiterlesen \u00fcber Wesel\">Weiterlesen \u00fcber Wesel<\/a><\/p>\n","protected":false},"author":1,"featured_media":3674,"template":"","meta":{"_crdt_document":"","content-type":"","footnotes":""},"modules":[2],"class_list":["post-3672","staedte","type-staedte","status-publish","has-post-thumbnail","hentry","modules-parken"],"yoast_head":"<!-- This site is optimized with the Yoast SEO plugin v27.4 - https:\/\/yoast.com\/product\/yoast-seo-wordpress\/ -->\n<title>Wesel | mobilet.de<\/title>\n<meta name=\"description\" content=\"mobilet ist\u00a0deutschlandweit verf\u00fcgbar\u00a0und Teil unserer\u00a0Mobilit\u00e4tsplattform\u00a0mit\u00a0weiteren Modulen. Parken in Wesel war nie einfacher!\" \/>\n<meta name=\"robots\" content=\"index, follow, max-snippet:-1, max-image-preview:large, max-video-preview:-1\" \/>\n<link rel=\"canonical\" href=\"https:\/\/mobilet.eu\/de\/staedte\/wesel\/\" \/>\n<meta property=\"og:locale\" content=\"de_DE\" \/>\n<meta property=\"og:type\" content=\"article\" \/>\n<meta property=\"og:title\" content=\"Wesel | mobilet.de\" \/>\n<meta property=\"og:description\" content=\"mobilet ist\u00a0deutschlandweit verf\u00fcgbar\u00a0und Teil unserer\u00a0Mobilit\u00e4tsplattform\u00a0mit\u00a0weiteren Modulen. Parken in Wesel war nie einfacher!\" \/>\n<meta property=\"og:url\" content=\"https:\/\/mobilet.eu\/de\/staedte\/wesel\/\" \/>\n<meta property=\"og:site_name\" content=\"mobilet.de\" \/>\n<meta property=\"article:publisher\" content=\"https:\/\/www.facebook.com\/mobilet.de\" \/>\n<meta property=\"article:modified_time\" content=\"2023-12-08T15:01:31+00:00\" \/>\n<meta property=\"og:image\" content=\"https:\/\/mobilet.eu\/de\/wp-content\/uploads\/sites\/2\/2021\/09\/wesel-scaled.jpeg\" \/>\n\t<meta property=\"og:image:width\" content=\"2560\" \/>\n\t<meta property=\"og:image:height\" content=\"1707\" \/>\n\t<meta property=\"og:image:type\" content=\"image\/jpeg\" \/>\n<meta name=\"twitter:card\" content=\"summary_large_image\" \/>\n<meta name=\"twitter:label1\" content=\"Gesch\u00e4tzte Lesezeit\" \/>\n\t<meta name=\"twitter:data1\" content=\"2\u00a0Minuten\" \/>\n<script type=\"application\/ld+json\" class=\"yoast-schema-graph\">{\"@context\":\"https:\\\/\\\/schema.org\",\"@graph\":[{\"@type\":\"WebPage\",\"@id\":\"https:\\\/\\\/mobilet.eu\\\/de\\\/staedte\\\/wesel\\\/\",\"url\":\"https:\\\/\\\/mobilet.eu\\\/de\\\/staedte\\\/wesel\\\/\",\"name\":\"Wesel | mobilet.de\",\"isPartOf\":{\"@id\":\"https:\\\/\\\/mobilet.eu\\\/de\\\/#website\"},\"primaryImageOfPage\":{\"@id\":\"https:\\\/\\\/mobilet.eu\\\/de\\\/staedte\\\/wesel\\\/#primaryimage\"},\"image\":{\"@id\":\"https:\\\/\\\/mobilet.eu\\\/de\\\/staedte\\\/wesel\\\/#primaryimage\"},\"thumbnailUrl\":\"https:\\\/\\\/mobilet.eu\\\/de\\\/wp-content\\\/uploads\\\/sites\\\/2\\\/2021\\\/09\\\/wesel-scaled.jpeg\",\"datePublished\":\"2021-09-28T13:34:52+00:00\",\"dateModified\":\"2023-12-08T15:01:31+00:00\",\"description\":\"mobilet ist\u00a0deutschlandweit verf\u00fcgbar\u00a0und Teil unserer\u00a0Mobilit\u00e4tsplattform\u00a0mit\u00a0weiteren Modulen. Parken in Wesel war nie einfacher!\",\"breadcrumb\":{\"@id\":\"https:\\\/\\\/mobilet.eu\\\/de\\\/staedte\\\/wesel\\\/#breadcrumb\"},\"inLanguage\":\"de\",\"potentialAction\":[{\"@type\":\"ReadAction\",\"target\":[\"https:\\\/\\\/mobilet.eu\\\/de\\\/staedte\\\/wesel\\\/\"]}]},{\"@type\":\"ImageObject\",\"inLanguage\":\"de\",\"@id\":\"https:\\\/\\\/mobilet.eu\\\/de\\\/staedte\\\/wesel\\\/#primaryimage\",\"url\":\"https:\\\/\\\/mobilet.eu\\\/de\\\/wp-content\\\/uploads\\\/sites\\\/2\\\/2021\\\/09\\\/wesel-scaled.jpeg\",\"contentUrl\":\"https:\\\/\\\/mobilet.eu\\\/de\\\/wp-content\\\/uploads\\\/sites\\\/2\\\/2021\\\/09\\\/wesel-scaled.jpeg\",\"width\":2560,\"height\":1707,\"caption\":\"mobilet in Wesel\"},{\"@type\":\"BreadcrumbList\",\"@id\":\"https:\\\/\\\/mobilet.eu\\\/de\\\/staedte\\\/wesel\\\/#breadcrumb\",\"itemListElement\":[{\"@type\":\"ListItem\",\"position\":1,\"name\":\"Home\",\"item\":\"https:\\\/\\\/mobilet.eu\\\/de\\\/\"},{\"@type\":\"ListItem\",\"position\":2,\"name\":\"Wesel\"}]},{\"@type\":\"WebSite\",\"@id\":\"https:\\\/\\\/mobilet.eu\\\/de\\\/#website\",\"url\":\"https:\\\/\\\/mobilet.eu\\\/de\\\/\",\"name\":\"mobilet.de\",\"description\":\"Handyparken und mehr \u2026\",\"publisher\":{\"@id\":\"https:\\\/\\\/mobilet.eu\\\/de\\\/#organization\"},\"potentialAction\":[{\"@type\":\"SearchAction\",\"target\":{\"@type\":\"EntryPoint\",\"urlTemplate\":\"https:\\\/\\\/mobilet.eu\\\/de\\\/?s={search_term_string}\"},\"query-input\":{\"@type\":\"PropertyValueSpecification\",\"valueRequired\":true,\"valueName\":\"search_term_string\"}}],\"inLanguage\":\"de\"},{\"@type\":\"Organization\",\"@id\":\"https:\\\/\\\/mobilet.eu\\\/de\\\/#organization\",\"name\":\"stadtraum GmbH\",\"url\":\"https:\\\/\\\/mobilet.eu\\\/de\\\/\",\"logo\":{\"@type\":\"ImageObject\",\"inLanguage\":\"de\",\"@id\":\"https:\\\/\\\/mobilet.eu\\\/de\\\/#\\\/schema\\\/logo\\\/image\\\/\",\"url\":\"https:\\\/\\\/mobilet.eu\\\/de\\\/wp-content\\\/uploads\\\/sites\\\/2\\\/2022\\\/11\\\/mobilet-handyparken-01.jpg\",\"contentUrl\":\"https:\\\/\\\/mobilet.eu\\\/de\\\/wp-content\\\/uploads\\\/sites\\\/2\\\/2022\\\/11\\\/mobilet-handyparken-01.jpg\",\"width\":1920,\"height\":1280,\"caption\":\"stadtraum GmbH\"},\"image\":{\"@id\":\"https:\\\/\\\/mobilet.eu\\\/de\\\/#\\\/schema\\\/logo\\\/image\\\/\"},\"sameAs\":[\"https:\\\/\\\/www.facebook.com\\\/mobilet.de\",\"https:\\\/\\\/www.instagram.com\\\/mobilet.de\\\/\"]}]}<\/script>\n<!-- \/ Yoast SEO plugin. -->","yoast_head_json":{"title":"Wesel | mobilet.de","description":"mobilet ist\u00a0deutschlandweit verf\u00fcgbar\u00a0und Teil unserer\u00a0Mobilit\u00e4tsplattform\u00a0mit\u00a0weiteren Modulen. Parken in Wesel war nie einfacher!","robots":{"index":"index","follow":"follow","max-snippet":"max-snippet:-1","max-image-preview":"max-image-preview:large","max-video-preview":"max-video-preview:-1"},"canonical":"https:\/\/mobilet.eu\/de\/staedte\/wesel\/","og_locale":"de_DE","og_type":"article","og_title":"Wesel | mobilet.de","og_description":"mobilet ist\u00a0deutschlandweit verf\u00fcgbar\u00a0und Teil unserer\u00a0Mobilit\u00e4tsplattform\u00a0mit\u00a0weiteren Modulen. Parken in Wesel war nie einfacher!","og_url":"https:\/\/mobilet.eu\/de\/staedte\/wesel\/","og_site_name":"mobilet.de","article_publisher":"https:\/\/www.facebook.com\/mobilet.de","article_modified_time":"2023-12-08T15:01:31+00:00","og_image":[{"width":2560,"height":1707,"url":"https:\/\/mobilet.eu\/de\/wp-content\/uploads\/sites\/2\/2021\/09\/wesel-scaled.jpeg","type":"image\/jpeg"}],"twitter_card":"summary_large_image","twitter_misc":{"Gesch\u00e4tzte Lesezeit":"2\u00a0Minuten"},"schema":{"@context":"https:\/\/schema.org","@graph":[{"@type":"WebPage","@id":"https:\/\/mobilet.eu\/de\/staedte\/wesel\/","url":"https:\/\/mobilet.eu\/de\/staedte\/wesel\/","name":"Wesel | mobilet.de","isPartOf":{"@id":"https:\/\/mobilet.eu\/de\/#website"},"primaryImageOfPage":{"@id":"https:\/\/mobilet.eu\/de\/staedte\/wesel\/#primaryimage"},"image":{"@id":"https:\/\/mobilet.eu\/de\/staedte\/wesel\/#primaryimage"},"thumbnailUrl":"https:\/\/mobilet.eu\/de\/wp-content\/uploads\/sites\/2\/2021\/09\/wesel-scaled.jpeg","datePublished":"2021-09-28T13:34:52+00:00","dateModified":"2023-12-08T15:01:31+00:00","description":"mobilet ist\u00a0deutschlandweit verf\u00fcgbar\u00a0und Teil unserer\u00a0Mobilit\u00e4tsplattform\u00a0mit\u00a0weiteren Modulen. Parken in Wesel war nie einfacher!","breadcrumb":{"@id":"https:\/\/mobilet.eu\/de\/staedte\/wesel\/#breadcrumb"},"inLanguage":"de","potentialAction":[{"@type":"ReadAction","target":["https:\/\/mobilet.eu\/de\/staedte\/wesel\/"]}]},{"@type":"ImageObject","inLanguage":"de","@id":"https:\/\/mobilet.eu\/de\/staedte\/wesel\/#primaryimage","url":"https:\/\/mobilet.eu\/de\/wp-content\/uploads\/sites\/2\/2021\/09\/wesel-scaled.jpeg","contentUrl":"https:\/\/mobilet.eu\/de\/wp-content\/uploads\/sites\/2\/2021\/09\/wesel-scaled.jpeg","width":2560,"height":1707,"caption":"mobilet in Wesel"},{"@type":"BreadcrumbList","@id":"https:\/\/mobilet.eu\/de\/staedte\/wesel\/#breadcrumb","itemListElement":[{"@type":"ListItem","position":1,"name":"Home","item":"https:\/\/mobilet.eu\/de\/"},{"@type":"ListItem","position":2,"name":"Wesel"}]},{"@type":"WebSite","@id":"https:\/\/mobilet.eu\/de\/#website","url":"https:\/\/mobilet.eu\/de\/","name":"mobilet.de","description":"Handyparken und mehr \u2026","publisher":{"@id":"https:\/\/mobilet.eu\/de\/#organization"},"potentialAction":[{"@type":"SearchAction","target":{"@type":"EntryPoint","urlTemplate":"https:\/\/mobilet.eu\/de\/?s={search_term_string}"},"query-input":{"@type":"PropertyValueSpecification","valueRequired":true,"valueName":"search_term_string"}}],"inLanguage":"de"},{"@type":"Organization","@id":"https:\/\/mobilet.eu\/de\/#organization","name":"stadtraum GmbH","url":"https:\/\/mobilet.eu\/de\/","logo":{"@type":"ImageObject","inLanguage":"de","@id":"https:\/\/mobilet.eu\/de\/#\/schema\/logo\/image\/","url":"https:\/\/mobilet.eu\/de\/wp-content\/uploads\/sites\/2\/2022\/11\/mobilet-handyparken-01.jpg","contentUrl":"https:\/\/mobilet.eu\/de\/wp-content\/uploads\/sites\/2\/2022\/11\/mobilet-handyparken-01.jpg","width":1920,"height":1280,"caption":"stadtraum GmbH"},"image":{"@id":"https:\/\/mobilet.eu\/de\/#\/schema\/logo\/image\/"},"sameAs":["https:\/\/www.facebook.com\/mobilet.de","https:\/\/www.instagram.com\/mobilet.de\/"]}]}},"_links":{"self":[{"href":"https:\/\/mobilet.eu\/de\/wp-json\/wp\/v2\/staedte\/3672","targetHints":{"allow":["GET"]}}],"collection":[{"href":"https:\/\/mobilet.eu\/de\/wp-json\/wp\/v2\/staedte"}],"about":[{"href":"https:\/\/mobilet.eu\/de\/wp-json\/wp\/v2\/types\/staedte"}],"author":[{"embeddable":true,"href":"https:\/\/mobilet.eu\/de\/wp-json\/wp\/v2\/users\/1"}],"version-history":[{"count":5,"href":"https:\/\/mobilet.eu\/de\/wp-json\/wp\/v2\/staedte\/3672\/revisions"}],"predecessor-version":[{"id":11810,"href":"https:\/\/mobilet.eu\/de\/wp-json\/wp\/v2\/staedte\/3672\/revisions\/11810"}],"wp:featuredmedia":[{"embeddable":true,"href":"https:\/\/mobilet.eu\/de\/wp-json\/wp\/v2\/media\/3674"}],"wp:attachment":[{"href":"https:\/\/mobilet.eu\/de\/wp-json\/wp\/v2\/media?parent=3672"}],"wp:term":[{"taxonomy":"modules","embeddable":true,"href":"https:\/\/mobilet.eu\/de\/wp-json\/wp\/v2\/modules?post=3672"}],"curies":[{"name":"wp","href":"https:\/\/api.w.org\/{rel}","templated":true}]}}