{"id":3923,"date":"2021-10-22T10:40:28","date_gmt":"2021-10-22T08:40:28","guid":{"rendered":"https:\/\/mobilet.eu\/de\/?post_type=cities&#038;p=3923"},"modified":"2025-01-10T09:26:42","modified_gmt":"2025-01-10T08:26:42","slug":"etzelwang-neutras","status":"publish","type":"staedte","link":"https:\/\/mobilet.eu\/de\/staedte\/etzelwang-neutras\/","title":{"rendered":"Etzelwang-Neutras"},"content":{"rendered":"\n<h4 class=\"wp-block-heading\"><strong>Etzelwang-Neutras: Idylle in der Oberpfalz<\/strong><\/h4>\n\n\n\n<p class=\"wp-block-paragraph\">Etzelwang-Neutras &#8211; ein beschaulicher Ort in der Oberpfalz. Er beeindruckt durch seine l\u00e4ndliche Idylle, malerische Landschaften und eine freundliche Gemeinschaft. Diese Doppelgemeinde besteht aus Etzelwang und Neutras, die sich harmonisch in die umgebende Natur eingebettet haben.<\/p>\n\n\n\n<h4 class=\"wp-block-heading\"><strong>L\u00e4ndliche Sch\u00f6nheit und Geschichte in Etzelwang<\/strong><\/h4>\n\n\n\n<p class=\"wp-block-paragraph\">Der Teil Etzelwang ist gepr\u00e4gt von gr\u00fcnen Wiesen, kleinen W\u00e4ldern und charmanten Bauernh\u00f6fen. Er verk\u00f6rpert die l\u00e4ndliche Sch\u00f6nheit der Oberpfalz. Der historische Ortskern von Etzelwang zeugt von einer traditionsreichen Vergangenheit. Die St. Nikolaus Kirche und das Schloss Etzelwang, ein beeindruckendes Bauwerk aus dem 18. Jahrhundert, spiegeln die historische Substanz des Ortes wider. Beim Bummel durch die engen Gassen erlebt man die Herzlichkeit der Einheimischen und kann lokale Spezialit\u00e4ten in den gem\u00fctlichen Gasth\u00e4usern kosten.<\/p>\n\n\n\n<h4 class=\"wp-block-heading\"><strong>Naturn\u00e4he und Erholung in Neutras<\/strong><\/h4>\n\n\n\n<p class=\"wp-block-paragraph\">Neutras, ein Ortsteil von Etzelwang, punktet mit seiner naturnahen Lage und dem Erholungscharakter. Die umliegenden W\u00e4lder und der nahegelegene Naturpark Hirschwald laden zu ausgedehnten Spazierg\u00e4ngen, Wanderungen und Fahrradtouren ein. Hier findet man Ruhe und Erholung fernab vom Trubel der Stadt. Der Naturbadesee Neutras, ein idyllisches Gew\u00e4sser inmitten gr\u00fcner H\u00fcgel, bietet im Sommer eine willkommene Abk\u00fchlung und ist ein beliebter Treffpunkt f\u00fcr Einheimische und Besucher.<\/p>\n\n\n\n<p class=\"wp-block-paragraph\">Etzelwang-Neutras ist nicht nur f\u00fcr seine malerische Landschaft, sondern auch f\u00fcr die famili\u00e4re Gemeinschaft bekannt. Verschiedene Dorffeste und Veranstaltungen bringen die Menschen zusammen, f\u00f6rdern den Austausch und zeigen, dass Tradition und Moderne hier Hand in Hand gehen. <\/p>\n\n\n\n<p class=\"wp-block-paragraph\"><strong>Das Beste: in Etzelwang-Neutras k\u00f6nnen Parktickets ganz einfach \u00fcber das eigene Handy gekauft werden. Da\u00fcr einfach die <a href=\"https:\/\/mobilet.eu\/de\/download\/\">mobilet App herunterladen<\/a>.<\/strong><\/p>\n\n\n\n<p class=\"wp-block-paragraph\">Diese Doppelgemeinde in der Oberpfalz ist also ein Geheimtipp f\u00fcr all jene, die die Sch\u00f6nheit der Natur, historisches Flair und die Herzlichkeit einer l\u00e4ndlichen Gemeinschaft sch\u00e4tzen. Weitere Informationen findest du <a href=\"https:\/\/de.wikipedia.org\/wiki\/Neutras\">hier<\/a>.<\/p>\n\n\n\n<p class=\"wp-block-paragraph\"><\/p>\n\n\n\n<p class=\"wp-block-paragraph\"><\/p>\n","protected":false},"excerpt":{"rendered":"<p>Etzelwang-Neutras: Idylle in der Oberpfalz Etzelwang-Neutras &#8211; ein beschaulicher Ort in der Oberpfalz. Er beeindruckt durch seine l\u00e4ndliche Idylle, malerische &#8230; <a href=\"https:\/\/mobilet.eu\/de\/staedte\/etzelwang-neutras\/\" aria-label=\"Weiterlesen \u00fcber Etzelwang-Neutras\">Weiterlesen \u00fcber Etzelwang-Neutras<\/a><\/p>\n","protected":false},"author":16,"featured_media":4092,"template":"","meta":{"_crdt_document":"","content-type":"","footnotes":""},"modules":[2],"class_list":["post-3923","staedte","type-staedte","status-publish","has-post-thumbnail","hentry","modules-parken"],"yoast_head":"<!-- This site is optimized with the Yoast SEO plugin v27.4 - https:\/\/yoast.com\/product\/yoast-seo-wordpress\/ -->\n<title>Etzelwang-Neutras | mobilet.de<\/title>\n<meta name=\"description\" content=\"Deine gesamte Mobilit\u00e4t in einer App, die dir die Reise durch Etzelwang-Neutras ganz einfach macht. Entdecke jetzt mobilet deutschlandweit.\" \/>\n<meta name=\"robots\" content=\"index, follow, max-snippet:-1, max-image-preview:large, max-video-preview:-1\" \/>\n<link rel=\"canonical\" href=\"https:\/\/mobilet.eu\/de\/staedte\/etzelwang-neutras\/\" \/>\n<meta property=\"og:locale\" content=\"de_DE\" \/>\n<meta property=\"og:type\" content=\"article\" \/>\n<meta property=\"og:title\" content=\"Etzelwang-Neutras | mobilet.de\" \/>\n<meta property=\"og:description\" content=\"Deine gesamte Mobilit\u00e4t in einer App, die dir die Reise durch Etzelwang-Neutras ganz einfach macht. Entdecke jetzt mobilet deutschlandweit.\" \/>\n<meta property=\"og:url\" content=\"https:\/\/mobilet.eu\/de\/staedte\/etzelwang-neutras\/\" \/>\n<meta property=\"og:site_name\" content=\"mobilet.de\" \/>\n<meta property=\"article:publisher\" content=\"https:\/\/www.facebook.com\/mobilet.de\" \/>\n<meta property=\"article:modified_time\" content=\"2025-01-10T08:26:42+00:00\" \/>\n<meta property=\"og:image\" content=\"https:\/\/mobilet.eu\/de\/wp-content\/uploads\/sites\/2\/2021\/10\/stadt_etzelwang-scaled.jpeg\" \/>\n\t<meta property=\"og:image:width\" content=\"2560\" \/>\n\t<meta property=\"og:image:height\" content=\"1707\" \/>\n\t<meta property=\"og:image:type\" content=\"image\/jpeg\" \/>\n<meta name=\"twitter:card\" content=\"summary_large_image\" \/>\n<meta name=\"twitter:label1\" content=\"Gesch\u00e4tzte Lesezeit\" \/>\n\t<meta name=\"twitter:data1\" content=\"2\u00a0Minuten\" \/>\n<script type=\"application\/ld+json\" class=\"yoast-schema-graph\">{\"@context\":\"https:\\\/\\\/schema.org\",\"@graph\":[{\"@type\":\"WebPage\",\"@id\":\"https:\\\/\\\/mobilet.eu\\\/de\\\/staedte\\\/etzelwang-neutras\\\/\",\"url\":\"https:\\\/\\\/mobilet.eu\\\/de\\\/staedte\\\/etzelwang-neutras\\\/\",\"name\":\"Etzelwang-Neutras | mobilet.de\",\"isPartOf\":{\"@id\":\"https:\\\/\\\/mobilet.eu\\\/de\\\/#website\"},\"primaryImageOfPage\":{\"@id\":\"https:\\\/\\\/mobilet.eu\\\/de\\\/staedte\\\/etzelwang-neutras\\\/#primaryimage\"},\"image\":{\"@id\":\"https:\\\/\\\/mobilet.eu\\\/de\\\/staedte\\\/etzelwang-neutras\\\/#primaryimage\"},\"thumbnailUrl\":\"https:\\\/\\\/mobilet.eu\\\/de\\\/wp-content\\\/uploads\\\/sites\\\/2\\\/2021\\\/10\\\/stadt_etzelwang-scaled.jpeg\",\"datePublished\":\"2021-10-22T08:40:28+00:00\",\"dateModified\":\"2025-01-10T08:26:42+00:00\",\"description\":\"Deine gesamte Mobilit\u00e4t in einer App, die dir die Reise durch Etzelwang-Neutras ganz einfach macht. Entdecke jetzt mobilet deutschlandweit.\",\"breadcrumb\":{\"@id\":\"https:\\\/\\\/mobilet.eu\\\/de\\\/staedte\\\/etzelwang-neutras\\\/#breadcrumb\"},\"inLanguage\":\"de\",\"potentialAction\":[{\"@type\":\"ReadAction\",\"target\":[\"https:\\\/\\\/mobilet.eu\\\/de\\\/staedte\\\/etzelwang-neutras\\\/\"]}]},{\"@type\":\"ImageObject\",\"inLanguage\":\"de\",\"@id\":\"https:\\\/\\\/mobilet.eu\\\/de\\\/staedte\\\/etzelwang-neutras\\\/#primaryimage\",\"url\":\"https:\\\/\\\/mobilet.eu\\\/de\\\/wp-content\\\/uploads\\\/sites\\\/2\\\/2021\\\/10\\\/stadt_etzelwang-scaled.jpeg\",\"contentUrl\":\"https:\\\/\\\/mobilet.eu\\\/de\\\/wp-content\\\/uploads\\\/sites\\\/2\\\/2021\\\/10\\\/stadt_etzelwang-scaled.jpeg\",\"width\":2560,\"height\":1707,\"caption\":\"Magischer Ausblick von hohem Punkt auf flache Landschaft.\"},{\"@type\":\"BreadcrumbList\",\"@id\":\"https:\\\/\\\/mobilet.eu\\\/de\\\/staedte\\\/etzelwang-neutras\\\/#breadcrumb\",\"itemListElement\":[{\"@type\":\"ListItem\",\"position\":1,\"name\":\"Home\",\"item\":\"https:\\\/\\\/mobilet.eu\\\/de\\\/\"},{\"@type\":\"ListItem\",\"position\":2,\"name\":\"Etzelwang-Neutras\"}]},{\"@type\":\"WebSite\",\"@id\":\"https:\\\/\\\/mobilet.eu\\\/de\\\/#website\",\"url\":\"https:\\\/\\\/mobilet.eu\\\/de\\\/\",\"name\":\"mobilet.de\",\"description\":\"Handyparken und mehr \u2026\",\"publisher\":{\"@id\":\"https:\\\/\\\/mobilet.eu\\\/de\\\/#organization\"},\"potentialAction\":[{\"@type\":\"SearchAction\",\"target\":{\"@type\":\"EntryPoint\",\"urlTemplate\":\"https:\\\/\\\/mobilet.eu\\\/de\\\/?s={search_term_string}\"},\"query-input\":{\"@type\":\"PropertyValueSpecification\",\"valueRequired\":true,\"valueName\":\"search_term_string\"}}],\"inLanguage\":\"de\"},{\"@type\":\"Organization\",\"@id\":\"https:\\\/\\\/mobilet.eu\\\/de\\\/#organization\",\"name\":\"stadtraum GmbH\",\"url\":\"https:\\\/\\\/mobilet.eu\\\/de\\\/\",\"logo\":{\"@type\":\"ImageObject\",\"inLanguage\":\"de\",\"@id\":\"https:\\\/\\\/mobilet.eu\\\/de\\\/#\\\/schema\\\/logo\\\/image\\\/\",\"url\":\"https:\\\/\\\/mobilet.eu\\\/de\\\/wp-content\\\/uploads\\\/sites\\\/2\\\/2022\\\/11\\\/mobilet-handyparken-01.jpg\",\"contentUrl\":\"https:\\\/\\\/mobilet.eu\\\/de\\\/wp-content\\\/uploads\\\/sites\\\/2\\\/2022\\\/11\\\/mobilet-handyparken-01.jpg\",\"width\":1920,\"height\":1280,\"caption\":\"stadtraum GmbH\"},\"image\":{\"@id\":\"https:\\\/\\\/mobilet.eu\\\/de\\\/#\\\/schema\\\/logo\\\/image\\\/\"},\"sameAs\":[\"https:\\\/\\\/www.facebook.com\\\/mobilet.de\",\"https:\\\/\\\/www.instagram.com\\\/mobilet.de\\\/\"]}]}<\/script>\n<!-- \/ Yoast SEO plugin. -->","yoast_head_json":{"title":"Etzelwang-Neutras | mobilet.de","description":"Deine gesamte Mobilit\u00e4t in einer App, die dir die Reise durch Etzelwang-Neutras ganz einfach macht. Entdecke jetzt mobilet deutschlandweit.","robots":{"index":"index","follow":"follow","max-snippet":"max-snippet:-1","max-image-preview":"max-image-preview:large","max-video-preview":"max-video-preview:-1"},"canonical":"https:\/\/mobilet.eu\/de\/staedte\/etzelwang-neutras\/","og_locale":"de_DE","og_type":"article","og_title":"Etzelwang-Neutras | mobilet.de","og_description":"Deine gesamte Mobilit\u00e4t in einer App, die dir die Reise durch Etzelwang-Neutras ganz einfach macht. Entdecke jetzt mobilet deutschlandweit.","og_url":"https:\/\/mobilet.eu\/de\/staedte\/etzelwang-neutras\/","og_site_name":"mobilet.de","article_publisher":"https:\/\/www.facebook.com\/mobilet.de","article_modified_time":"2025-01-10T08:26:42+00:00","og_image":[{"width":2560,"height":1707,"url":"https:\/\/mobilet.eu\/de\/wp-content\/uploads\/sites\/2\/2021\/10\/stadt_etzelwang-scaled.jpeg","type":"image\/jpeg"}],"twitter_card":"summary_large_image","twitter_misc":{"Gesch\u00e4tzte Lesezeit":"2\u00a0Minuten"},"schema":{"@context":"https:\/\/schema.org","@graph":[{"@type":"WebPage","@id":"https:\/\/mobilet.eu\/de\/staedte\/etzelwang-neutras\/","url":"https:\/\/mobilet.eu\/de\/staedte\/etzelwang-neutras\/","name":"Etzelwang-Neutras | mobilet.de","isPartOf":{"@id":"https:\/\/mobilet.eu\/de\/#website"},"primaryImageOfPage":{"@id":"https:\/\/mobilet.eu\/de\/staedte\/etzelwang-neutras\/#primaryimage"},"image":{"@id":"https:\/\/mobilet.eu\/de\/staedte\/etzelwang-neutras\/#primaryimage"},"thumbnailUrl":"https:\/\/mobilet.eu\/de\/wp-content\/uploads\/sites\/2\/2021\/10\/stadt_etzelwang-scaled.jpeg","datePublished":"2021-10-22T08:40:28+00:00","dateModified":"2025-01-10T08:26:42+00:00","description":"Deine gesamte Mobilit\u00e4t in einer App, die dir die Reise durch Etzelwang-Neutras ganz einfach macht. Entdecke jetzt mobilet deutschlandweit.","breadcrumb":{"@id":"https:\/\/mobilet.eu\/de\/staedte\/etzelwang-neutras\/#breadcrumb"},"inLanguage":"de","potentialAction":[{"@type":"ReadAction","target":["https:\/\/mobilet.eu\/de\/staedte\/etzelwang-neutras\/"]}]},{"@type":"ImageObject","inLanguage":"de","@id":"https:\/\/mobilet.eu\/de\/staedte\/etzelwang-neutras\/#primaryimage","url":"https:\/\/mobilet.eu\/de\/wp-content\/uploads\/sites\/2\/2021\/10\/stadt_etzelwang-scaled.jpeg","contentUrl":"https:\/\/mobilet.eu\/de\/wp-content\/uploads\/sites\/2\/2021\/10\/stadt_etzelwang-scaled.jpeg","width":2560,"height":1707,"caption":"Magischer Ausblick von hohem Punkt auf flache Landschaft."},{"@type":"BreadcrumbList","@id":"https:\/\/mobilet.eu\/de\/staedte\/etzelwang-neutras\/#breadcrumb","itemListElement":[{"@type":"ListItem","position":1,"name":"Home","item":"https:\/\/mobilet.eu\/de\/"},{"@type":"ListItem","position":2,"name":"Etzelwang-Neutras"}]},{"@type":"WebSite","@id":"https:\/\/mobilet.eu\/de\/#website","url":"https:\/\/mobilet.eu\/de\/","name":"mobilet.de","description":"Handyparken und mehr \u2026","publisher":{"@id":"https:\/\/mobilet.eu\/de\/#organization"},"potentialAction":[{"@type":"SearchAction","target":{"@type":"EntryPoint","urlTemplate":"https:\/\/mobilet.eu\/de\/?s={search_term_string}"},"query-input":{"@type":"PropertyValueSpecification","valueRequired":true,"valueName":"search_term_string"}}],"inLanguage":"de"},{"@type":"Organization","@id":"https:\/\/mobilet.eu\/de\/#organization","name":"stadtraum GmbH","url":"https:\/\/mobilet.eu\/de\/","logo":{"@type":"ImageObject","inLanguage":"de","@id":"https:\/\/mobilet.eu\/de\/#\/schema\/logo\/image\/","url":"https:\/\/mobilet.eu\/de\/wp-content\/uploads\/sites\/2\/2022\/11\/mobilet-handyparken-01.jpg","contentUrl":"https:\/\/mobilet.eu\/de\/wp-content\/uploads\/sites\/2\/2022\/11\/mobilet-handyparken-01.jpg","width":1920,"height":1280,"caption":"stadtraum GmbH"},"image":{"@id":"https:\/\/mobilet.eu\/de\/#\/schema\/logo\/image\/"},"sameAs":["https:\/\/www.facebook.com\/mobilet.de","https:\/\/www.instagram.com\/mobilet.de\/"]}]}},"_links":{"self":[{"href":"https:\/\/mobilet.eu\/de\/wp-json\/wp\/v2\/staedte\/3923","targetHints":{"allow":["GET"]}}],"collection":[{"href":"https:\/\/mobilet.eu\/de\/wp-json\/wp\/v2\/staedte"}],"about":[{"href":"https:\/\/mobilet.eu\/de\/wp-json\/wp\/v2\/types\/staedte"}],"author":[{"embeddable":true,"href":"https:\/\/mobilet.eu\/de\/wp-json\/wp\/v2\/users\/16"}],"version-history":[{"count":6,"href":"https:\/\/mobilet.eu\/de\/wp-json\/wp\/v2\/staedte\/3923\/revisions"}],"predecessor-version":[{"id":18135,"href":"https:\/\/mobilet.eu\/de\/wp-json\/wp\/v2\/staedte\/3923\/revisions\/18135"}],"wp:featuredmedia":[{"embeddable":true,"href":"https:\/\/mobilet.eu\/de\/wp-json\/wp\/v2\/media\/4092"}],"wp:attachment":[{"href":"https:\/\/mobilet.eu\/de\/wp-json\/wp\/v2\/media?parent=3923"}],"wp:term":[{"taxonomy":"modules","embeddable":true,"href":"https:\/\/mobilet.eu\/de\/wp-json\/wp\/v2\/modules?post=3923"}],"curies":[{"name":"wp","href":"https:\/\/api.w.org\/{rel}","templated":true}]}}