{"id":415,"date":"2021-04-19T10:46:38","date_gmt":"2021-04-19T08:46:38","guid":{"rendered":"https:\/\/mobilet.eu\/de\/?post_type=cities&#038;p=415"},"modified":"2024-10-13T17:19:27","modified_gmt":"2024-10-13T15:19:27","slug":"fehmarn","status":"publish","type":"staedte","link":"https:\/\/mobilet.eu\/de\/staedte\/fehmarn\/","title":{"rendered":"Fehmarn"},"content":{"rendered":"\n<p class=\"wp-block-paragraph\">Entdecke jetzt mobilet auf Fehmarn und bezahle die Stromboxen und die Tageskurabgabe am Strand bargeldlos und flexibel.<\/p>\n\n\n\n<p class=\"wp-block-paragraph\">Verschiedenste Str\u00e4nde, beeindruckende Natur und viel Action: das findest du auf der drittgr\u00f6\u00dften Insel Deutschlands. Fehmarn weist eine 78km lange K\u00fcste samt Sand- und Naturstr\u00e4nden und Steilk\u00fcsten auf. Durch die vielen Naturschutzgebiete bildet Fehmarn eine \u00f6kologisch wertvolle Region und zehntausende Zugv\u00f6gel haben hier ihre Heimat oder finden einen Rastplatz auf dem Weg Richtung S\u00fcden.<\/p>\n\n\n\n<p class=\"wp-block-paragraph\">Abgesehen vom Meer und vom Strand gibt es noch mehr zu entdecken. Die Fehmarnsundbr\u00fccke gilt als Wahrzeichen und verbindet die S\u00fcdseite der Insel mit dem Festland. Hierr\u00fcber verl\u00e4uft ebenfalls die Bahnstrecke von <a href=\"https:\/\/mobilet.eu\/de\/cities\/grossenbrode\/\" target=\"_blank\" rel=\"noreferrer noopener\">Gro\u00dfenbrode <\/a>nach Puttgarden. Der neue Fl\u00fcgger Leuchtturm steht im Naturschutzgebiet Krummsteert und ist mit seinen 37 metern der H\u00f6chste der Insel. <\/p>\n\n\n\n<p class=\"wp-block-paragraph\">Mit mobilet kannst du auf Fehmarn am Strand deine <strong>Tageskurabgabe <\/strong>bargeldlos bezahlen. G\u00e4ste unter 18 Jahre m\u00fcssen die Tageskurabgabe nicht bezahlen. Zudem kannst du dein Auto mit einer der Stromboxen laden und direkt \u00fcber die App bezahlen.<\/p>\n\n\n\n<p class=\"wp-block-paragraph\">Lade dir dazu die mobilet App kostenlos im&nbsp;<a href=\"http:\/\/get.mobilet.eu\/de\/\">App Store \/ Play Store<\/a>&nbsp;herunter. Nach der erfolgreichen Registrierung kannst du danach deine&nbsp;<strong>Kreditkarte<\/strong>&nbsp;in deinem Wallet hinterlegen. Von dieser wird jeder Parkschein beim Kauf abgebucht. Alternativ kannst du auch dein&nbsp;<strong>Prepaid Konto<\/strong>&nbsp;\u00fcber den Men\u00fcpunkt \u201eKonto aufladen\u201c mit allen g\u00e4ngigen Zahlungsmethoden aufladen.<\/p>\n\n\n\n<p class=\"wp-block-paragraph\">Entdecke nun mobilet auf Fehmarn und <a href=\"https:\/\/mobilet.eu\/de\/staedte\/\" target=\"_blank\" rel=\"noreferrer noopener\">vielen weiteren St\u00e4dten<\/a> deutschlandweit. Mehr \u00fcber die Insel Fehmarn erf\u00e4hrst du <a href=\"https:\/\/www.fehmarn.de\/\" target=\"_blank\" rel=\"noreferrer noopener\">hier<\/a>.<\/p>\n","protected":false},"excerpt":{"rendered":"<p>Entdecke jetzt mobilet auf Fehmarn und bezahle die Stromboxen und die Tageskurabgabe am Strand bargeldlos und flexibel. Verschiedenste Str\u00e4nde, beeindruckende &#8230; <a href=\"https:\/\/mobilet.eu\/de\/staedte\/fehmarn\/\" aria-label=\"Weiterlesen \u00fcber Fehmarn\">Weiterlesen \u00fcber Fehmarn<\/a><\/p>\n","protected":false},"author":16,"featured_media":7504,"template":"","meta":{"_crdt_document":"","content-type":"","footnotes":""},"modules":[3,5],"class_list":["post-415","staedte","type-staedte","status-publish","has-post-thumbnail","hentry","modules-freizeit","modules-strombox"],"yoast_head":"<!-- This site is optimized with the Yoast SEO plugin v27.4 - https:\/\/yoast.com\/product\/yoast-seo-wordpress\/ -->\n<title>Fehmarn | mobilet.de<\/title>\n<meta name=\"description\" content=\"Deine gesamte Mobilit\u00e4t in einer App, die dir die Reise durch Fehmarn ganz einfach macht. Entdecke jetzt mobilet auf Fehmarn\" \/>\n<meta name=\"robots\" content=\"index, follow, max-snippet:-1, max-image-preview:large, max-video-preview:-1\" \/>\n<link rel=\"canonical\" href=\"https:\/\/mobilet.eu\/de\/staedte\/fehmarn\/\" \/>\n<meta property=\"og:locale\" content=\"de_DE\" \/>\n<meta property=\"og:type\" content=\"article\" \/>\n<meta property=\"og:title\" content=\"Fehmarn | mobilet.de\" \/>\n<meta property=\"og:description\" content=\"Deine gesamte Mobilit\u00e4t in einer App, die dir die Reise durch Fehmarn ganz einfach macht. Entdecke jetzt mobilet auf Fehmarn\" \/>\n<meta property=\"og:url\" content=\"https:\/\/mobilet.eu\/de\/staedte\/fehmarn\/\" \/>\n<meta property=\"og:site_name\" content=\"mobilet.de\" \/>\n<meta property=\"article:publisher\" content=\"https:\/\/www.facebook.com\/mobilet.de\" \/>\n<meta property=\"article:modified_time\" content=\"2024-10-13T15:19:27+00:00\" \/>\n<meta property=\"og:image\" content=\"https:\/\/mobilet.eu\/de\/wp-content\/uploads\/sites\/2\/2021\/04\/Fehmarn-scaled.jpg\" \/>\n\t<meta property=\"og:image:width\" content=\"2560\" \/>\n\t<meta property=\"og:image:height\" content=\"1707\" \/>\n\t<meta property=\"og:image:type\" content=\"image\/jpeg\" \/>\n<meta name=\"twitter:card\" content=\"summary_large_image\" \/>\n<meta name=\"twitter:label1\" content=\"Gesch\u00e4tzte Lesezeit\" \/>\n\t<meta name=\"twitter:data1\" content=\"2\u00a0Minuten\" \/>\n<script type=\"application\/ld+json\" class=\"yoast-schema-graph\">{\"@context\":\"https:\\\/\\\/schema.org\",\"@graph\":[{\"@type\":\"WebPage\",\"@id\":\"https:\\\/\\\/mobilet.eu\\\/de\\\/staedte\\\/fehmarn\\\/\",\"url\":\"https:\\\/\\\/mobilet.eu\\\/de\\\/staedte\\\/fehmarn\\\/\",\"name\":\"Fehmarn | mobilet.de\",\"isPartOf\":{\"@id\":\"https:\\\/\\\/mobilet.eu\\\/de\\\/#website\"},\"primaryImageOfPage\":{\"@id\":\"https:\\\/\\\/mobilet.eu\\\/de\\\/staedte\\\/fehmarn\\\/#primaryimage\"},\"image\":{\"@id\":\"https:\\\/\\\/mobilet.eu\\\/de\\\/staedte\\\/fehmarn\\\/#primaryimage\"},\"thumbnailUrl\":\"https:\\\/\\\/mobilet.eu\\\/de\\\/wp-content\\\/uploads\\\/sites\\\/2\\\/2021\\\/04\\\/Fehmarn-scaled.jpg\",\"datePublished\":\"2021-04-19T08:46:38+00:00\",\"dateModified\":\"2024-10-13T15:19:27+00:00\",\"description\":\"Deine gesamte Mobilit\u00e4t in einer App, die dir die Reise durch Fehmarn ganz einfach macht. Entdecke jetzt mobilet auf Fehmarn\",\"breadcrumb\":{\"@id\":\"https:\\\/\\\/mobilet.eu\\\/de\\\/staedte\\\/fehmarn\\\/#breadcrumb\"},\"inLanguage\":\"de\",\"potentialAction\":[{\"@type\":\"ReadAction\",\"target\":[\"https:\\\/\\\/mobilet.eu\\\/de\\\/staedte\\\/fehmarn\\\/\"]}]},{\"@type\":\"ImageObject\",\"inLanguage\":\"de\",\"@id\":\"https:\\\/\\\/mobilet.eu\\\/de\\\/staedte\\\/fehmarn\\\/#primaryimage\",\"url\":\"https:\\\/\\\/mobilet.eu\\\/de\\\/wp-content\\\/uploads\\\/sites\\\/2\\\/2021\\\/04\\\/Fehmarn-scaled.jpg\",\"contentUrl\":\"https:\\\/\\\/mobilet.eu\\\/de\\\/wp-content\\\/uploads\\\/sites\\\/2\\\/2021\\\/04\\\/Fehmarn-scaled.jpg\",\"width\":2560,\"height\":1707,\"caption\":\"Fehmarn sound bridge. Late summer landscape with beach, dune grass and cloudy sky. Vacation background. Baltic sea coast, Germany, travel destination\"},{\"@type\":\"BreadcrumbList\",\"@id\":\"https:\\\/\\\/mobilet.eu\\\/de\\\/staedte\\\/fehmarn\\\/#breadcrumb\",\"itemListElement\":[{\"@type\":\"ListItem\",\"position\":1,\"name\":\"Home\",\"item\":\"https:\\\/\\\/mobilet.eu\\\/de\\\/\"},{\"@type\":\"ListItem\",\"position\":2,\"name\":\"Fehmarn\"}]},{\"@type\":\"WebSite\",\"@id\":\"https:\\\/\\\/mobilet.eu\\\/de\\\/#website\",\"url\":\"https:\\\/\\\/mobilet.eu\\\/de\\\/\",\"name\":\"mobilet.de\",\"description\":\"Handyparken und mehr \u2026\",\"publisher\":{\"@id\":\"https:\\\/\\\/mobilet.eu\\\/de\\\/#organization\"},\"potentialAction\":[{\"@type\":\"SearchAction\",\"target\":{\"@type\":\"EntryPoint\",\"urlTemplate\":\"https:\\\/\\\/mobilet.eu\\\/de\\\/?s={search_term_string}\"},\"query-input\":{\"@type\":\"PropertyValueSpecification\",\"valueRequired\":true,\"valueName\":\"search_term_string\"}}],\"inLanguage\":\"de\"},{\"@type\":\"Organization\",\"@id\":\"https:\\\/\\\/mobilet.eu\\\/de\\\/#organization\",\"name\":\"stadtraum GmbH\",\"url\":\"https:\\\/\\\/mobilet.eu\\\/de\\\/\",\"logo\":{\"@type\":\"ImageObject\",\"inLanguage\":\"de\",\"@id\":\"https:\\\/\\\/mobilet.eu\\\/de\\\/#\\\/schema\\\/logo\\\/image\\\/\",\"url\":\"https:\\\/\\\/mobilet.eu\\\/de\\\/wp-content\\\/uploads\\\/sites\\\/2\\\/2022\\\/11\\\/mobilet-handyparken-01.jpg\",\"contentUrl\":\"https:\\\/\\\/mobilet.eu\\\/de\\\/wp-content\\\/uploads\\\/sites\\\/2\\\/2022\\\/11\\\/mobilet-handyparken-01.jpg\",\"width\":1920,\"height\":1280,\"caption\":\"stadtraum GmbH\"},\"image\":{\"@id\":\"https:\\\/\\\/mobilet.eu\\\/de\\\/#\\\/schema\\\/logo\\\/image\\\/\"},\"sameAs\":[\"https:\\\/\\\/www.facebook.com\\\/mobilet.de\",\"https:\\\/\\\/www.instagram.com\\\/mobilet.de\\\/\"]}]}<\/script>\n<!-- \/ Yoast SEO plugin. -->","yoast_head_json":{"title":"Fehmarn | mobilet.de","description":"Deine gesamte Mobilit\u00e4t in einer App, die dir die Reise durch Fehmarn ganz einfach macht. Entdecke jetzt mobilet auf Fehmarn","robots":{"index":"index","follow":"follow","max-snippet":"max-snippet:-1","max-image-preview":"max-image-preview:large","max-video-preview":"max-video-preview:-1"},"canonical":"https:\/\/mobilet.eu\/de\/staedte\/fehmarn\/","og_locale":"de_DE","og_type":"article","og_title":"Fehmarn | mobilet.de","og_description":"Deine gesamte Mobilit\u00e4t in einer App, die dir die Reise durch Fehmarn ganz einfach macht. Entdecke jetzt mobilet auf Fehmarn","og_url":"https:\/\/mobilet.eu\/de\/staedte\/fehmarn\/","og_site_name":"mobilet.de","article_publisher":"https:\/\/www.facebook.com\/mobilet.de","article_modified_time":"2024-10-13T15:19:27+00:00","og_image":[{"width":2560,"height":1707,"url":"https:\/\/mobilet.eu\/de\/wp-content\/uploads\/sites\/2\/2021\/04\/Fehmarn-scaled.jpg","type":"image\/jpeg"}],"twitter_card":"summary_large_image","twitter_misc":{"Gesch\u00e4tzte Lesezeit":"2\u00a0Minuten"},"schema":{"@context":"https:\/\/schema.org","@graph":[{"@type":"WebPage","@id":"https:\/\/mobilet.eu\/de\/staedte\/fehmarn\/","url":"https:\/\/mobilet.eu\/de\/staedte\/fehmarn\/","name":"Fehmarn | mobilet.de","isPartOf":{"@id":"https:\/\/mobilet.eu\/de\/#website"},"primaryImageOfPage":{"@id":"https:\/\/mobilet.eu\/de\/staedte\/fehmarn\/#primaryimage"},"image":{"@id":"https:\/\/mobilet.eu\/de\/staedte\/fehmarn\/#primaryimage"},"thumbnailUrl":"https:\/\/mobilet.eu\/de\/wp-content\/uploads\/sites\/2\/2021\/04\/Fehmarn-scaled.jpg","datePublished":"2021-04-19T08:46:38+00:00","dateModified":"2024-10-13T15:19:27+00:00","description":"Deine gesamte Mobilit\u00e4t in einer App, die dir die Reise durch Fehmarn ganz einfach macht. Entdecke jetzt mobilet auf Fehmarn","breadcrumb":{"@id":"https:\/\/mobilet.eu\/de\/staedte\/fehmarn\/#breadcrumb"},"inLanguage":"de","potentialAction":[{"@type":"ReadAction","target":["https:\/\/mobilet.eu\/de\/staedte\/fehmarn\/"]}]},{"@type":"ImageObject","inLanguage":"de","@id":"https:\/\/mobilet.eu\/de\/staedte\/fehmarn\/#primaryimage","url":"https:\/\/mobilet.eu\/de\/wp-content\/uploads\/sites\/2\/2021\/04\/Fehmarn-scaled.jpg","contentUrl":"https:\/\/mobilet.eu\/de\/wp-content\/uploads\/sites\/2\/2021\/04\/Fehmarn-scaled.jpg","width":2560,"height":1707,"caption":"Fehmarn sound bridge. Late summer landscape with beach, dune grass and cloudy sky. Vacation background. Baltic sea coast, Germany, travel destination"},{"@type":"BreadcrumbList","@id":"https:\/\/mobilet.eu\/de\/staedte\/fehmarn\/#breadcrumb","itemListElement":[{"@type":"ListItem","position":1,"name":"Home","item":"https:\/\/mobilet.eu\/de\/"},{"@type":"ListItem","position":2,"name":"Fehmarn"}]},{"@type":"WebSite","@id":"https:\/\/mobilet.eu\/de\/#website","url":"https:\/\/mobilet.eu\/de\/","name":"mobilet.de","description":"Handyparken und mehr \u2026","publisher":{"@id":"https:\/\/mobilet.eu\/de\/#organization"},"potentialAction":[{"@type":"SearchAction","target":{"@type":"EntryPoint","urlTemplate":"https:\/\/mobilet.eu\/de\/?s={search_term_string}"},"query-input":{"@type":"PropertyValueSpecification","valueRequired":true,"valueName":"search_term_string"}}],"inLanguage":"de"},{"@type":"Organization","@id":"https:\/\/mobilet.eu\/de\/#organization","name":"stadtraum GmbH","url":"https:\/\/mobilet.eu\/de\/","logo":{"@type":"ImageObject","inLanguage":"de","@id":"https:\/\/mobilet.eu\/de\/#\/schema\/logo\/image\/","url":"https:\/\/mobilet.eu\/de\/wp-content\/uploads\/sites\/2\/2022\/11\/mobilet-handyparken-01.jpg","contentUrl":"https:\/\/mobilet.eu\/de\/wp-content\/uploads\/sites\/2\/2022\/11\/mobilet-handyparken-01.jpg","width":1920,"height":1280,"caption":"stadtraum GmbH"},"image":{"@id":"https:\/\/mobilet.eu\/de\/#\/schema\/logo\/image\/"},"sameAs":["https:\/\/www.facebook.com\/mobilet.de","https:\/\/www.instagram.com\/mobilet.de\/"]}]}},"_links":{"self":[{"href":"https:\/\/mobilet.eu\/de\/wp-json\/wp\/v2\/staedte\/415","targetHints":{"allow":["GET"]}}],"collection":[{"href":"https:\/\/mobilet.eu\/de\/wp-json\/wp\/v2\/staedte"}],"about":[{"href":"https:\/\/mobilet.eu\/de\/wp-json\/wp\/v2\/types\/staedte"}],"author":[{"embeddable":true,"href":"https:\/\/mobilet.eu\/de\/wp-json\/wp\/v2\/users\/16"}],"version-history":[{"count":9,"href":"https:\/\/mobilet.eu\/de\/wp-json\/wp\/v2\/staedte\/415\/revisions"}],"predecessor-version":[{"id":17624,"href":"https:\/\/mobilet.eu\/de\/wp-json\/wp\/v2\/staedte\/415\/revisions\/17624"}],"wp:featuredmedia":[{"embeddable":true,"href":"https:\/\/mobilet.eu\/de\/wp-json\/wp\/v2\/media\/7504"}],"wp:attachment":[{"href":"https:\/\/mobilet.eu\/de\/wp-json\/wp\/v2\/media?parent=415"}],"wp:term":[{"taxonomy":"modules","embeddable":true,"href":"https:\/\/mobilet.eu\/de\/wp-json\/wp\/v2\/modules?post=415"}],"curies":[{"name":"wp","href":"https:\/\/api.w.org\/{rel}","templated":true}]}}