{"id":4453,"date":"2021-12-22T10:05:41","date_gmt":"2021-12-22T09:05:41","guid":{"rendered":"https:\/\/mobilet.eu\/de\/?post_type=cities&#038;p=4453"},"modified":"2024-02-05T10:46:28","modified_gmt":"2024-02-05T09:46:28","slug":"minden","status":"publish","type":"staedte","link":"https:\/\/mobilet.eu\/de\/staedte\/minden\/","title":{"rendered":"Minden"},"content":{"rendered":"\n<p class=\"wp-block-paragraph\"><strong>Minden: Historische Sch\u00e4tze, Wasserkunst und entspannte Parkl\u00f6sungen<\/strong><\/p>\n\n\n\n<p class=\"wp-block-paragraph\"><em>Minden ist eine Stadt an der Weser. Sie vereint historisches Erbe, kulturelle Vielfalt und eine idyllische Flusslandschaft. In diesem kurzen Beitrag erkunden wir die faszinierenden Ecken von Minden und werfen dabei auch einen Blick auf die moderne mobilet App, die das Parken in dieser charmanten Stadt zu einer zeitgem\u00e4\u00dfen und bequemen Erfahrung macht.<\/em><\/p>\n\n\n\n<h3 class=\"wp-block-heading\">Mindener Dom: Historisches Wahrzeichen<\/h3>\n\n\n\n<p class=\"wp-block-paragraph\">Der Mindener Dom, auch St. Gorgonius und St. Petrus genannt, ist ein imposantes sakrales Bauwerk und zugleich das Wahrzeichen der Stadt. Die gotische Architektur und die reich verzierten Details machen den Dom zu einem beeindruckenden Anblick.<\/p>\n\n\n\n<h3 class=\"wp-block-heading\">Weserpromenade: Idyllischer Flussblick<\/h3>\n\n\n\n<p class=\"wp-block-paragraph\">Die Weserpromenade l\u00e4dt zu entspannten Spazierg\u00e4ngen entlang des Flusses ein. Mit Blick auf die vorbeifahrenden Schiffe, historischen Geb\u00e4ude und gr\u00fcnen Ufer wird jeder Spaziergang zu einem Genuss.<\/p>\n\n\n\n<h3 class=\"wp-block-heading\">Wasserstra\u00dfenkreuz: Technisches Meisterwerk<\/h3>\n\n\n\n<p class=\"wp-block-paragraph\">Das Wasserstra\u00dfenkreuz Minden ist ein beeindruckendes technisches Bauwerk, das den Dortmund-Ems-Kanal mit dem Mittellandkanal verbindet. Die gigantische Doppelkammer-Schleuse und die Schiffhebewerke sind faszinierende Zeugen der Ingenieurskunst.<\/p>\n\n\n\n<h3 class=\"wp-block-heading\">Mobilet App: Digitale Parkl\u00f6sung f\u00fcr stressfreie Besuche<\/h3>\n\n\n\n<p class=\"wp-block-paragraph\">Um den Mindener Dom, die Weserpromenade und das Wasserstra\u00dfenkreuz entspannt zu erleben, bietet die <a href=\"https:\/\/mobilet.eu\/de\/download\/\">mobilet App<\/a> eine zeitgem\u00e4\u00dfe L\u00f6sung f\u00fcr das Parken. Anstatt sich mit traditionellen Parkautomaten herumschlagen zu m\u00fcssen, k\u00f6nnen Einwohner und Besucher von Minden digitale Parktickets bequem von ihren Smartphones aus kaufen. Diese innovative App macht das Parken nicht nur komfortabel, sondern auch umweltfreundlich.<\/p>\n\n\n\n<p class=\"wp-block-paragraph\">Die mobilet App erm\u00f6glicht es den Nutzern, die Parkzeit flexibel zu verl\u00e4ngern, ohne zum Fahrzeug zur\u00fcckkehren zu m\u00fcssen. Die Parkhistorie und Ausgaben lassen sich leicht \u00fcber die App verfolgen, was den gesamten Parkprozess transparent und stressfrei gestaltet.<\/p>\n\n\n\n<p class=\"wp-block-paragraph\">Mehr \u00fcber Minden erf\u00e4hrst du <a href=\"https:\/\/www.minden.de\/stadt_minden\/de\/\" target=\"_blank\" rel=\"noreferrer noopener\">hier<\/a>.<\/p>\n","protected":false},"excerpt":{"rendered":"<p>Minden: Historische Sch\u00e4tze, Wasserkunst und entspannte Parkl\u00f6sungen Minden ist eine Stadt an der Weser. Sie vereint historisches Erbe, kulturelle Vielfalt &#8230; <a href=\"https:\/\/mobilet.eu\/de\/staedte\/minden\/\" aria-label=\"Weiterlesen \u00fcber Minden\">Weiterlesen \u00fcber Minden<\/a><\/p>\n","protected":false},"author":7,"featured_media":4487,"template":"","meta":{"_crdt_document":"","content-type":"","footnotes":""},"modules":[2],"class_list":["post-4453","staedte","type-staedte","status-publish","has-post-thumbnail","hentry","modules-parken"],"yoast_head":"<!-- This site is optimized with the Yoast SEO plugin v27.4 - https:\/\/yoast.com\/product\/yoast-seo-wordpress\/ -->\n<title>Minden | mobilet.de<\/title>\n<meta name=\"description\" content=\"Deine gesamte Mobilit\u00e4t in einer App, die dir die Reise durch Minden ganz einfach macht. Entdecke jetzt mobilet.de deutschlandweit.\" \/>\n<meta name=\"robots\" content=\"index, follow, max-snippet:-1, max-image-preview:large, max-video-preview:-1\" \/>\n<link rel=\"canonical\" href=\"https:\/\/mobilet.eu\/de\/staedte\/minden\/\" \/>\n<meta property=\"og:locale\" content=\"de_DE\" \/>\n<meta property=\"og:type\" content=\"article\" \/>\n<meta property=\"og:title\" content=\"Minden | mobilet.de\" \/>\n<meta property=\"og:description\" content=\"Deine gesamte Mobilit\u00e4t in einer App, die dir die Reise durch Minden ganz einfach macht. Entdecke jetzt mobilet.de deutschlandweit.\" \/>\n<meta property=\"og:url\" content=\"https:\/\/mobilet.eu\/de\/staedte\/minden\/\" \/>\n<meta property=\"og:site_name\" content=\"mobilet.de\" \/>\n<meta property=\"article:publisher\" content=\"https:\/\/www.facebook.com\/mobilet.de\" \/>\n<meta property=\"article:modified_time\" content=\"2024-02-05T09:46:28+00:00\" \/>\n<meta property=\"og:image\" content=\"https:\/\/mobilet.eu\/de\/wp-content\/uploads\/sites\/2\/2021\/12\/Minden-scaled.jpeg\" \/>\n\t<meta property=\"og:image:width\" content=\"2560\" \/>\n\t<meta property=\"og:image:height\" content=\"1707\" \/>\n\t<meta property=\"og:image:type\" content=\"image\/jpeg\" \/>\n<meta name=\"twitter:card\" content=\"summary_large_image\" \/>\n<meta name=\"twitter:label1\" content=\"Gesch\u00e4tzte Lesezeit\" \/>\n\t<meta name=\"twitter:data1\" content=\"2\u00a0Minuten\" \/>\n<script type=\"application\/ld+json\" class=\"yoast-schema-graph\">{\"@context\":\"https:\\\/\\\/schema.org\",\"@graph\":[{\"@type\":\"WebPage\",\"@id\":\"https:\\\/\\\/mobilet.eu\\\/de\\\/staedte\\\/minden\\\/\",\"url\":\"https:\\\/\\\/mobilet.eu\\\/de\\\/staedte\\\/minden\\\/\",\"name\":\"Minden | mobilet.de\",\"isPartOf\":{\"@id\":\"https:\\\/\\\/mobilet.eu\\\/de\\\/#website\"},\"primaryImageOfPage\":{\"@id\":\"https:\\\/\\\/mobilet.eu\\\/de\\\/staedte\\\/minden\\\/#primaryimage\"},\"image\":{\"@id\":\"https:\\\/\\\/mobilet.eu\\\/de\\\/staedte\\\/minden\\\/#primaryimage\"},\"thumbnailUrl\":\"https:\\\/\\\/mobilet.eu\\\/de\\\/wp-content\\\/uploads\\\/sites\\\/2\\\/2021\\\/12\\\/Minden-scaled.jpeg\",\"datePublished\":\"2021-12-22T09:05:41+00:00\",\"dateModified\":\"2024-02-05T09:46:28+00:00\",\"description\":\"Deine gesamte Mobilit\u00e4t in einer App, die dir die Reise durch Minden ganz einfach macht. Entdecke jetzt mobilet.de deutschlandweit.\",\"breadcrumb\":{\"@id\":\"https:\\\/\\\/mobilet.eu\\\/de\\\/staedte\\\/minden\\\/#breadcrumb\"},\"inLanguage\":\"de\",\"potentialAction\":[{\"@type\":\"ReadAction\",\"target\":[\"https:\\\/\\\/mobilet.eu\\\/de\\\/staedte\\\/minden\\\/\"]}]},{\"@type\":\"ImageObject\",\"inLanguage\":\"de\",\"@id\":\"https:\\\/\\\/mobilet.eu\\\/de\\\/staedte\\\/minden\\\/#primaryimage\",\"url\":\"https:\\\/\\\/mobilet.eu\\\/de\\\/wp-content\\\/uploads\\\/sites\\\/2\\\/2021\\\/12\\\/Minden-scaled.jpeg\",\"contentUrl\":\"https:\\\/\\\/mobilet.eu\\\/de\\\/wp-content\\\/uploads\\\/sites\\\/2\\\/2021\\\/12\\\/Minden-scaled.jpeg\",\"width\":2560,\"height\":1707,\"caption\":\"Marktplatz von Minden. Umringt von alten Fachwerkh\u00e4usern.\"},{\"@type\":\"BreadcrumbList\",\"@id\":\"https:\\\/\\\/mobilet.eu\\\/de\\\/staedte\\\/minden\\\/#breadcrumb\",\"itemListElement\":[{\"@type\":\"ListItem\",\"position\":1,\"name\":\"Home\",\"item\":\"https:\\\/\\\/mobilet.eu\\\/de\\\/\"},{\"@type\":\"ListItem\",\"position\":2,\"name\":\"Minden\"}]},{\"@type\":\"WebSite\",\"@id\":\"https:\\\/\\\/mobilet.eu\\\/de\\\/#website\",\"url\":\"https:\\\/\\\/mobilet.eu\\\/de\\\/\",\"name\":\"mobilet.de\",\"description\":\"Handyparken und mehr \u2026\",\"publisher\":{\"@id\":\"https:\\\/\\\/mobilet.eu\\\/de\\\/#organization\"},\"potentialAction\":[{\"@type\":\"SearchAction\",\"target\":{\"@type\":\"EntryPoint\",\"urlTemplate\":\"https:\\\/\\\/mobilet.eu\\\/de\\\/?s={search_term_string}\"},\"query-input\":{\"@type\":\"PropertyValueSpecification\",\"valueRequired\":true,\"valueName\":\"search_term_string\"}}],\"inLanguage\":\"de\"},{\"@type\":\"Organization\",\"@id\":\"https:\\\/\\\/mobilet.eu\\\/de\\\/#organization\",\"name\":\"stadtraum GmbH\",\"url\":\"https:\\\/\\\/mobilet.eu\\\/de\\\/\",\"logo\":{\"@type\":\"ImageObject\",\"inLanguage\":\"de\",\"@id\":\"https:\\\/\\\/mobilet.eu\\\/de\\\/#\\\/schema\\\/logo\\\/image\\\/\",\"url\":\"https:\\\/\\\/mobilet.eu\\\/de\\\/wp-content\\\/uploads\\\/sites\\\/2\\\/2022\\\/11\\\/mobilet-handyparken-01.jpg\",\"contentUrl\":\"https:\\\/\\\/mobilet.eu\\\/de\\\/wp-content\\\/uploads\\\/sites\\\/2\\\/2022\\\/11\\\/mobilet-handyparken-01.jpg\",\"width\":1920,\"height\":1280,\"caption\":\"stadtraum GmbH\"},\"image\":{\"@id\":\"https:\\\/\\\/mobilet.eu\\\/de\\\/#\\\/schema\\\/logo\\\/image\\\/\"},\"sameAs\":[\"https:\\\/\\\/www.facebook.com\\\/mobilet.de\",\"https:\\\/\\\/www.instagram.com\\\/mobilet.de\\\/\"]}]}<\/script>\n<!-- \/ Yoast SEO plugin. -->","yoast_head_json":{"title":"Minden | mobilet.de","description":"Deine gesamte Mobilit\u00e4t in einer App, die dir die Reise durch Minden ganz einfach macht. Entdecke jetzt mobilet.de deutschlandweit.","robots":{"index":"index","follow":"follow","max-snippet":"max-snippet:-1","max-image-preview":"max-image-preview:large","max-video-preview":"max-video-preview:-1"},"canonical":"https:\/\/mobilet.eu\/de\/staedte\/minden\/","og_locale":"de_DE","og_type":"article","og_title":"Minden | mobilet.de","og_description":"Deine gesamte Mobilit\u00e4t in einer App, die dir die Reise durch Minden ganz einfach macht. Entdecke jetzt mobilet.de deutschlandweit.","og_url":"https:\/\/mobilet.eu\/de\/staedte\/minden\/","og_site_name":"mobilet.de","article_publisher":"https:\/\/www.facebook.com\/mobilet.de","article_modified_time":"2024-02-05T09:46:28+00:00","og_image":[{"width":2560,"height":1707,"url":"https:\/\/mobilet.eu\/de\/wp-content\/uploads\/sites\/2\/2021\/12\/Minden-scaled.jpeg","type":"image\/jpeg"}],"twitter_card":"summary_large_image","twitter_misc":{"Gesch\u00e4tzte Lesezeit":"2\u00a0Minuten"},"schema":{"@context":"https:\/\/schema.org","@graph":[{"@type":"WebPage","@id":"https:\/\/mobilet.eu\/de\/staedte\/minden\/","url":"https:\/\/mobilet.eu\/de\/staedte\/minden\/","name":"Minden | mobilet.de","isPartOf":{"@id":"https:\/\/mobilet.eu\/de\/#website"},"primaryImageOfPage":{"@id":"https:\/\/mobilet.eu\/de\/staedte\/minden\/#primaryimage"},"image":{"@id":"https:\/\/mobilet.eu\/de\/staedte\/minden\/#primaryimage"},"thumbnailUrl":"https:\/\/mobilet.eu\/de\/wp-content\/uploads\/sites\/2\/2021\/12\/Minden-scaled.jpeg","datePublished":"2021-12-22T09:05:41+00:00","dateModified":"2024-02-05T09:46:28+00:00","description":"Deine gesamte Mobilit\u00e4t in einer App, die dir die Reise durch Minden ganz einfach macht. Entdecke jetzt mobilet.de deutschlandweit.","breadcrumb":{"@id":"https:\/\/mobilet.eu\/de\/staedte\/minden\/#breadcrumb"},"inLanguage":"de","potentialAction":[{"@type":"ReadAction","target":["https:\/\/mobilet.eu\/de\/staedte\/minden\/"]}]},{"@type":"ImageObject","inLanguage":"de","@id":"https:\/\/mobilet.eu\/de\/staedte\/minden\/#primaryimage","url":"https:\/\/mobilet.eu\/de\/wp-content\/uploads\/sites\/2\/2021\/12\/Minden-scaled.jpeg","contentUrl":"https:\/\/mobilet.eu\/de\/wp-content\/uploads\/sites\/2\/2021\/12\/Minden-scaled.jpeg","width":2560,"height":1707,"caption":"Marktplatz von Minden. Umringt von alten Fachwerkh\u00e4usern."},{"@type":"BreadcrumbList","@id":"https:\/\/mobilet.eu\/de\/staedte\/minden\/#breadcrumb","itemListElement":[{"@type":"ListItem","position":1,"name":"Home","item":"https:\/\/mobilet.eu\/de\/"},{"@type":"ListItem","position":2,"name":"Minden"}]},{"@type":"WebSite","@id":"https:\/\/mobilet.eu\/de\/#website","url":"https:\/\/mobilet.eu\/de\/","name":"mobilet.de","description":"Handyparken und mehr \u2026","publisher":{"@id":"https:\/\/mobilet.eu\/de\/#organization"},"potentialAction":[{"@type":"SearchAction","target":{"@type":"EntryPoint","urlTemplate":"https:\/\/mobilet.eu\/de\/?s={search_term_string}"},"query-input":{"@type":"PropertyValueSpecification","valueRequired":true,"valueName":"search_term_string"}}],"inLanguage":"de"},{"@type":"Organization","@id":"https:\/\/mobilet.eu\/de\/#organization","name":"stadtraum GmbH","url":"https:\/\/mobilet.eu\/de\/","logo":{"@type":"ImageObject","inLanguage":"de","@id":"https:\/\/mobilet.eu\/de\/#\/schema\/logo\/image\/","url":"https:\/\/mobilet.eu\/de\/wp-content\/uploads\/sites\/2\/2022\/11\/mobilet-handyparken-01.jpg","contentUrl":"https:\/\/mobilet.eu\/de\/wp-content\/uploads\/sites\/2\/2022\/11\/mobilet-handyparken-01.jpg","width":1920,"height":1280,"caption":"stadtraum GmbH"},"image":{"@id":"https:\/\/mobilet.eu\/de\/#\/schema\/logo\/image\/"},"sameAs":["https:\/\/www.facebook.com\/mobilet.de","https:\/\/www.instagram.com\/mobilet.de\/"]}]}},"_links":{"self":[{"href":"https:\/\/mobilet.eu\/de\/wp-json\/wp\/v2\/staedte\/4453","targetHints":{"allow":["GET"]}}],"collection":[{"href":"https:\/\/mobilet.eu\/de\/wp-json\/wp\/v2\/staedte"}],"about":[{"href":"https:\/\/mobilet.eu\/de\/wp-json\/wp\/v2\/types\/staedte"}],"author":[{"embeddable":true,"href":"https:\/\/mobilet.eu\/de\/wp-json\/wp\/v2\/users\/7"}],"version-history":[{"count":5,"href":"https:\/\/mobilet.eu\/de\/wp-json\/wp\/v2\/staedte\/4453\/revisions"}],"predecessor-version":[{"id":13410,"href":"https:\/\/mobilet.eu\/de\/wp-json\/wp\/v2\/staedte\/4453\/revisions\/13410"}],"wp:featuredmedia":[{"embeddable":true,"href":"https:\/\/mobilet.eu\/de\/wp-json\/wp\/v2\/media\/4487"}],"wp:attachment":[{"href":"https:\/\/mobilet.eu\/de\/wp-json\/wp\/v2\/media?parent=4453"}],"wp:term":[{"taxonomy":"modules","embeddable":true,"href":"https:\/\/mobilet.eu\/de\/wp-json\/wp\/v2\/modules?post=4453"}],"curies":[{"name":"wp","href":"https:\/\/api.w.org\/{rel}","templated":true}]}}