{"id":5294,"date":"2022-04-05T10:10:49","date_gmt":"2022-04-05T08:10:49","guid":{"rendered":"https:\/\/mobilet.eu\/de\/?post_type=cities&#038;p=5294"},"modified":"2024-02-02T14:06:23","modified_gmt":"2024-02-02T13:06:23","slug":"lenz-fuenfseen","status":"publish","type":"staedte","link":"https:\/\/mobilet.eu\/de\/staedte\/lenz-fuenfseen\/","title":{"rendered":"Lenz (F\u00fcnfseen)"},"content":{"rendered":"\n<p class=\"wp-block-paragraph\">Die Gemeinde F\u00fcnfseen besteht aus neun Ortsteilen. Hierzu z\u00e4hlt unter anderem auch Lenz. Der Ort grenzt an zwei Seen; den Plauer See und den Petersdorfer See. Dort angrenzend am Lenzer Kanal findet man den Lenzer Hafen samt Bootsverleih und Stellplatz f\u00fcr Wohnmobile. Aber nicht nur Bootsfahrten, sondern auch Wanderausfl\u00fcge und Fahrradtouren am Wasser sind ein Muss f\u00fcr viele Besucher und Einheimische von Lenz. \u00dcbernachten kann man super in einer der Ferienwohnungen oder mit dem eigenen Caravan direkt am Ufer.<\/p>\n\n\n\n<p class=\"wp-block-paragraph\">Im Sommer l\u00e4sst es sich super am Badestrand von Lenz aushalten. Der Strand ist flach und die Fl\u00e4che ist gro\u00df &#8211; es gibt also genug M\u00f6glichkeiten f\u00fcr Gro\u00df und Klein zum austoben!<\/p>\n\n\n\n<p class=\"wp-block-paragraph\">Unser Highlight: die Sonnenunterg\u00e4nge direkt am Plauer See, der nebenbei der drittgr\u00f6\u00dfte See der mecklemburgischen Seeplatte ist.<\/p>\n\n\n\n<p class=\"wp-block-paragraph\">mobilet ersetzt den klassischen Parkschein vom Automaten durch ein&nbsp;<strong>digitales Parkticket<\/strong>. Lade dir dazu die mobilet App kostenlos im&nbsp;<a href=\"http:\/\/get.mobilet.eu\/de\/\">App Store \/ Play Store<\/a>&nbsp;herunter. Nach der erfolgreichen Registrierung kannst du danach deine&nbsp;<strong>Kreditkarte<\/strong>&nbsp;in deinem Wallet hinterlegen. Von dieser wird jeder Parkschein beim Kauf abgebucht. Alternativ kannst du auch dein&nbsp;<strong>Prepaid Konto<\/strong>&nbsp;\u00fcber den Men\u00fcpunkt \u201eKonto aufladen\u201c mit allen g\u00e4ngigen Zahlungsmethoden aufladen.<\/p>\n\n\n\n<p class=\"wp-block-paragraph\">mobilet ist&nbsp;<strong>deutschlandweit verf\u00fcgbar<\/strong>&nbsp;und Teil unserer&nbsp;<strong>Mobilit\u00e4tsplattform<\/strong>&nbsp;mit&nbsp;<a href=\"https:\/\/mobilet.eu\/de\/modules\/\">weiteren Modulen<\/a>. Eine Standortliste findest du&nbsp;<a href=\"https:\/\/mobilet.eu\/de\/staedte\/\">hier<\/a>.<\/p>\n","protected":false},"excerpt":{"rendered":"<p>Die Gemeinde F\u00fcnfseen besteht aus neun Ortsteilen. Hierzu z\u00e4hlt unter anderem auch Lenz. Der Ort grenzt an zwei Seen; den &#8230; <a href=\"https:\/\/mobilet.eu\/de\/staedte\/lenz-fuenfseen\/\" aria-label=\"Weiterlesen \u00fcber Lenz (F\u00fcnfseen)\">Weiterlesen \u00fcber Lenz (F\u00fcnfseen)<\/a><\/p>\n","protected":false},"author":16,"featured_media":5311,"template":"","meta":{"_crdt_document":"","content-type":"","footnotes":""},"modules":[2],"class_list":["post-5294","staedte","type-staedte","status-publish","has-post-thumbnail","hentry","modules-parken"],"yoast_head":"<!-- This site is optimized with the Yoast SEO plugin v27.4 - https:\/\/yoast.com\/product\/yoast-seo-wordpress\/ -->\n<title>Lenz (F\u00fcnfseen) | mobilet.de<\/title>\n<meta name=\"description\" content=\"Deine gesamte Mobilit\u00e4t in einer App, die dir die Reise durch Stadt und Land ganz einfach macht. Jetzt mobilet in Lenz entdecken!\" \/>\n<meta name=\"robots\" content=\"index, follow, max-snippet:-1, max-image-preview:large, max-video-preview:-1\" \/>\n<link rel=\"canonical\" href=\"https:\/\/mobilet.eu\/de\/staedte\/lenz-fuenfseen\/\" \/>\n<meta property=\"og:locale\" content=\"de_DE\" \/>\n<meta property=\"og:type\" content=\"article\" \/>\n<meta property=\"og:title\" content=\"Lenz (F\u00fcnfseen) | mobilet.de\" \/>\n<meta property=\"og:description\" content=\"Deine gesamte Mobilit\u00e4t in einer App, die dir die Reise durch Stadt und Land ganz einfach macht. Jetzt mobilet in Lenz entdecken!\" \/>\n<meta property=\"og:url\" content=\"https:\/\/mobilet.eu\/de\/staedte\/lenz-fuenfseen\/\" \/>\n<meta property=\"og:site_name\" content=\"mobilet.de\" \/>\n<meta property=\"article:publisher\" content=\"https:\/\/www.facebook.com\/mobilet.de\" \/>\n<meta property=\"article:modified_time\" content=\"2024-02-02T13:06:23+00:00\" \/>\n<meta property=\"og:image\" content=\"https:\/\/mobilet.eu\/de\/wp-content\/uploads\/sites\/2\/2022\/04\/Fuenfseen-scaled.jpeg\" \/>\n\t<meta property=\"og:image:width\" content=\"2560\" \/>\n\t<meta property=\"og:image:height\" content=\"853\" \/>\n\t<meta property=\"og:image:type\" content=\"image\/jpeg\" \/>\n<meta name=\"twitter:card\" content=\"summary_large_image\" \/>\n<meta name=\"twitter:label1\" content=\"Gesch\u00e4tzte Lesezeit\" \/>\n\t<meta name=\"twitter:data1\" content=\"2\u00a0Minuten\" \/>\n<script type=\"application\/ld+json\" class=\"yoast-schema-graph\">{\"@context\":\"https:\\\/\\\/schema.org\",\"@graph\":[{\"@type\":\"WebPage\",\"@id\":\"https:\\\/\\\/mobilet.eu\\\/de\\\/staedte\\\/lenz-fuenfseen\\\/\",\"url\":\"https:\\\/\\\/mobilet.eu\\\/de\\\/staedte\\\/lenz-fuenfseen\\\/\",\"name\":\"Lenz (F\u00fcnfseen) | mobilet.de\",\"isPartOf\":{\"@id\":\"https:\\\/\\\/mobilet.eu\\\/de\\\/#website\"},\"primaryImageOfPage\":{\"@id\":\"https:\\\/\\\/mobilet.eu\\\/de\\\/staedte\\\/lenz-fuenfseen\\\/#primaryimage\"},\"image\":{\"@id\":\"https:\\\/\\\/mobilet.eu\\\/de\\\/staedte\\\/lenz-fuenfseen\\\/#primaryimage\"},\"thumbnailUrl\":\"https:\\\/\\\/mobilet.eu\\\/de\\\/wp-content\\\/uploads\\\/sites\\\/2\\\/2022\\\/04\\\/Fuenfseen-scaled.jpeg\",\"datePublished\":\"2022-04-05T08:10:49+00:00\",\"dateModified\":\"2024-02-02T13:06:23+00:00\",\"description\":\"Deine gesamte Mobilit\u00e4t in einer App, die dir die Reise durch Stadt und Land ganz einfach macht. Jetzt mobilet in Lenz entdecken!\",\"breadcrumb\":{\"@id\":\"https:\\\/\\\/mobilet.eu\\\/de\\\/staedte\\\/lenz-fuenfseen\\\/#breadcrumb\"},\"inLanguage\":\"de\",\"potentialAction\":[{\"@type\":\"ReadAction\",\"target\":[\"https:\\\/\\\/mobilet.eu\\\/de\\\/staedte\\\/lenz-fuenfseen\\\/\"]}]},{\"@type\":\"ImageObject\",\"inLanguage\":\"de\",\"@id\":\"https:\\\/\\\/mobilet.eu\\\/de\\\/staedte\\\/lenz-fuenfseen\\\/#primaryimage\",\"url\":\"https:\\\/\\\/mobilet.eu\\\/de\\\/wp-content\\\/uploads\\\/sites\\\/2\\\/2022\\\/04\\\/Fuenfseen-scaled.jpeg\",\"contentUrl\":\"https:\\\/\\\/mobilet.eu\\\/de\\\/wp-content\\\/uploads\\\/sites\\\/2\\\/2022\\\/04\\\/Fuenfseen-scaled.jpeg\",\"width\":2560,\"height\":853,\"caption\":\"Lenz (F\u00fcnfseen)\"},{\"@type\":\"BreadcrumbList\",\"@id\":\"https:\\\/\\\/mobilet.eu\\\/de\\\/staedte\\\/lenz-fuenfseen\\\/#breadcrumb\",\"itemListElement\":[{\"@type\":\"ListItem\",\"position\":1,\"name\":\"Home\",\"item\":\"https:\\\/\\\/mobilet.eu\\\/de\\\/\"},{\"@type\":\"ListItem\",\"position\":2,\"name\":\"Lenz (F\u00fcnfseen)\"}]},{\"@type\":\"WebSite\",\"@id\":\"https:\\\/\\\/mobilet.eu\\\/de\\\/#website\",\"url\":\"https:\\\/\\\/mobilet.eu\\\/de\\\/\",\"name\":\"mobilet.de\",\"description\":\"Handyparken und mehr \u2026\",\"publisher\":{\"@id\":\"https:\\\/\\\/mobilet.eu\\\/de\\\/#organization\"},\"potentialAction\":[{\"@type\":\"SearchAction\",\"target\":{\"@type\":\"EntryPoint\",\"urlTemplate\":\"https:\\\/\\\/mobilet.eu\\\/de\\\/?s={search_term_string}\"},\"query-input\":{\"@type\":\"PropertyValueSpecification\",\"valueRequired\":true,\"valueName\":\"search_term_string\"}}],\"inLanguage\":\"de\"},{\"@type\":\"Organization\",\"@id\":\"https:\\\/\\\/mobilet.eu\\\/de\\\/#organization\",\"name\":\"stadtraum GmbH\",\"url\":\"https:\\\/\\\/mobilet.eu\\\/de\\\/\",\"logo\":{\"@type\":\"ImageObject\",\"inLanguage\":\"de\",\"@id\":\"https:\\\/\\\/mobilet.eu\\\/de\\\/#\\\/schema\\\/logo\\\/image\\\/\",\"url\":\"https:\\\/\\\/mobilet.eu\\\/de\\\/wp-content\\\/uploads\\\/sites\\\/2\\\/2022\\\/11\\\/mobilet-handyparken-01.jpg\",\"contentUrl\":\"https:\\\/\\\/mobilet.eu\\\/de\\\/wp-content\\\/uploads\\\/sites\\\/2\\\/2022\\\/11\\\/mobilet-handyparken-01.jpg\",\"width\":1920,\"height\":1280,\"caption\":\"stadtraum GmbH\"},\"image\":{\"@id\":\"https:\\\/\\\/mobilet.eu\\\/de\\\/#\\\/schema\\\/logo\\\/image\\\/\"},\"sameAs\":[\"https:\\\/\\\/www.facebook.com\\\/mobilet.de\",\"https:\\\/\\\/www.instagram.com\\\/mobilet.de\\\/\"]}]}<\/script>\n<!-- \/ Yoast SEO plugin. -->","yoast_head_json":{"title":"Lenz (F\u00fcnfseen) | mobilet.de","description":"Deine gesamte Mobilit\u00e4t in einer App, die dir die Reise durch Stadt und Land ganz einfach macht. Jetzt mobilet in Lenz entdecken!","robots":{"index":"index","follow":"follow","max-snippet":"max-snippet:-1","max-image-preview":"max-image-preview:large","max-video-preview":"max-video-preview:-1"},"canonical":"https:\/\/mobilet.eu\/de\/staedte\/lenz-fuenfseen\/","og_locale":"de_DE","og_type":"article","og_title":"Lenz (F\u00fcnfseen) | mobilet.de","og_description":"Deine gesamte Mobilit\u00e4t in einer App, die dir die Reise durch Stadt und Land ganz einfach macht. Jetzt mobilet in Lenz entdecken!","og_url":"https:\/\/mobilet.eu\/de\/staedte\/lenz-fuenfseen\/","og_site_name":"mobilet.de","article_publisher":"https:\/\/www.facebook.com\/mobilet.de","article_modified_time":"2024-02-02T13:06:23+00:00","og_image":[{"width":2560,"height":853,"url":"https:\/\/mobilet.eu\/de\/wp-content\/uploads\/sites\/2\/2022\/04\/Fuenfseen-scaled.jpeg","type":"image\/jpeg"}],"twitter_card":"summary_large_image","twitter_misc":{"Gesch\u00e4tzte Lesezeit":"2\u00a0Minuten"},"schema":{"@context":"https:\/\/schema.org","@graph":[{"@type":"WebPage","@id":"https:\/\/mobilet.eu\/de\/staedte\/lenz-fuenfseen\/","url":"https:\/\/mobilet.eu\/de\/staedte\/lenz-fuenfseen\/","name":"Lenz (F\u00fcnfseen) | mobilet.de","isPartOf":{"@id":"https:\/\/mobilet.eu\/de\/#website"},"primaryImageOfPage":{"@id":"https:\/\/mobilet.eu\/de\/staedte\/lenz-fuenfseen\/#primaryimage"},"image":{"@id":"https:\/\/mobilet.eu\/de\/staedte\/lenz-fuenfseen\/#primaryimage"},"thumbnailUrl":"https:\/\/mobilet.eu\/de\/wp-content\/uploads\/sites\/2\/2022\/04\/Fuenfseen-scaled.jpeg","datePublished":"2022-04-05T08:10:49+00:00","dateModified":"2024-02-02T13:06:23+00:00","description":"Deine gesamte Mobilit\u00e4t in einer App, die dir die Reise durch Stadt und Land ganz einfach macht. Jetzt mobilet in Lenz entdecken!","breadcrumb":{"@id":"https:\/\/mobilet.eu\/de\/staedte\/lenz-fuenfseen\/#breadcrumb"},"inLanguage":"de","potentialAction":[{"@type":"ReadAction","target":["https:\/\/mobilet.eu\/de\/staedte\/lenz-fuenfseen\/"]}]},{"@type":"ImageObject","inLanguage":"de","@id":"https:\/\/mobilet.eu\/de\/staedte\/lenz-fuenfseen\/#primaryimage","url":"https:\/\/mobilet.eu\/de\/wp-content\/uploads\/sites\/2\/2022\/04\/Fuenfseen-scaled.jpeg","contentUrl":"https:\/\/mobilet.eu\/de\/wp-content\/uploads\/sites\/2\/2022\/04\/Fuenfseen-scaled.jpeg","width":2560,"height":853,"caption":"Lenz (F\u00fcnfseen)"},{"@type":"BreadcrumbList","@id":"https:\/\/mobilet.eu\/de\/staedte\/lenz-fuenfseen\/#breadcrumb","itemListElement":[{"@type":"ListItem","position":1,"name":"Home","item":"https:\/\/mobilet.eu\/de\/"},{"@type":"ListItem","position":2,"name":"Lenz (F\u00fcnfseen)"}]},{"@type":"WebSite","@id":"https:\/\/mobilet.eu\/de\/#website","url":"https:\/\/mobilet.eu\/de\/","name":"mobilet.de","description":"Handyparken und mehr \u2026","publisher":{"@id":"https:\/\/mobilet.eu\/de\/#organization"},"potentialAction":[{"@type":"SearchAction","target":{"@type":"EntryPoint","urlTemplate":"https:\/\/mobilet.eu\/de\/?s={search_term_string}"},"query-input":{"@type":"PropertyValueSpecification","valueRequired":true,"valueName":"search_term_string"}}],"inLanguage":"de"},{"@type":"Organization","@id":"https:\/\/mobilet.eu\/de\/#organization","name":"stadtraum GmbH","url":"https:\/\/mobilet.eu\/de\/","logo":{"@type":"ImageObject","inLanguage":"de","@id":"https:\/\/mobilet.eu\/de\/#\/schema\/logo\/image\/","url":"https:\/\/mobilet.eu\/de\/wp-content\/uploads\/sites\/2\/2022\/11\/mobilet-handyparken-01.jpg","contentUrl":"https:\/\/mobilet.eu\/de\/wp-content\/uploads\/sites\/2\/2022\/11\/mobilet-handyparken-01.jpg","width":1920,"height":1280,"caption":"stadtraum GmbH"},"image":{"@id":"https:\/\/mobilet.eu\/de\/#\/schema\/logo\/image\/"},"sameAs":["https:\/\/www.facebook.com\/mobilet.de","https:\/\/www.instagram.com\/mobilet.de\/"]}]}},"_links":{"self":[{"href":"https:\/\/mobilet.eu\/de\/wp-json\/wp\/v2\/staedte\/5294","targetHints":{"allow":["GET"]}}],"collection":[{"href":"https:\/\/mobilet.eu\/de\/wp-json\/wp\/v2\/staedte"}],"about":[{"href":"https:\/\/mobilet.eu\/de\/wp-json\/wp\/v2\/types\/staedte"}],"author":[{"embeddable":true,"href":"https:\/\/mobilet.eu\/de\/wp-json\/wp\/v2\/users\/16"}],"version-history":[{"count":7,"href":"https:\/\/mobilet.eu\/de\/wp-json\/wp\/v2\/staedte\/5294\/revisions"}],"predecessor-version":[{"id":13329,"href":"https:\/\/mobilet.eu\/de\/wp-json\/wp\/v2\/staedte\/5294\/revisions\/13329"}],"wp:featuredmedia":[{"embeddable":true,"href":"https:\/\/mobilet.eu\/de\/wp-json\/wp\/v2\/media\/5311"}],"wp:attachment":[{"href":"https:\/\/mobilet.eu\/de\/wp-json\/wp\/v2\/media?parent=5294"}],"wp:term":[{"taxonomy":"modules","embeddable":true,"href":"https:\/\/mobilet.eu\/de\/wp-json\/wp\/v2\/modules?post=5294"}],"curies":[{"name":"wp","href":"https:\/\/api.w.org\/{rel}","templated":true}]}}