{"id":615,"date":"2024-07-18T13:01:10","date_gmt":"2024-07-18T11:01:10","guid":{"rendered":"https:\/\/mobilet.eu\/pl\/?page_id=615"},"modified":"2024-10-21T08:57:52","modified_gmt":"2024-10-21T06:57:52","slug":"rodo","status":"publish","type":"page","link":"https:\/\/mobilet.eu\/pl\/rodo\/","title":{"rendered":"Deklaracja RODO"},"content":{"rendered":"\n<h2 class=\"h1\"><strong>Klauzula informacyjna o przetwarzaniu danych osobowych<\/strong><\/h2>\n<p>\nNa podstawie art. 13 ust. 1 i ust. 2 rozporz\u0105dzenia Parlamentu Europejskiego i Rady (UE) 2016\/679 z 27.4.2016 r. w sprawie ochrony os\u00f3b fizycznych w zwi\u0105zku z przetwarzaniem danych osobowych i w sprawie swobodnego przep\u0142ywu takich danych oraz uchylenia dyrektywy 95\/46\/WE (dalej: RODO), informujemy, \u017ce:\n<\/p>\n<h3>Administrator danych:<\/h3>\n<p>\nAdministratorem Pani\/Pana danych osobowych jest Mobile Traffic DATA Sp. z o.o. (KRS 0000314214) z siedzib\u0105 w Poznaniu, ul. Dru\u017cbickiego 11, kod pocztowy 61-693, e-mail: <a href=\"mailto:ado@mobilet.pl\">ado@mobilet.pl<\/a>, tel. +48 61 657 04 93, wchodz\u0105ca w sk\u0142ad Grupy Stadtraum.\n<\/p>\n<h3>Inspektor ochrony danych:<\/h3>\n<p>\nDane kontaktowe inspektora ochrony danych &#8211; Tomasz Klemt , e-mail: <a href=\"mailto:iod@mt-data.pl\">iod@mt-data.pl<\/a>\n<\/p>\n<h3>Cele przetwarzania danych osobowych oraz podstawa prawna przetwarzania:<\/h3>\n<p>\nPrzetwarzanie Pani\/Pana danych osobowych odbywa\u0107 si\u0119 b\u0119dzie:\n<\/p>\n<ul>\n \t<li>w celu zawarcia i realizacji umowy us\u0142ug na podstawie zainteresowania nasz\u0105 ofert\u0105 (podstawa prawna z art. 6 ust 1 lit. b RODO)<\/li>\n \t<li>w celach archiwalnych (dowodowych), w tym: ci\u0105g\u0142ego i niezak\u0142\u00f3conego prowadzenia dzia\u0142alno\u015bci przez Administratora poprzez zapewnienie integralno\u015bci kopii zarchiwizowanych\/zapasowych\/awaryjnych, b\u0119d\u0105cych realizacj\u0105 naszego prawnie uzasadnionego interesu zabezpieczenia informacji na wypadek prawnej potrzeby wykazania fakt\u00f3w (postawa prawna z art. 6 ust. 1 lit. f RODO);<\/li>\n \t<li>w celu ewentualnego ustalenia, dochodzenia lub obrony przed roszczeniami b\u0119d\u0105cego realizacj\u0105 naszego prawnie uzasadnionego interesu (podstawa prawna z art. 6 ust. 1 lit. f RODO);<\/li>\n \t<li>w celu badania satysfakcji klient\u00f3w b\u0119d\u0105cego realizacj\u0105 naszego prawnie uzasadnionego interesu okre\u015blania jako\u015bci naszej obs\u0142ugi oraz poziomu zadowolenia naszych klient\u00f3w z produkt\u00f3w i us\u0142ug (podstawa prawna z art. 6 ust. 1 lit. f RODO);<\/li>\n \t<li>w celu marketingu bezpo\u015bredniego naszych produkt\u00f3w i us\u0142ug b\u0119d\u0105cego realizacj\u0105 naszego prawnie uzasadnionego interesu (podstawa prawna z art. 6 ust. 1 lit. f RODO).<\/li>\n<\/ul>\n<h3>Okres przechowywania danych osobowych:<\/h3>\n<ul>\n \t<li>Dane osobowe wynikaj\u0105ce z zawarcia i wykonania umowy b\u0119d\u0105 przetwarzane przez okres, w kt\u00f3rym mog\u0105 ujawni\u0107 si\u0119 roszczenia zwi\u0105zane z t\u0105 umow\u0105, czyli przez 5 lat od ko\u0144ca roku, w kt\u00f3rym wygas\u0142a umowa, w tym 4 lat to najd\u0142u\u017cszy mo\u017cliwy okres przedawnienia roszcze\u0144, dodatkowy rok jest na wypadek roszcze\u0144 zg\u0142oszonych w ostatniej chwili i problem\u00f3w z dor\u0119czeniem, a liczenie od ko\u0144ca roku s\u0142u\u017cy okre\u015bleniu jednej daty usuni\u0119cia danych dla um\u00f3w ko\u0144cz\u0105cych si\u0119 w danym roku.<\/li>\n \t<li>Dane przetwarzane dla potrzeb marketingu bezpo\u015bredniego naszych produkt\u00f3w i us\u0142ug oraz innych cel\u00f3w niepowi\u0105zanych z realizacj\u0105 umowy b\u0119d\u0105 przetwarzane do czasu, a\u017c zostanie zg\u0142oszony sprzeciw wzgl\u0119dem ich przetwarzania, nie d\u0142u\u017cej jednak ni\u017c przez okres 10 lat. W przypadku wniesienia sprzeciwu Administrator zaprzestanie ich przetwarzania, chyba wyka\u017ce istnienie wa\u017cnych prawnie uzasadnionych podstaw do przetwarzania, nadrz\u0119dnych wobec interes\u00f3w, praw i wolno\u015bci osoby, kt\u00f3rej dane dotycz\u0105, lub podstaw do ustalenia, dochodzenia lub obrony roszcze\u0144.<\/li>\n<\/ul>\n<h3>Prawo dost\u0119pu do danych osobowych:<\/h3>\n<p>\nPosiada Pani\/Pan prawo dost\u0119pu do tre\u015bci swoich danych osobowych, prawo do ich sprostowania, usuni\u0119cia oraz prawo do ograniczenia ich przetwarzania. Ponadto tak\u017ce prawo do cofni\u0119cia zgody w dowolnym momencie bez wp\u0142ywu na zgodno\u015b\u0107 z prawem dotychczas realizowanego przetwarzania, prawo do przenoszenia danych oraz prawo do wniesienia sprzeciwu wobec przetwarzania Pani\/Pana danych osobowych.\n<\/p>\n<h3>Prawo wniesienia skargi do organu nadzorczego:<\/h3>\n<p>\nPrzys\u0142uguje Pani\/Panu prawo wniesienia skargi do Prezesa Urz\u0119du Ochrony Danych Osobowych gdy uzna Pani\/Pan, i\u017c przetwarzanie danych osobowych Pani\/Pana dotycz\u0105cych narusza przepisy RODO.\n<\/p>\n<h3>Konsekwencje niepodania danych osobowych:<\/h3>\n<p>\nPodanie przez Pani\u0105\/Pana danych osobowych jest warunkiem zawarcia umowy, a ich niepodanie b\u0119dzie skutkowa\u0142o brakiem mo\u017cliwo\u015bci zawarcia powy\u017cszej umowy.\n<\/p>\n<h3>Odbiorcy danych:<\/h3>\n<p>\nDane osobowe mog\u0105 zosta\u0107 ujawnione innym podmiotom, tj. naszym partnerom, czyli firmom, z kt\u00f3rymi wsp\u00f3\u0142pracujemy \u0142\u0105cz\u0105c produkty lub us\u0142ugi. Do danych mog\u0105 te\u017c mie\u0107 dost\u0119p nasi podwykonawcy (podmioty przetwarzaj\u0105ce), np. firmy ksi\u0119gowe, prawnicze, informatyczne, likwidatorzy szk\u00f3d, wykonawcy us\u0142ug w ramach likwidacji szk\u00f3d. Ponadto, udost\u0119pniamy Pani\/Pana adres e-mail dostawcy us\u0142ug p\u0142atniczych, tj. serwisowi Przelewy24 (sp\u00f3\u0142ka: PayPro S.A.) oraz serwisowi PayU (sp\u00f3\u0142ka: PayU S.A.) , co jest niezb\u0119dne do realizacji p\u0142atno\u015bci a tym samym utworzenia konta u\u017cytkownika. Klauzula informacyjna dostawcy p\u0142atno\u015bci znajduje si\u0119 <a target=\"blank\" href=\"https:\/\/www.przelewy24.pl\/obowiazek-informacyjny-platnik\" rel=\"noopener\">Tutaj<\/a> (Przelewy 24) i <a target=\"blank\" href=\"https:\/\/poland.payu.com\/nota-o-prywatnosci-payu\/\" rel=\"noopener\">Tutaj<\/a> (PayU).\n<\/p>\n<h3>Przekazanie danych do pa\u0144stwa trzeciego\/organizacji mi\u0119dzynarodowej:<\/h3>\n<p>\nPani\/Pana dane osobowe nie b\u0119d\u0105 przekazywane do pa\u0144stwa trzeciego\/organizacji mi\u0119dzynarodowej.\n<\/p>\n<h3>Zautomatyzowane podejmowanie decyzji, profilowanie:<\/h3>\n\n<p>\nPani\/Pana dane osobowe nie b\u0119d\u0105 przetwarzane w spos\u00f3b zautomatyzowany i nie b\u0119d\u0105 profilowane.\n<\/p>\n\n\n\n\n<p class=\"wp-block-paragraph\"><\/p>\n","protected":false},"excerpt":{"rendered":"<p>Klauzula informacyjna o przetwarzaniu danych osobowych Na podstawie art. 13 ust. 1 i ust. 2 rozporz\u0105dzenia Parlamentu Europejskiego i Rady [&hellip;]<\/p>\n","protected":false},"author":2,"featured_media":614,"parent":0,"menu_order":0,"comment_status":"closed","ping_status":"closed","template":"","meta":{"_crdt_document":"","footnotes":""},"class_list":["post-615","page","type-page","status-publish","has-post-thumbnail","hentry"],"yoast_head":"<!-- This site is optimized with the Yoast SEO plugin v27.4 - https:\/\/yoast.com\/product\/yoast-seo-wordpress\/ -->\n<title>Deklaracja RODO | mobilet.pl<\/title>\n<meta name=\"description\" content=\"Zapoznaj si\u0119 z informacjami na temat zasad przetwarzania danych osobowych, zgodnie z przepisami og\u00f3lnego rozporz\u0105dzenie o ochronie danych.\" \/>\n<meta name=\"robots\" content=\"index, follow, max-snippet:-1, max-image-preview:large, max-video-preview:-1\" \/>\n<link rel=\"canonical\" href=\"https:\/\/mobilet.eu\/pl\/rodo\/\" \/>\n<meta property=\"og:locale\" content=\"pl_PL\" \/>\n<meta property=\"og:type\" content=\"article\" \/>\n<meta property=\"og:title\" content=\"Deklaracja RODO | mobilet.pl\" \/>\n<meta property=\"og:description\" content=\"Zapoznaj si\u0119 z informacjami na temat zasad przetwarzania danych osobowych, zgodnie z przepisami og\u00f3lnego rozporz\u0105dzenie o ochronie danych.\" \/>\n<meta property=\"og:url\" content=\"https:\/\/mobilet.eu\/pl\/rodo\/\" \/>\n<meta property=\"og:site_name\" content=\"mobilet.pl\" \/>\n<meta property=\"article:modified_time\" content=\"2024-10-21T06:57:52+00:00\" \/>\n<meta property=\"og:image\" content=\"https:\/\/mobilet.eu\/pl\/wp-content\/uploads\/sites\/6\/2024\/07\/prawo-mobilet.jpg\" \/>\n\t<meta property=\"og:image:width\" content=\"1920\" \/>\n\t<meta property=\"og:image:height\" content=\"960\" \/>\n\t<meta property=\"og:image:type\" content=\"image\/jpeg\" \/>\n<meta name=\"twitter:card\" content=\"summary_large_image\" \/>\n<meta name=\"twitter:label1\" content=\"Szacowany czas czytania\" \/>\n\t<meta name=\"twitter:data1\" content=\"5 minut\" \/>\n<script type=\"application\/ld+json\" class=\"yoast-schema-graph\">{\"@context\":\"https:\\\/\\\/schema.org\",\"@graph\":[{\"@type\":\"WebPage\",\"@id\":\"https:\\\/\\\/mobilet.eu\\\/pl\\\/rodo\\\/\",\"url\":\"https:\\\/\\\/mobilet.eu\\\/pl\\\/rodo\\\/\",\"name\":\"Deklaracja RODO | mobilet.pl\",\"isPartOf\":{\"@id\":\"https:\\\/\\\/mobilet.eu\\\/pl\\\/#website\"},\"primaryImageOfPage\":{\"@id\":\"https:\\\/\\\/mobilet.eu\\\/pl\\\/rodo\\\/#primaryimage\"},\"image\":{\"@id\":\"https:\\\/\\\/mobilet.eu\\\/pl\\\/rodo\\\/#primaryimage\"},\"thumbnailUrl\":\"https:\\\/\\\/mobilet.eu\\\/pl\\\/wp-content\\\/uploads\\\/sites\\\/6\\\/2024\\\/07\\\/prawo-mobilet.jpg\",\"datePublished\":\"2024-07-18T11:01:10+00:00\",\"dateModified\":\"2024-10-21T06:57:52+00:00\",\"description\":\"Zapoznaj si\u0119 z informacjami na temat zasad przetwarzania danych osobowych, zgodnie z przepisami og\u00f3lnego rozporz\u0105dzenie o ochronie danych.\",\"breadcrumb\":{\"@id\":\"https:\\\/\\\/mobilet.eu\\\/pl\\\/rodo\\\/#breadcrumb\"},\"inLanguage\":\"pl-PL\",\"potentialAction\":[{\"@type\":\"ReadAction\",\"target\":[\"https:\\\/\\\/mobilet.eu\\\/pl\\\/rodo\\\/\"]}]},{\"@type\":\"ImageObject\",\"inLanguage\":\"pl-PL\",\"@id\":\"https:\\\/\\\/mobilet.eu\\\/pl\\\/rodo\\\/#primaryimage\",\"url\":\"https:\\\/\\\/mobilet.eu\\\/pl\\\/wp-content\\\/uploads\\\/sites\\\/6\\\/2024\\\/07\\\/prawo-mobilet.jpg\",\"contentUrl\":\"https:\\\/\\\/mobilet.eu\\\/pl\\\/wp-content\\\/uploads\\\/sites\\\/6\\\/2024\\\/07\\\/prawo-mobilet.jpg\",\"width\":1920,\"height\":960,\"caption\":\"Znak paragrafu na tle niebieskiej \u015bciany z ornamentami Mobilet, symbolizuj\u0105cy informacje o przetwarzaniu danych osobowych na mobilet.pl\"},{\"@type\":\"BreadcrumbList\",\"@id\":\"https:\\\/\\\/mobilet.eu\\\/pl\\\/rodo\\\/#breadcrumb\",\"itemListElement\":[{\"@type\":\"ListItem\",\"position\":1,\"name\":\"Home\",\"item\":\"https:\\\/\\\/mobilet.eu\\\/pl\\\/\"},{\"@type\":\"ListItem\",\"position\":2,\"name\":\"Deklaracja RODO\"}]},{\"@type\":\"WebSite\",\"@id\":\"https:\\\/\\\/mobilet.eu\\\/pl\\\/#website\",\"url\":\"https:\\\/\\\/mobilet.eu\\\/pl\\\/\",\"name\":\"mobilet.pl\",\"description\":\"Mobilet - Mobilne p\u0142atno\u015bci za parkingi i komunikacj\u0119\",\"potentialAction\":[{\"@type\":\"SearchAction\",\"target\":{\"@type\":\"EntryPoint\",\"urlTemplate\":\"https:\\\/\\\/mobilet.eu\\\/pl\\\/?s={search_term_string}\"},\"query-input\":{\"@type\":\"PropertyValueSpecification\",\"valueRequired\":true,\"valueName\":\"search_term_string\"}}],\"inLanguage\":\"pl-PL\"}]}<\/script>\n<!-- \/ Yoast SEO plugin. -->","yoast_head_json":{"title":"Deklaracja RODO | mobilet.pl","description":"Zapoznaj si\u0119 z informacjami na temat zasad przetwarzania danych osobowych, zgodnie z przepisami og\u00f3lnego rozporz\u0105dzenie o ochronie danych.","robots":{"index":"index","follow":"follow","max-snippet":"max-snippet:-1","max-image-preview":"max-image-preview:large","max-video-preview":"max-video-preview:-1"},"canonical":"https:\/\/mobilet.eu\/pl\/rodo\/","og_locale":"pl_PL","og_type":"article","og_title":"Deklaracja RODO | mobilet.pl","og_description":"Zapoznaj si\u0119 z informacjami na temat zasad przetwarzania danych osobowych, zgodnie z przepisami og\u00f3lnego rozporz\u0105dzenie o ochronie danych.","og_url":"https:\/\/mobilet.eu\/pl\/rodo\/","og_site_name":"mobilet.pl","article_modified_time":"2024-10-21T06:57:52+00:00","og_image":[{"width":1920,"height":960,"url":"https:\/\/mobilet.eu\/pl\/wp-content\/uploads\/sites\/6\/2024\/07\/prawo-mobilet.jpg","type":"image\/jpeg"}],"twitter_card":"summary_large_image","twitter_misc":{"Szacowany czas czytania":"5 minut"},"schema":{"@context":"https:\/\/schema.org","@graph":[{"@type":"WebPage","@id":"https:\/\/mobilet.eu\/pl\/rodo\/","url":"https:\/\/mobilet.eu\/pl\/rodo\/","name":"Deklaracja RODO | mobilet.pl","isPartOf":{"@id":"https:\/\/mobilet.eu\/pl\/#website"},"primaryImageOfPage":{"@id":"https:\/\/mobilet.eu\/pl\/rodo\/#primaryimage"},"image":{"@id":"https:\/\/mobilet.eu\/pl\/rodo\/#primaryimage"},"thumbnailUrl":"https:\/\/mobilet.eu\/pl\/wp-content\/uploads\/sites\/6\/2024\/07\/prawo-mobilet.jpg","datePublished":"2024-07-18T11:01:10+00:00","dateModified":"2024-10-21T06:57:52+00:00","description":"Zapoznaj si\u0119 z informacjami na temat zasad przetwarzania danych osobowych, zgodnie z przepisami og\u00f3lnego rozporz\u0105dzenie o ochronie danych.","breadcrumb":{"@id":"https:\/\/mobilet.eu\/pl\/rodo\/#breadcrumb"},"inLanguage":"pl-PL","potentialAction":[{"@type":"ReadAction","target":["https:\/\/mobilet.eu\/pl\/rodo\/"]}]},{"@type":"ImageObject","inLanguage":"pl-PL","@id":"https:\/\/mobilet.eu\/pl\/rodo\/#primaryimage","url":"https:\/\/mobilet.eu\/pl\/wp-content\/uploads\/sites\/6\/2024\/07\/prawo-mobilet.jpg","contentUrl":"https:\/\/mobilet.eu\/pl\/wp-content\/uploads\/sites\/6\/2024\/07\/prawo-mobilet.jpg","width":1920,"height":960,"caption":"Znak paragrafu na tle niebieskiej \u015bciany z ornamentami Mobilet, symbolizuj\u0105cy informacje o przetwarzaniu danych osobowych na mobilet.pl"},{"@type":"BreadcrumbList","@id":"https:\/\/mobilet.eu\/pl\/rodo\/#breadcrumb","itemListElement":[{"@type":"ListItem","position":1,"name":"Home","item":"https:\/\/mobilet.eu\/pl\/"},{"@type":"ListItem","position":2,"name":"Deklaracja RODO"}]},{"@type":"WebSite","@id":"https:\/\/mobilet.eu\/pl\/#website","url":"https:\/\/mobilet.eu\/pl\/","name":"mobilet.pl","description":"Mobilet - Mobilne p\u0142atno\u015bci za parkingi i komunikacj\u0119","potentialAction":[{"@type":"SearchAction","target":{"@type":"EntryPoint","urlTemplate":"https:\/\/mobilet.eu\/pl\/?s={search_term_string}"},"query-input":{"@type":"PropertyValueSpecification","valueRequired":true,"valueName":"search_term_string"}}],"inLanguage":"pl-PL"}]}},"_links":{"self":[{"href":"https:\/\/mobilet.eu\/pl\/wp-json\/wp\/v2\/pages\/615","targetHints":{"allow":["GET"]}}],"collection":[{"href":"https:\/\/mobilet.eu\/pl\/wp-json\/wp\/v2\/pages"}],"about":[{"href":"https:\/\/mobilet.eu\/pl\/wp-json\/wp\/v2\/types\/page"}],"author":[{"embeddable":true,"href":"https:\/\/mobilet.eu\/pl\/wp-json\/wp\/v2\/users\/2"}],"replies":[{"embeddable":true,"href":"https:\/\/mobilet.eu\/pl\/wp-json\/wp\/v2\/comments?post=615"}],"version-history":[{"count":4,"href":"https:\/\/mobilet.eu\/pl\/wp-json\/wp\/v2\/pages\/615\/revisions"}],"predecessor-version":[{"id":1948,"href":"https:\/\/mobilet.eu\/pl\/wp-json\/wp\/v2\/pages\/615\/revisions\/1948"}],"wp:featuredmedia":[{"embeddable":true,"href":"https:\/\/mobilet.eu\/pl\/wp-json\/wp\/v2\/media\/614"}],"wp:attachment":[{"href":"https:\/\/mobilet.eu\/pl\/wp-json\/wp\/v2\/media?parent=615"}],"curies":[{"name":"wp","href":"https:\/\/api.w.org\/{rel}","templated":true}]}}